{"id":771,"date":"2015-06-26T09:59:18","date_gmt":"2015-06-26T08:59:18","guid":{"rendered":"http:\/\/www.marianistes.com\/documentation\/?post_type=ht_kb&#038;p=771"},"modified":"2016-02-05T17:49:47","modified_gmt":"2016-02-05T16:49:47","slug":"bicentenaire-de-la-naissance-dadele-de-batz-de-trenquelleon","status":"publish","type":"ht_kb","link":"https:\/\/www.marianistes.com\/documentation\/docs\/bicentenaire-de-la-naissance-dadele-de-batz-de-trenquelleon\/","title":{"rendered":"Bicentenaire de la naissance d\u2019Ad\u00e8le de Batz de Trenquell\u00e9on"},"content":{"rendered":"<h2 id=\"celebration-du-bicentenaire-de-la-naissance-dadele-de-batz-de-trenquelleon\" >C\u00e9l\u00e9bration du Bicentenaire de la naissance d\u2019Ad\u00e8le de Batz de Trenquell\u00e9on<\/h2>\n<h4 id=\"le-10-juin-1989-a-la-cathedrale-dagen-homelie-de-monseigneur-saint-gaudens\" >Le 10 Juin 1989 \u00e0\u00a0la Cath\u00e9drale d\u2019Agen &#8211;\u00a0Hom\u00e9lie de Monseigneur Saint-Gaudens<\/h4>\n<p>Les membres de la Famille Marianiste, qui ont pr\u00e9par\u00e9 cette c\u00e9l\u00e9bration, nous ont propos\u00e9 d\u2019\u00e9couter l\u2019Evangile qui vient de nous \u00eatre lu\u00a0: ce sont les derni\u00e8res paroles de J\u00e9sus \u00e0 ses disciples. C\u2019est donc \u00e0 la lumi\u00e8re de ces paroles de J\u00e9sus que je voudrais renouveler avec vous l\u2019intelligence du message que Dieu a voulu donner \u00e0 son Eglise par la vie, les \u00e9crits et l\u2019\u0153uvre de M\u00e8re Ad\u00e8le de Batz de Trenquell\u00e9on.<\/p>\n<p>C\u2019est \u00e0 l\u2019\u00e9cole de la Vierge Marie qu\u2019elle nous invite, comme elle, \u00e0 accueillir l\u2019Evangile du Christ J\u00e9sus dans toute notre vie\u00a0:<\/p>\n<p><em>\u00ab\u00a0Tout pouvoir m\u2019a \u00e9t\u00e9 donn\u00e9 au Ciel et sur la terre.\u00a0\u00bb<\/em><\/p>\n<p>C\u2019est \u00e0 l\u2019\u00e9cole de la Vierge Marie, qu\u2019elle nous invite \u00e0 accueillir, comme elle, tout l\u2019Evangile\u00a0:<\/p>\n<p><em>\u00ab\u00a0Apprenez-leur tout ce que je vous ai enseign\u00e9.\u00a0\u00bb<\/em><\/p>\n<p>C\u2019est \u00e0 l\u2019\u00e9cole de la Vierge Marie, qu\u2019elle nous invite, comme elle, \u00e0 prendre notre part dans la mission de l\u2019Eglise, pour que l\u2019Evangile soit annonc\u00e9 \u00e0 tous les hommes\u00a0:<\/p>\n<p><em>\u00ab\u00a0De tous les peuples faites des disciples.\u00a0\u00bb<\/em><\/p>\n<p>C\u2019est \u00e0 l\u2019\u00e9cole de la Vierge Marie, qu\u2019elle nous invite \u00e0 vivre nous-m\u00eames l\u2019Evangile aujourd\u2019hui et \u00e0 le proposer aux hommes et aux femmes d\u2019aujourd\u2019hui\u00a0:<\/p>\n<p><em>\u00ab\u00a0Je suis avec vous tous les jours jusqu\u2019\u00e0 la fin du monde.\u00a0\u00bb<\/em><\/p>\n<p>Reprenons ces quelques consignes du Seigneur si merveilleusement v\u00e9cues par M\u00e8re Ad\u00e8le de Batz de Trenquell\u00e9on.<\/p>\n<p>&#8211; L\u2019Evangile propose par le Christ J\u00e9sus, dans toute notre vie, sans en excepter aucun secteur, aucun domaine.<\/p>\n<p>C\u2019est dans la contemplation de la Vierge Marie qu\u2019Ad\u00e8le de Batz de Trenquell\u00e9on a re\u00e7u cette gr\u00e2ce, la gr\u00e2ce de ne laisser aucun secteur de sa vie comme \u00e0 l\u2019\u00e9cart de la lumi\u00e8re de l\u2019Evangile et de l\u2019accueil de l\u2019Evangile. Je laisse la parole \u00e0 notre s\u0153ur.<\/p>\n<p><em>\u00ab\u00a0Votre impuissance sera le si\u00e8ge de la toute puissance du Seigneur. Il regardera votre bassesse et fera son \u0153uvre en vous et par vous. Alors aimons Dieu et rien ne nous co\u00fbtera\u00a0; l\u2019amour rend tout ais\u00e9, tout facile.\u00a0\u00bb<\/em> et encore\u00a0:<\/p>\n<p><em>\u00ab\u00a0Menons une vie commune en apparence, mais surnaturelle par les motifs dont nous t\u00e2cherons d\u2019animer toutes nos actions. Alors les moindres deviendront m\u00e9ritoires. Faisons tout pour Dieu et alors tout sera pri\u00e8re\u00a0: mangeons, parlons, travaillons, souffrons pour Dieu.\u00a0\u00bb<\/em><\/p>\n<blockquote><p>\u00ab\u00a0Seigneur, je vous offre tout ce que je suis. Notre c\u0153ur n\u2019est fait que pour Dieu. \u00d4 mon Dieu, prenez mon c\u0153ur, prenez-le, gardez-le.\u00a0\u00bb<\/p><\/blockquote>\n<p><em>\u00ab\u00a0Qu\u2019il r\u00e8gne seul dans notre c\u0153ur. Qu\u2019il en soumette toutes les affections et tous les mouvements. Tout lui appartient, c\u2019est Lui qui nous a cr\u00e9\u00e9s, rendons-lui donc ce qui est \u00e0 Lui. Aimons-Le en tout temps et dans toutes les situations\u00a0: quand il nous console et quand il nous afflige, dans l\u2019abondance et dans la pauvret\u00e9, dans la solitude et dans les compagnies.\u00a0\u00bb<\/em><\/p>\n<p>On n\u2019en finirait pas de citer de pareilles paroles, fortes, de M\u00e8re Ad\u00e8le de Batz de Trenquell\u00e9on. Pensons \u00e0 la difficult\u00e9 que nous avons nous-m\u00eames \u00e0 accueillir ainsi l\u2019Evangile, sans r\u00e9serve, dans tout ce qui fait notre vie. L\u2019Evangile dans toute la vie\u00a0! Sans nous laisser arr\u00eater par la pens\u00e9e de nos d\u00e9faillances, de nos faiblesses, de nos limites. Elle en avait une claire conscience, et elle dit\u00a0: <em>\u00ab\u00a0Le vrai humble se supporte avec ses mis\u00e8res, il ne se d\u00e9courage pas de sa faiblesse, il n\u2019est pas \u00e9tonn\u00e9 mais il esp\u00e8re tout du secours de Dieu. Ne cessons de demander la gr\u00e2ce, avec une ferme confiance en Celui qui a tout entre ses mains et qui r\u00e9pand ses dons sur les plus humbles.\u00a0\u00bb<\/em><\/p>\n<p>Je fais ici une parenth\u00e8se\u00a0: vous avez peut-\u00eatre remarqu\u00e9, en \u00e9coutant les paroles que je viens de citer, l\u2019insistance sur \u00ab tout\u00a0\u00bb\u00a0: nous pouvons faire la m\u00eame remarque dans les enseignements du Seigneur. J\u2019ai parcouru les \u00e9crits de M\u00e8re Ad\u00e8le. Ce serait une \u00e9tude fort int\u00e9ressante \u00e0 faire que de noter tous les\u00a0: tout \u2013 tous \u2013 toujours \u2013 tous les jours, qu\u2019elle accumule. C\u2019est un des traits caract\u00e9ristiques de son message\u00a0: elle nous appelle ainsi \u00e0 une conversion qui nous entra\u00eene toujours plus loin \u00e0 la suite du Christ J\u00e9sus, \u00e0 l\u2019\u00e9cole de la Vierge Marie. Ce qu\u2019elle a propos\u00e9 aux membres de sa famille spirituelle et ce qu\u2019elle propose \u00e0 nous tous en nous invitant \u00e0 nous consacrer totalement \u00e0 la Vierge Marie.<\/p>\n<p>Nous consacrant \u00e0 la Vierge Marie, nous sommes par l\u00e0 sur la route pour nous consacrer \u00e0 la mani\u00e8re qui soit au Christ J\u00e9sus, sans rien garder pour nous.<\/p>\n<blockquote><p>L\u2019Evangile dans toute notre vie\u2026 Tout l\u2019Evangile dans toute notre vie.<\/p><\/blockquote>\n<p>Contre la tentation de choisir dans l\u2019Evangile ce qui nous convient et ce qui ne nous d\u00e9range pas. Ici, encore, la contemplation de la Vierge Marie a aid\u00e9 M\u00e8re Ad\u00e8le \u00e0 vivre elle-m\u00eame cet accueil int\u00e9gral de l\u2019Evangile et \u00e0 nous le proposer. Pensons \u00e0 la parole de la Vierge Marie le jour des noces de Cana.<em> \u00ab\u00a0Faites tout ce qu\u2019il vous dira.\u00a0\u00bb<\/em> Tout ce qu\u2019il vous dira\u00a0! Ne choisissez pas. Voici encore quelques paroles de M\u00e8re Ad\u00e8le\u00a0:<\/p>\n<p>Aimons \u00e0 r\u00e9p\u00e9ter cette belle parole de Marie\u00a0: <em>\u00ab\u00a0Je suis la servante du Seigneur.\u00a0\u00bb Soyons vraiment des servantes pr\u00eates \u00e0 accomplir toutes les volont\u00e9s de notre Ma\u00eetre.\u00a0\u00bb<\/em><\/p>\n<p>M\u00e8re Ad\u00e8le qui a v\u00e9cu intens\u00e9ment cet accueil de tout l\u2019Evangile l\u2019a puis\u00e9 dans la contemplation des myst\u00e8res de la Vierge Marie, \u00e0 la mani\u00e8re de Saint Fran\u00e7ois, \u00e0 la mani\u00e8re de Sain Ignace. Elle demande aux premiers membres de sa famille spirituelle de consacrer beaucoup de temps \u00e0 la contemplation des myst\u00e8res de la Vierge Marie.<\/p>\n<p><em>\u00ab\u00a0Ayons une grande d\u00e9votion \u00e0 Marie. Appelez-la souvent.\u00a0\u00bb<\/em><\/p>\n<p>En particulier, elle propose, tous les samedis du car\u00eame, un quart d\u2019heure <em>\u00ab\u00a0\u00e0 la regarder et \u00e0 la prier de nous regarder.\u00a0\u00bb<\/em><\/p>\n<p>La regarder\u00a0! Comme ce message de M\u00e8re Ad\u00e8le est proche, dans la m\u00eame inspiration mariale, du message de Sainte Jeanne de France qui dit, &#8211; comme M\u00e8re Ad\u00e8le aurait pu le dire \u00e0 ses filles marianistes-\u00a0:<\/p>\n<p><em>\u00ab\u00a0Si vous n\u2019aviez comme R\u00e8gle de vie que l\u2019Evangile et ce que dit l\u2019Evangile de la Vierge Marie, cela vous suffit.\u00a0\u00bb<\/em><\/p>\n<p>C\u2019est dans la contemplation de la Vierge Marie \u00ab\u00a0servante du Seigneur\u00a0\u00bb que M\u00e8re Ad\u00e8le a puis\u00e9 cet appel \u00e0 accueillir tout l\u2019Evangile dans l\u2019attitude de servante.<\/p>\n<h3 id=\"tout-levangile-dans-toute-notre-vie-propose-a-tous-les-hommes\" >Tout l\u2019Evangile dans toute notre vie, propos\u00e9 \u00e0 tous les hommes.<\/h3>\n<p>M\u00e8re Ad\u00e8le a eu la gr\u00e2ce de regarder Marie comme M\u00e8re de J\u00e9sus et notre M\u00e8re. M\u00e8re de tous les hommes, sans en excepter aucun. Ici nous pensons \u00e0 nos tentations de priorit\u00e9 ou m\u00eame d\u2019exclusion, sinon dans nos paroles, du moins dans nos attitudes. Dans le monde et dans notre pays, nous connaissons la difficult\u00e9 consid\u00e9rable de vivre ensemble, membres de la famille humaine si bigarr\u00e9e\u00a0: peuples d\u2019origines et d\u2019histoires si diff\u00e9rentes, marqu\u00e9s par des cultures et des religions si diverses. Devant cette situation se pr\u00e9sente \u00e0 nous la tentation de nous replier sur nous-m\u00eames, au lieu d\u2019ouvrir nos c\u0153urs aux dimensions du c\u0153ur de la Vierge marie et du c\u0153ur de J\u00e9sus qui ne font aucune distinction entre les divers membres de la famille humaine.<\/p>\n<h4 id=\"ecoutons-mere-adele\" >Ecoutons M\u00e8re Ad\u00e8le<\/h4>\n<p><em>\u00ab\u00a0Imitons la charit\u00e9 de notre divine M\u00e8re, et, \u00e0 son exemple, rendons, de bonne gr\u00e2ce, \u00e0 tous nos fr\u00e8res, les services qui seront en notre pouvoir pour le corps et pour l\u2019\u00e2me. Nous devons \u00eatre de petits ap\u00f4tres, mais commen\u00e7ons par nous surtout, l\u2019exemple est la meilleur pr\u00e9dication. Vous savez que les ap\u00f4tres, au sortir du C\u00e9nacle, furent des hommes tout chang\u00e9s\u00a0: ils s\u2019en all\u00e8rent pr\u00eacher et convertir toutes les nation. Pour nous, t\u00e2chons, par nos exemples, nos conseils, donner \u00e0 propos, de contribuer au salut des \u00e2mes.\u00a0\u00bb<\/em><\/p>\n<p><strong>&#8211; Enfin, tout l\u2019Evangile dans toute notre vie, propos\u00e9 \u00e0 tous les hommes, tous les jours, dans l\u2019aujourd\u2019hui de Dieu.<\/strong><\/p>\n<p>C\u2019est en particulier dans la contemplation de la maternit\u00e9 de la Vierge Marie que M\u00e8re Ad\u00e8le, qui a connu la tourmente r\u00e9volutionnaire et les ann\u00e9es de d\u00e9sordre qui ont suivi, c\u2019est dans la contemplation de la maternit\u00e9 de la Vierge Marie qu\u2019elle a compris, qu\u2019il s\u2019agissait, non pas de r\u00eaver au pass\u00e9, mais de vivre l\u2019Evangile et la mission dans l\u2019aujourd\u2019hui de Dieu\u00a0:<\/p>\n<p><em>\u00ab\u00a0Nous sommes \u00e0 elle<\/em> \u2013 dit-elle \u2013 <em>il faut donc avoir pour elle un c\u0153ur d\u2019enfant, recourir souvent \u00e0 elle avec la confiance qu\u2019inspire la plus tendre des m\u00e8res. Ne cessons de remercier Dieu de tous les bienfaits dont il nous comble journellement aujourd\u2019hui et rendons-lui de grandes actions de gr\u00e2ce car il nous tient par la main d\u2019une mani\u00e8re toute particuli\u00e8re.\u00a0\u00bb<\/em><\/p>\n<p><strong>Et \u00e0 partir de la contemplation de la Croix aupr\u00e8s de la Vierge\u00a0:<\/strong><\/p>\n<p><em>\u00ab\u00a0Le bon Dieu a ses desseins en tout et croyez qu\u2019il sait tirer profit de tout, m\u00eame du p\u00e9ch\u00e9\u00a0; Dieu, dans son immense amour, au c\u0153ur de nos vies, le tourne \u00e0 notre bien.<\/em><\/p>\n<p><em>C\u2019est apr\u00e8s les grands choix qu\u2019arrivent les grandes gr\u00e2ces. Jetons-nous dans les bras de Dieu. \u00d4 mon Dieu, que je ne me s\u00e9pare jamais de vous. Oh\u00a0! Qui pourra me s\u00e9parer de l\u2019amour de J\u00e9sus Christ, seraient-ce les maladies, les souffrances, la mort\u00a0? Non, rien ne nous s\u00e9parera de son amour. Dieu nous comble chaque jour de nouveaux bienfaits, r\u00e9veillons donc tous les jours le feu de notre amour.\u00a0\u00bb<\/em><\/p>\n<p>Sans faire de commentaire, nous voyons \u00e0 l\u2019\u00e9vidence l\u2019actualit\u00e9 du message de M\u00e8re Ad\u00e8le de Batz de Trenquell\u00e9on. C\u2019\u00e9tait une autre \u00e9poque, mais une \u00e9poque bien troubl\u00e9e aussi et qui a connu tant et tant de trag\u00e9dies sur notre terre de France.<\/p>\n<p>En \u00e9coutant ces paroles, chacun de nous n\u2019a pas eu de peine, certainement, \u00e0 les accueillir au c\u0153ur de sa vie aujourd\u2019hui.<\/p>\n<p>Comme M\u00e8re Ad\u00e8le nous aide, avec la gr\u00e2ce de Dieu et l\u2019action maternelle de la Vierge Marie, \u00e0 repousser loin de nous la tentation qui nous guette de vivre l\u2019Evangile dans certains secteurs de notre vie au lieu d\u2019accueillir l\u2019Evangile, quoi qu\u2019il nous en co\u00fbte, dans toute notre vie\u00a0; la tentation de choisir dans l\u2019Evangile au lieu d\u2019accueillir tout ce que J\u00e9sus nous dit, comme la Vierge Marie\u00a0; la tentation, dans les faits, de nous trouver \u00e0 l\u2019aise entre ceux qui sont marqu\u00e9s d\u00e9j\u00e0 par le message de l\u2019Evangile et d\u2019avoir peur \u2013 reconnaissons-le \u2013 de tout ce que Dieu attend de nous pour que l\u2019Evangile soit, par nous, membre de son Eglise, propos\u00e9 \u00e0 toutes les nations sans en excepter aucune\u00a0; et enfin la tentation \u2013 parce que les temps que nous vivons sont certainement tr\u00e8s difficiles et qu\u2019ils vont le demeurer \u2013 la tentation de nous r\u00e9fugier dans le pass\u00e9 au lieu de vivre l\u2019aujourd\u2019hui de Dieu comme le Pape Jean-Paul II ne cesse de nous le rappeler\u00a0:<\/p>\n<p><em>\u00ab\u00a0Les temps les meilleurs<\/em> \u2013 a-t-il eu l\u2019audace de dire \u2013, <em>sont les temps que nous vivons\u00a0\u00bb<\/em> car c\u2019est aujourd\u2019hui que Dieu nous appelle \u00e0 la mission.<\/p>\n<p>Accueillons l\u2019Evangile aujourd\u2019hui au c\u0153ur de nos vies, comme M\u00e8re Ad\u00e8le a si bien su le faire et comme elle nous invite \u00e0 le vivre avec elle. Car la gr\u00e2ce de la famille marianiste que je viens, avec vous, de me rappeler, doit \u00eatre la gr\u00e2ce de toute l\u2019Eglise et de chacun d\u2019entre nous.<\/p>\n","protected":false},"author":122,"comment_status":"closed","ping_status":"closed","template":"","format":"standard","meta":{"footnotes":""},"ht_kb_category":[103],"ht_kb_tag":[126,121],"class_list":["post-771","ht_kb","type-ht_kb","status-publish","format-standard","hentry","ht_kb_category-bicentenaire-de-mere-adele","ht_kb_tag-adele","ht_kb_tag-homelie"],"_links":{"self":[{"href":"https:\/\/www.marianistes.com\/documentation\/wp-json\/wp\/v2\/ht_kb\/771"}],"collection":[{"href":"https:\/\/www.marianistes.com\/documentation\/wp-json\/wp\/v2\/ht_kb"}],"about":[{"href":"https:\/\/www.marianistes.com\/documentation\/wp-json\/wp\/v2\/types\/ht_kb"}],"author":[{"embeddable":true,"href":"https:\/\/www.marianistes.com\/documentation\/wp-json\/wp\/v2\/users\/122"}],"replies":[{"embeddable":true,"href":"https:\/\/www.marianistes.com\/documentation\/wp-json\/wp\/v2\/comments?post=771"}],"version-history":[{"count":2,"href":"https:\/\/www.marianistes.com\/documentation\/wp-json\/wp\/v2\/ht_kb\/771\/revisions"}],"predecessor-version":[{"id":784,"href":"https:\/\/www.marianistes.com\/documentation\/wp-json\/wp\/v2\/ht_kb\/771\/revisions\/784"}],"wp:attachment":[{"href":"https:\/\/www.marianistes.com\/documentation\/wp-json\/wp\/v2\/media?parent=771"}],"wp:term":[{"taxonomy":"ht_kb_category","embeddable":true,"href":"https:\/\/www.marianistes.com\/documentation\/wp-json\/wp\/v2\/ht_kb_category?post=771"},{"taxonomy":"ht_kb_tag","embeddable":true,"href":"https:\/\/www.marianistes.com\/documentation\/wp-json\/wp\/v2\/ht_kb_tag?post=771"}],"curies":[{"name":"wp","href":"https:\/\/api.w.org\/{rel}","templated":true}]}}