{"id":661,"date":"2015-05-22T15:29:17","date_gmt":"2015-05-22T14:29:17","guid":{"rendered":"http:\/\/www.marianistes.com\/documentation\/?post_type=ht_kb&#038;p=661"},"modified":"2016-02-05T11:21:51","modified_gmt":"2016-02-05T10:21:51","slug":"la-famille-marianiste-a-un-pere-et-une-mere","status":"publish","type":"ht_kb","link":"https:\/\/www.marianistes.com\/documentation\/docs\/la-famille-marianiste-a-un-pere-et-une-mere\/","title":{"rendered":"La famille marianiste a un p\u00e8re et une m\u00e8re !"},"content":{"rendered":"<p><strong>Nos fondateurs ont-ils eu d\u00e8s le d\u00e9part la vision de la famille marianiste telle que nous la connaissons aujourd\u2019hui\u00a0?<\/strong> Non, bien \u00e9videmment.<\/p>\n<p>Mais il est juste de dire que leurs initiatives ont donn\u00e9 le jour \u00e0 une \u0153uvre originale, \u00e9volutive, qui r\u00e9v\u00e8le aujourd\u2019hui encore sa f\u00e9condit\u00e9.<\/p>\n<h2 id=\"adele-et-chaminade-des-missionnaires\" >Ad\u00e8le et Chaminade\u00a0: des missionnaires\u00a0!<\/h2>\n<p>Guillaume-Joseph Chaminade et Ad\u00e8le, chacun \u00e0 leur mani\u00e8re, \u00e9taient missionnaires dans l\u2019\u00e2me, anim\u00e9s d\u2019un vif d\u00e9sir de propager la foi, de faire aimer le Christ, de reconstruire l\u2019Eglise de France malmen\u00e9e par la R\u00e9volution fran\u00e7aise.<\/p>\n<p>Dans une lettre adress\u00e9e \u00e0 Ad\u00e8le le 8 octobre1814, le fondateur \u00e9crit\u00a0: <em>\u201c\u00a0Je vais vous dire mon secret tout entier. Un p\u00e8re pourrait-il user encore de retenue envers une de ses filles qui s\u2019abandonne sans r\u00e9serve \u00e0 sa conduite\u00a0? Je rentrais en France, il y a quatorze ans, avec la qualit\u00e9 de missionnaire apostolique dans toute notre malheureuse patrie (\u2026)Je ne crus pas pouvoir mieux en exercer les fonctions que par l\u2019\u00e9tablissement d\u2019une Congr\u00e9gation telle que celle qui existe. Chaque congr\u00e9ganiste, de quelque sexe, de quelqu\u2019\u00e2ge, de quelqu\u2019\u00e9tat qu\u2019il soit, doit devenir un membre actif de la mission.\u00a0\u201d<\/em><\/p>\n<p>Ad\u00e8le fait \u00e9cho \u00e0 cette lettre dans un message adress\u00e9 \u00e0 Agathe Dich\u00e9 le 13 octobre\u00a0: <em>\u201c\u00a0M Laumont vous aura, j\u2019esp\u00e8re, fait voir une belle lettre que j\u2019ai re\u00e7ue de M. Chaminade et qui nous marque le but de sa Congr\u00e9gation\u00a0: qui est d\u2019\u00eatre de petites Missionnaires, chacune dans notre \u00e9tat. Je vous avoue, ma ch\u00e8re amie, que ce terme m\u2019exalte. Allons donc, ch\u00e8re amie, regardons-nous destin\u00e9es \u00e0 procurer par tous les moyens possibles, la gloire de Dieu et le salut du prochain.\u00a0\u201d<\/em><\/p>\n<p>Ad\u00e8le et Chaminade partagent donc la m\u00eame intuition\u00a0: faire des baptis\u00e9s des membres actifs de la mission. En 1806, le P\u00e8re Chaminade note\u00a0:<em> \u201c\u00a0La Congr\u00e9gation est une soci\u00e9t\u00e9 de fervents chr\u00e9tiens qui en vue d\u2019imiter les chr\u00e9tiens de la primitive Eglise essaient dans leurs fr\u00e9quentes rencontres d\u2019avoir un seul c\u0153ur et une seule \u00e2me et de former une seule et m\u00eame famille.\u00a0\u201d<\/em><\/p>\n<h2 id=\"adele-et-chaminade-a-lecoute-lun-de-lautre-et-a-lecoute-de-lesprit\" >Ad\u00e8le et Chaminade \u00e0 l\u2019\u00e9coute l\u2019un de l\u2019autre et \u00e0 l\u2019\u00e9coute de l\u2019Esprit<\/h2>\n<p>Le premier contact entre les deux fondateurs date de 1808. A partir de ce moment, les \u00e9changes \u00e9pistolaires sont fr\u00e9quents et r\u00e9v\u00e8lent de quelle mani\u00e8re tous deux s\u2019\u00e9clairent mutuellement.<\/p>\n<p>Lorsqu\u2019Ad\u00e8le re\u00e7oit le \u201c\u00a0Manuel du serviteur de Marie\u00a0\u201d que lui envoie le P\u00e8re Chaminade, elle fait part de ses d\u00e9couvertes \u00e0 son amie Agathe Dich\u00e9\u00a0:<em> \u201c\u00a0Que j\u2019aime (\u2026), ma tr\u00e8s ch\u00e8re amie,, ces belles instructions, ces beaux cantiques en l\u2019honneur de Marie\u00a0! Nous avons donc le bonheur d\u2019\u00eatre ses enfants, membres de sa famille privil\u00e9gi\u00e9e. Oh\u00a0! confions-nous donc \u00e0 cette tendre m\u00e8re, elle est le refuge des p\u00e9cheurs.\u00a0\u201d<\/em> (lettre du 19 janvier 1809)<\/p>\n<p>Cependant, Ad\u00e8le et quelques amies portent en elles un \u2018cher projet\u2019\u00a0: celui de la vie religieuse. Le P\u00e8re Chaminade, soucieux de voir si ce projet peut ou non servir le d\u00e9veloppement de la Congr\u00e9gation lui pose donc une question\u00a0: <em>\u201c\u00a0Ecrivez-moi, ma ch\u00e8re Enfant, si votre d\u00e9sir d\u2019\u00eatre religieuse renferme les vues et les sentiments d\u2019une petite missionnaire.\u201d<\/em> Lui -m\u00eame aurait la pr\u00e9f\u00e9rence pour une vie consacr\u00e9e en plein monde, inconnue du public et dont le but serait d\u2019animer et de diriger la congr\u00e9gation et \u00e0 travers elle de multiplier les chr\u00e9tiens.<\/p>\n<p>Le 30 ao\u00fbt 1814, le P\u00e8re Chaminade \u00e9crit\u00a0:<em> \u201c\u00a0Certains veulent vivre dans une communaut\u00e9 r\u00e9guli\u00e8re, abandonnant toute affaire temporelle\u00a0: il faut suivre cette inspiration.\u00a0\u201d<\/em><\/p>\n<p>En conclusion\u00a0: Ad\u00e8le et Chaminade, disponibles \u00e0 l\u2019Esprit ont donn\u00e9 naissance \u00e0 la famille marianiste. A notre tour d\u2019\u00eatre \u00e0 l\u2019\u00e9coute de ce m\u00eame Esprit pour permettre \u00e0 cette famille de porter des fruits spirituels pour le monde et l\u2019Eglise du 21<sup>e<\/sup> si\u00e8cle\u00a0!<\/p>\n","protected":false},"author":131,"comment_status":"open","ping_status":"open","template":"","format":"standard","meta":{"footnotes":""},"ht_kb_category":[154],"ht_kb_tag":[],"class_list":["post-661","ht_kb","type-ht_kb","status-publish","format-standard","hentry","ht_kb_category-famille-marianiste"],"_links":{"self":[{"href":"https:\/\/www.marianistes.com\/documentation\/wp-json\/wp\/v2\/ht_kb\/661"}],"collection":[{"href":"https:\/\/www.marianistes.com\/documentation\/wp-json\/wp\/v2\/ht_kb"}],"about":[{"href":"https:\/\/www.marianistes.com\/documentation\/wp-json\/wp\/v2\/types\/ht_kb"}],"author":[{"embeddable":true,"href":"https:\/\/www.marianistes.com\/documentation\/wp-json\/wp\/v2\/users\/131"}],"replies":[{"embeddable":true,"href":"https:\/\/www.marianistes.com\/documentation\/wp-json\/wp\/v2\/comments?post=661"}],"version-history":[{"count":1,"href":"https:\/\/www.marianistes.com\/documentation\/wp-json\/wp\/v2\/ht_kb\/661\/revisions"}],"predecessor-version":[{"id":1483,"href":"https:\/\/www.marianistes.com\/documentation\/wp-json\/wp\/v2\/ht_kb\/661\/revisions\/1483"}],"wp:attachment":[{"href":"https:\/\/www.marianistes.com\/documentation\/wp-json\/wp\/v2\/media?parent=661"}],"wp:term":[{"taxonomy":"ht_kb_category","embeddable":true,"href":"https:\/\/www.marianistes.com\/documentation\/wp-json\/wp\/v2\/ht_kb_category?post=661"},{"taxonomy":"ht_kb_tag","embeddable":true,"href":"https:\/\/www.marianistes.com\/documentation\/wp-json\/wp\/v2\/ht_kb_tag?post=661"}],"curies":[{"name":"wp","href":"https:\/\/api.w.org\/{rel}","templated":true}]}}