{"id":500,"date":"2015-05-20T16:44:47","date_gmt":"2015-05-20T15:44:47","guid":{"rendered":"http:\/\/www.marianistes.com\/documentation\/?post_type=ht_kb&#038;p=500"},"modified":"2016-02-03T18:04:51","modified_gmt":"2016-02-03T17:04:51","slug":"la-pedagogie-de-marie","status":"publish","type":"ht_kb","link":"https:\/\/www.marianistes.com\/documentation\/docs\/la-pedagogie-de-marie\/","title":{"rendered":"La p\u00e9dagogie de Marie"},"content":{"rendered":"<h2 id=\"deux-scenes-de-levangile-la-presentation-de-jesus-et-les-noces-de-cana-nous-aideront-a-decouvrir-la-pedagogie-de-marie\" >Deux sc\u00e8nes de l\u2019Evangile\u00a0: la pr\u00e9sentation de J\u00e9sus et les noces de Cana nous aideront \u00e0 d\u00e9couvrir la p\u00e9dagogie de Marie<\/h2>\n<p>Regardons-la au Temple lorsqu\u2019elle retrouve J\u00e9sus. Jusque l\u00e0 comme toute maman juive, elle l\u2019a \u00e9duqu\u00e9 \u00e0 la pri\u00e8re, aux coutumes juives. Marie et Joseph se sont rendus \u00e0 J\u00e9rusalem. Cette fois, J\u00e9sus les a accompagn\u00e9s. Ensemble ils ont pass\u00e9 les sept jours de la P\u00e2que. La f\u00eate termin\u00e9e, ils ont pris le chemin de retour. Marie fait confiance \u00e0 son fils. N\u2019est-il pas d\u00e9sormais majeur selon la Loi\u00a0? Mais, \u00e0 l\u2019\u00e9tape, \u00e0 l\u2019\u00e9vidence, Il n\u2019est pas l\u00e0\u00a0!<\/p>\n<p>Inquiets, ils retournent \u00e0 J\u00e9rusalem et le trouvent \u00e9coutant et interrogeant les docteurs de la Loi. Il ne leur a rien dit. Quel choc\u00a0!<\/p>\n<p>Marie prend la parole\u00a0: <em>\u00ab\u00a0mon enfant, pourquoi nous as-tu fait cela\u00a0?\u00a0Vois, ton p\u00e8re et moi, nous te cherchions, angoiss\u00e9s.\u00a0\u00bb<\/em><\/p>\n<p>Elle questionne, veut comprendre. Elle dit \u00e0 la fois sa responsabilit\u00e9 (J\u00e9sus lui a \u00e9t\u00e9 confi\u00e9. Il est son fils) et leur souffrance \u00e0 tous deux (l\u2019angoisse de ces jours de recherche).<\/p>\n<p>Elle ne fait aucun reproche. L\u2019attitude de J\u00e9sus la surprend. Il r\u00e9pond\u00a0: <em>\u00ab\u00a0Ne saviez-vous pas que je me dois aux affaires de mon P\u00e8re\u00a0?\u00a0\u00bb.<\/em><\/p>\n<p><em>\u00ab\u00a0Ne saviez-vous pas\u00a0?\u00a0\u00bb<\/em> J\u00e9sus fait appel \u00e0 ce qu\u2019ils savent. Ils savent qu\u2019il est le Fils de Dieu. Ils ont \u00e0 aller plus loin dans l\u2019acceptation du projet du P\u00e8re. Comme J\u00e9sus ils doivent \u00eatre aux affaires du P\u00e8re.<\/p>\n<p>Marie se heurte au myst\u00e8re de son Fils, elle est renvoy\u00e9e \u00e0 la Parole de l\u2019ange. J\u00e9sus est \u00e0 la fois son enfant et le Fils de Dieu. Elle ne comprend pas mais elle entre dans le silence de l\u2019amour, silence d\u2019accueil, de respect du myst\u00e8re de l\u2019autre. Nouveau oui \u00e0 sa vocation, \u00e0 la mission de son fils.<\/p>\n<p>Dans l\u2019\u00e9ducation, il nous arrive souvent d\u2019\u00eatre confront\u00e9s au myst\u00e8re de la personne. Certes, il y a des attitudes qu\u2019il faut questionner. Marie nous apprend \u00e0 le faire calmement sans d\u00e9buter par des reproches, dans une attitude de disponibilit\u00e9 pour entendre une r\u00e9ponse que nous ne comprenons pas toujours, r\u00e9ponse \u00e0 garder dans notre c\u0153ur, notre pri\u00e8re. Elle nous enseigne que nos enfants sont nos enfants mais aussi les enfants de Dieu qui a un projet pour chacun, projet qui nous d\u00e9passe et sur lequel nous ne pouvons pas avoir prise.<\/p>\n<p><em>\u00ab\u00a0Il y eut des noces, \u00e0 Cana, et\u00a0la m\u00e8re de J\u00e9sus \u00e9tait l\u00e0.\u00a0\u00bb<\/em> Nous d\u00e9couvrons l\u2019impact de la pr\u00e9sence de Marie. Il y a des \u00eatres dont la pr\u00e9sence seule transforme un climat en bien ou en mal. Marie est l\u00e0, elle partage la joie de tous. La joie des noces, n\u2019est-ce pas l\u2019image que Dieu aime prendre pour parler de son amour pour son peuple\u00a0? Elle observe, attentive et discr\u00e8te. Le vin manque. Impossible de continuer la f\u00eate sans le vin qui r\u00e9jouit le c\u0153ur de l\u2019homme.<\/p>\n<p>Au fil des ann\u00e9es, elle a mieux per\u00e7u le myst\u00e8re de son Fils. Ne se doit-il pas aux affaires de son P\u00e8re\u00a0? N\u2019est-ce pas le moment de commencer sa mission\u00a0? Docile \u00e0 la motion de l\u2019Esprit, elle va vers lui et dit tout simplement ce qu\u2019elle a vu\u00a0: le manque de vin.<\/p>\n<p>Femme et m\u00e8re, elle ne s\u2019arr\u00eate pas \u00e0 sa r\u00e9ponse\u00a0: <em>\u00ab\u00a0mon heure n\u2019est pas encore venue\u00a0\u00bb.<\/em> Elle conna\u00eet son Fils. Intuitivement, elle saisit qu\u2019il est \u00e0 une \u00e9tape cruciale. Elle le respecte et, en m\u00eame temps, par son attitude, elle l\u2019entra\u00eene dans son oui \u00e0 la volont\u00e9 du P\u00e8re. Elle est tellement convaincue que J\u00e9sus va agir. Elle ignore ce qu\u2019il va d\u00e9cider. Qu\u2019importe. Elle donne un ordre aux serviteurs avec une telle autorit\u00e9 qu\u2019ils n\u2019h\u00e9sitent pas \u00e0 faire quelque chose de totalement incongru\u00a0: remplir d\u2019eau les cuves destin\u00e9es aux ablutions et servir le ma\u00eetre du repas.<\/p>\n<p>Marie s\u2019efface. Le ma\u00eetre du repas appelle le mari\u00e9, fait des \u00e9loges du vin. Marie ne dit rien. C\u2019est la femme de l\u2019effacement et du silence.<\/p>\n<p>La qualit\u00e9 de sa pr\u00e9sence nous interpelle. Jean nous met sur la piste en la nommant la premi\u00e8re\u00a0: c\u2019est elle qui compte, elle a pressenti que le moment \u00e9tait arriv\u00e9 pour J\u00e9sus de rompre avec elle pour se consacrer \u00e0 sa mission. Elle ne le retient pas, elle semble m\u00eame le pousser \u00e0 agir. Elle a pleinement confiance et encourage les autres \u00e0 faire de m\u00eame.<\/p>\n<p>Humblement, elle redescend \u00e0 Capharna\u00fcm avec J\u00e9sus et les siens. J\u00e9sus, pouss\u00e9 \u00e0 anticiper son Heure en accomplissant le signe du vin de l\u2019alliance, \u00e0 son tour, anticipe l\u2019heure de la m\u00e8re universelle en la prenant avec lui dans le groupe des disciples. La m\u00e8re de J\u00e9sus est avec eux.<\/p>\n<p>La p\u00e9dagogie de Marie c\u2019est la p\u00e9dagogie de la pr\u00e9sence.<\/p>\n<blockquote><p>Merci, Marie, pour ta pr\u00e9sence,<br \/>\nPr\u00e9sence silencieuse qui garde dans son c\u0153ur,<br \/>\nPr\u00e9sence qui cherche \u00e0 comprendre,<br \/>\nPr\u00e9sence qui adh\u00e8re \u00e0 la volont\u00e9 du P\u00e8re,<br \/>\nPr\u00e9sence pleine d\u2019amour,<br \/>\nPr\u00e9sence heureuse de la joie des mari\u00e9s et de leurs amis,<br \/>\nPr\u00e9sence attentive et discr\u00e8te,<br \/>\nPr\u00e9sence qui sait voir les manques,<br \/>\nPr\u00e9sence efficace qui agit au bon moment,<br \/>\nPr\u00e9sence ferme aupr\u00e8s de ton Fils,<br \/>\nPr\u00e9sence qui fait confiance,<br \/>\nPr\u00e9sence qui pousse \u00e0 la mission,<br \/>\nPr\u00e9sence contemplative,<br \/>\nPr\u00e9sence maternelle qui, avant l\u2019Heure, s\u2019ouvre aux disciples de ton Fils.<br \/>\nPr\u00e9sence qui partage leur chemin de foi.<br \/>\nOui, merci, Marie, pour ta pr\u00e9sence qui nous enseigne en nous accompagnant.<\/p><\/blockquote>\n","protected":false},"author":125,"comment_status":"closed","ping_status":"closed","template":"","format":"standard","meta":{"footnotes":""},"ht_kb_category":[116],"ht_kb_tag":[121],"class_list":["post-500","ht_kb","type-ht_kb","status-publish","format-standard","hentry","ht_kb_category-alliance-missionnaire","ht_kb_tag-homelie"],"_links":{"self":[{"href":"https:\/\/www.marianistes.com\/documentation\/wp-json\/wp\/v2\/ht_kb\/500"}],"collection":[{"href":"https:\/\/www.marianistes.com\/documentation\/wp-json\/wp\/v2\/ht_kb"}],"about":[{"href":"https:\/\/www.marianistes.com\/documentation\/wp-json\/wp\/v2\/types\/ht_kb"}],"author":[{"embeddable":true,"href":"https:\/\/www.marianistes.com\/documentation\/wp-json\/wp\/v2\/users\/125"}],"replies":[{"embeddable":true,"href":"https:\/\/www.marianistes.com\/documentation\/wp-json\/wp\/v2\/comments?post=500"}],"version-history":[{"count":2,"href":"https:\/\/www.marianistes.com\/documentation\/wp-json\/wp\/v2\/ht_kb\/500\/revisions"}],"predecessor-version":[{"id":1354,"href":"https:\/\/www.marianistes.com\/documentation\/wp-json\/wp\/v2\/ht_kb\/500\/revisions\/1354"}],"wp:attachment":[{"href":"https:\/\/www.marianistes.com\/documentation\/wp-json\/wp\/v2\/media?parent=500"}],"wp:term":[{"taxonomy":"ht_kb_category","embeddable":true,"href":"https:\/\/www.marianistes.com\/documentation\/wp-json\/wp\/v2\/ht_kb_category?post=500"},{"taxonomy":"ht_kb_tag","embeddable":true,"href":"https:\/\/www.marianistes.com\/documentation\/wp-json\/wp\/v2\/ht_kb_tag?post=500"}],"curies":[{"name":"wp","href":"https:\/\/api.w.org\/{rel}","templated":true}]}}