{"id":2946,"date":"2024-11-10T00:47:12","date_gmt":"2024-11-09T23:47:12","guid":{"rendered":"https:\/\/www.marianistes.com\/documentation\/?post_type=ht_kb&#038;p=2946"},"modified":"2024-11-10T00:47:13","modified_gmt":"2024-11-09T23:47:13","slug":"lettres-des-eleves-du-college-seminaire-de-mussidan-adressees-a-monsieur-dubois-de-fosseux-a-arras","status":"publish","type":"ht_kb","link":"https:\/\/www.marianistes.com\/documentation\/docs\/lettres-des-eleves-du-college-seminaire-de-mussidan-adressees-a-monsieur-dubois-de-fosseux-a-arras\/","title":{"rendered":"Lettres des \u00e9l\u00e8ves du coll\u00e8ge &#8211; s\u00e9minaire de Mussidan adress\u00e9es \u00e0 monsieur Dubois de Fosseux \u00e0 Arras"},"content":{"rendered":"\n<p><br \/>Archives d\u00e9partementales du Pas-de-Calais <br \/>32 J 3\/61 dossier 3 : Coll\u00e8ge Saint-Charles de Mussidan <br \/>Les \u00e9l\u00e8ves de Mussidan les plus m\u00e9ritants \u00e9taient mis en relation avec Ferdinand Dubois de Fosseux par le biais de Louis-Xavier Chaminade et peut-\u00eatre par Guillaume-Joseph. La correspondance qui en est r\u00e9sult\u00e9e fut pr\u00e9cieusement conserv\u00e9e par Dubois de Fosseux et se trouve aujourd\u2019hui aux Archives d\u00e9partementales du Pas-de-Calais. Ces lettres sont class\u00e9es par nom et par ordre alphab\u00e9tique (sauf une, celle de Langouran de Saint-Domingue, class\u00e9e par erreur \u00e0 Saint-Domingue qui est son lieu de naissance). Les lettres \u00e9taient regroup\u00e9es par l\u2019exp\u00e9diteur, et envoy\u00e9es avec sa correspondance. Ce d\u00e9tail \u00e9claire le fait que la date port\u00e9e sur les lettres des Chaminade et de leurs \u00e9l\u00e8ves ne soit pas toujours de la main de leur auteur, mais ajout\u00e9e lors de leur r\u00e9ception. <br \/>Le dossier contient 43 lettres, \u00e9manant de 20 \u00e9l\u00e8ves, envoy\u00e9es pendant l\u2019ann\u00e9e 1788 (sauf pour Bernard Daries dont la correspondance s\u2019\u00e9tale du 18 ao\u00fbt 1787 au 8 avril 1789). <br \/>La premi\u00e8re r\u00e9ponse des \u00e9l\u00e8ves \u00e0 Dubois de Fosseux n\u2019apporte g\u00e9n\u00e9ralement pas beaucoup de renseignements. Nous pouvons reconstituer une partie des questions qu\u2019il posait \u00e9l\u00e8ves : leur nom, leur \u00e2ge, s\u2019ils avaient encore leurs parents, s\u2019ils avaient des fr\u00e8res et soeurs et quelle \u00e9tait leur situation ainsi que celle de leurs parents, le lieu o\u00f9 ils habitaient avec un petit descriptif. Malheureusement, peu ont r\u00e9pondu \u00e0 ces questions, ne nous permettant pas de dresser un tableau de leurs origines sociales et g\u00e9ographiques. Sans conna\u00eetre leur pr\u00e9nom ni leur lieu de r\u00e9sidence, il est tr\u00e8s difficile de pouvoir les relier \u00e0 une famille et d\u2019\u00e9baucher leur notice biographique. Mes recherches ont \u00e9t\u00e9 vaines pour la majorit\u00e9 d\u2019entre eux. <br \/>Un des objectifs de Dubois de Fosseux \u00e9tait de mettre en relation les Mussidanais avec d\u2019autres jeunes, en particulier ses enfants. Il avait trois fils : Antoine-Joseph-Marie, n\u00e9 le 10 f\u00e9vrier 1771 ; Beno\u00eet-Marie-Louis, n\u00e9 le 17 juillet 1777 et Joseph-Marie-Ghislain, n\u00e9 le 1er mars 1779 ; \u00e0 plusieurs reprises, les jeunes gens font allusion \u00e0 ces enfants ou \u00e0 d\u2019autres contacts comme les de La Vacquerie ou Beno\u00eet de Froideval. <br \/>Certains \u00e9l\u00e8ves expriment leur \u00e9tonnement d\u2019avoir \u00e9t\u00e9 gratifi\u00e9s d\u2019une lettre venant de si loin et d\u2019un personnage si important. Ils regrettent de n\u2019avoir qu\u2019\u00e0 peine le temps d\u2019y r\u00e9pondre parce que l\u2019heure des vacances a sonn\u00e9. Pourquoi cette pr\u00e9cipitation et cet \u00e9tonnement ? : \u00ab J\u2019ai lu avec bien du plaisir, Monsieur, toutes les lettres que vous avez la bont\u00e9 d\u2019\u00e9crire \u00e0 nos jeunes gens. J\u2019ai pris \u00e0 cet \u00e9gard une libert\u00e9 dont je vais avoir l\u2019honneur de vous rendre compte. Vous n\u2019en serez pas f\u00e2ch\u00e9, je l\u2019esp\u00e8re, puisque vous verrez que j\u2019ai interpr\u00e9t\u00e9 votre intention qui n\u2019a d\u2019autre but que le plus grand bien de ces jeunes gens. Ceux qui ont remport\u00e9 les prix sont assez superbes de cet honneur, ceux qui n\u2019en ont pas remport\u00e9 sont au contraire humbles \u00e0 faire compassion. Comme il n\u2019y a point d\u2019imprimeur dans notre ville, il ne nous a pas \u00e9t\u00e9 permis de prolonger les compositions jusqu\u2019\u00e0 la fin de cette ann\u00e9e. C\u2019est un mois qu\u2019ils auraient cru avoir les uns et les autres, pour se d\u00e9lasser. Vous devinez presque ce que j\u2019ai fait : j\u2019ai gard\u00e9 ces lettres et les ai promises \u00e0 ceux qui se distingueraient le plus pendant ce dernier mois. Ce sont de nouveaux prix qui ne leur font pas moins de plaisir que ceux qu\u2019ils ont gagn\u00e9s ou perdus. Les r\u00e9ponses \u00e0 ces lettres ne seront, par cons\u00e9quent, que bien tardives, mais aussi quel fruit qu\u2019elles vont porter pendant tout ce mois d\u2019ao\u00fbt : il n\u2019y en a pas tant dans toutes nos campagnes. (Louis-Xavier Chaminade \u00e0 Dubois de Fosseux, le 1er ao\u00fbt 1788). <\/p>\n","protected":false},"author":120,"comment_status":"closed","ping_status":"closed","template":"","format":"standard","meta":{"footnotes":""},"ht_kb_category":[94],"ht_kb_tag":[],"class_list":["post-2946","ht_kb","type-ht_kb","status-publish","format-standard","hentry","ht_kb_category-histoire"],"_links":{"self":[{"href":"https:\/\/www.marianistes.com\/documentation\/wp-json\/wp\/v2\/ht_kb\/2946"}],"collection":[{"href":"https:\/\/www.marianistes.com\/documentation\/wp-json\/wp\/v2\/ht_kb"}],"about":[{"href":"https:\/\/www.marianistes.com\/documentation\/wp-json\/wp\/v2\/types\/ht_kb"}],"author":[{"embeddable":true,"href":"https:\/\/www.marianistes.com\/documentation\/wp-json\/wp\/v2\/users\/120"}],"replies":[{"embeddable":true,"href":"https:\/\/www.marianistes.com\/documentation\/wp-json\/wp\/v2\/comments?post=2946"}],"version-history":[{"count":1,"href":"https:\/\/www.marianistes.com\/documentation\/wp-json\/wp\/v2\/ht_kb\/2946\/revisions"}],"predecessor-version":[{"id":2947,"href":"https:\/\/www.marianistes.com\/documentation\/wp-json\/wp\/v2\/ht_kb\/2946\/revisions\/2947"}],"wp:attachment":[{"href":"https:\/\/www.marianistes.com\/documentation\/wp-json\/wp\/v2\/media?parent=2946"}],"wp:term":[{"taxonomy":"ht_kb_category","embeddable":true,"href":"https:\/\/www.marianistes.com\/documentation\/wp-json\/wp\/v2\/ht_kb_category?post=2946"},{"taxonomy":"ht_kb_tag","embeddable":true,"href":"https:\/\/www.marianistes.com\/documentation\/wp-json\/wp\/v2\/ht_kb_tag?post=2946"}],"curies":[{"name":"wp","href":"https:\/\/api.w.org\/{rel}","templated":true}]}}