{"id":2944,"date":"2024-11-10T00:42:07","date_gmt":"2024-11-09T23:42:07","guid":{"rendered":"https:\/\/www.marianistes.com\/documentation\/?post_type=ht_kb&#038;p=2944"},"modified":"2024-11-10T00:42:08","modified_gmt":"2024-11-09T23:42:08","slug":"elements-pour-eclairer-lhistoire-de-guillaume-joseph-chaminade-extraits-des-tablettes-de-pierre-bernadau","status":"publish","type":"ht_kb","link":"https:\/\/www.marianistes.com\/documentation\/docs\/elements-pour-eclairer-lhistoire-de-guillaume-joseph-chaminade-extraits-des-tablettes-de-pierre-bernadau\/","title":{"rendered":"\u00c9l\u00e9ments pour \u00e9clairer l\u2019histoire de Guillaume-Joseph Chaminade &#8211; extraits des tablettes de Pierre Bernadau"},"content":{"rendered":"\n<p>Pierre Bernadau (1762-1852) \u00e9tait, comme il se d\u00e9finit lui-m\u00eame, \u00ab avocat, magistrat, homme de lettres, correspondant de plusieurs Soci\u00e9t\u00e9s savantes, auteur de l\u2019histoire de Bordeaux1 \u00bb. Il \u00e9tait \u00e9galement journaliste et chroniqueur. Il ne s\u2019est \u00e9loign\u00e9 de Bordeaux que de 1814 \u00e0 1816, alors qu\u2019il avait \u00e9t\u00e9 nomm\u00e9 commissaire de police \u00e0 Libourne. <br \/>L\u2019oeuvre et la collection des documents de Pierre Bernadau est consid\u00e9rables. L\u2019ensemble est conserv\u00e9 \u00e0 la biblioth\u00e8que municipale de Bordeaux qui en a num\u00e9ris\u00e9 la quasi-totalit\u00e9. Elle est consultable en ligne sur https:\/\/selene.bordeaux.fr\/ <br \/>Son oeuvre se divise principalement en deux sections : la premi\u00e8re, intitul\u00e9e \u00ab Spicil\u00e8ge bordelais \u00bb (46 volumes), est une pr\u00e9cieuse compilation de documents de son \u00e9poque ou ant\u00e9rieurs ; la seconde est la \u00ab Collection h\u00e9r\u00e9ditaire de mes oeuvres \u00bb ou \u00ab tablettes \u00bb (37 volumes), qui rapportent les \u00e9v\u00e9nements bordelais, nationaux et internationaux au jour le jour et un ensemble de ses \u00e9crits. Bernadau commence la r\u00e9daction de ses tablettes le lundi 5 mars 1787 (tome 5) et la poursuit jusqu\u2019au 18 avril 1852 (tome 12), quelques jours avant sa mort survenue le 24 avril 1852, suite \u00e0 un accident sur le pont de pierre \u00e0 Bordeaux. <br \/>Ayant trouv\u00e9 parmi les extraits des tablettes de Bernadau, transcrits par Michel Colle2, quelques \u00e9l\u00e9ments sur vie du bienheureux Guillaume-Joseph Chaminade, j\u2019ai pens\u00e9 qu\u2019il pourrait y avoir dans ces \u00e9crits d\u2019autres \u00e9l\u00e9ments sur Chaminade, David Monier ou la Soci\u00e9t\u00e9 de Marie. Je me suis donc lanc\u00e9 dans le survol les tomes 5 \u00e0 12 des tablettes (chaque volume contenant environ 700 pages manuscrites, je n\u2019en ai pas fait une lecture int\u00e9grale, il se pourrait donc que J\u2019aie rat\u00e9 quelques \u00e9l\u00e9ments). Le r\u00e9sultat est maigre vu l\u2019investissement, mais il m\u2019a sembl\u00e9 int\u00e9ressant d\u2019en faire \u00e9cho.. <br \/>En parcourant les tomes 5 \u00e0 12 des tablettes, j\u2019ai pris, d\u2019une fa\u00e7on non exhaustive, quelques notes sur l\u2019ambiance qui r\u00e9gnait \u00e0 Bordeaux vis-\u00e0-vis de la religion et sur quelques personnages importants avec lesquels Chaminade a pu avoir des contacts. Ces extraits se trouvent en deuxi\u00e8me partie de cette compilation. <br \/>La plume de Bernadau est souvent piquante et vitriol\u00e9e, il faut donc d\u00e9passer le style pour y lire l\u2019information. <br \/>Eddie ALEXANDRE sm <br \/>Rome, le 21 d\u00e9cembre 2023<\/p>\n","protected":false},"author":120,"comment_status":"closed","ping_status":"closed","template":"","format":"standard","meta":{"footnotes":""},"ht_kb_category":[94],"ht_kb_tag":[],"class_list":["post-2944","ht_kb","type-ht_kb","status-publish","format-standard","hentry","ht_kb_category-histoire"],"_links":{"self":[{"href":"https:\/\/www.marianistes.com\/documentation\/wp-json\/wp\/v2\/ht_kb\/2944"}],"collection":[{"href":"https:\/\/www.marianistes.com\/documentation\/wp-json\/wp\/v2\/ht_kb"}],"about":[{"href":"https:\/\/www.marianistes.com\/documentation\/wp-json\/wp\/v2\/types\/ht_kb"}],"author":[{"embeddable":true,"href":"https:\/\/www.marianistes.com\/documentation\/wp-json\/wp\/v2\/users\/120"}],"replies":[{"embeddable":true,"href":"https:\/\/www.marianistes.com\/documentation\/wp-json\/wp\/v2\/comments?post=2944"}],"version-history":[{"count":1,"href":"https:\/\/www.marianistes.com\/documentation\/wp-json\/wp\/v2\/ht_kb\/2944\/revisions"}],"predecessor-version":[{"id":2945,"href":"https:\/\/www.marianistes.com\/documentation\/wp-json\/wp\/v2\/ht_kb\/2944\/revisions\/2945"}],"wp:attachment":[{"href":"https:\/\/www.marianistes.com\/documentation\/wp-json\/wp\/v2\/media?parent=2944"}],"wp:term":[{"taxonomy":"ht_kb_category","embeddable":true,"href":"https:\/\/www.marianistes.com\/documentation\/wp-json\/wp\/v2\/ht_kb_category?post=2944"},{"taxonomy":"ht_kb_tag","embeddable":true,"href":"https:\/\/www.marianistes.com\/documentation\/wp-json\/wp\/v2\/ht_kb_tag?post=2944"}],"curies":[{"name":"wp","href":"https:\/\/api.w.org\/{rel}","templated":true}]}}