{"id":2927,"date":"2023-12-29T09:41:31","date_gmt":"2023-12-29T08:41:31","guid":{"rendered":"https:\/\/www.marianistes.com\/documentation\/?post_type=ht_kb&#038;p=2927"},"modified":"2023-12-29T09:41:32","modified_gmt":"2023-12-29T08:41:32","slug":"g-j-chaminade-pendant-la-revolution-francaise","status":"publish","type":"ht_kb","link":"https:\/\/www.marianistes.com\/documentation\/docs\/g-j-chaminade-pendant-la-revolution-francaise\/","title":{"rendered":"G-J Chaminade pendant la R\u00e9volution fran\u00e7aise"},"content":{"rendered":"\n\n\n<h3 style=\"text-align: left\" id=\"de-nouveaux-apports\" >De nouveaux apports<\/h3>\n<p style=\"text-align: left\"><br \/>Depuis le d\u00e9veloppement d\u2019internet, la recherche historique est facilit\u00e9e et nous avons parfois la chance de d\u00e9couvrir un fonds qui n\u2019a pas \u00e9t\u00e9 d\u00e9pouill\u00e9 par le p\u00e8re Joseph Verrier, ce qui est exceptionnel. C\u2019est ainsi que le P. Andr\u00e9-Joseph F\u00e9tis, ayant d\u00e9couvert un nouvel indice chaminadien, m\u2019a permis de mettre la main sur plusieurs t\u00e9moignages du p\u00e8re Chaminade datant des ann\u00e9es de la R\u00e9volution fran\u00e7aise. Ces t\u00e9moignages se trouvent dans le fonds des dispenses et nullit\u00e9s de mariage conserv\u00e9 aux Archives d\u00e9partementales de la Gironde pour les ann\u00e9es 1801 \u00e0 1860. <br \/>L\u2019objectif de cet article \u00e9tant de montrer l\u2019apport des t\u00e9moignages du P. Chaminade sur sa situation pendant la R\u00e9volution, je ne d\u00e9velopperai pas les causes de nullit\u00e9 de mariages. Le t\u00e9moignage d\u2019autres pr\u00eatres viendra enrichir nos connaissances.<\/p>\n<p style=\"text-align: right\"><br \/>Eddie ALEXANDRE sm <br \/>13 octobre 2023<\/p>\n","protected":false},"author":120,"comment_status":"closed","ping_status":"closed","template":"","format":"standard","meta":{"footnotes":""},"ht_kb_category":[95],"ht_kb_tag":[],"class_list":["post-2927","ht_kb","type-ht_kb","status-publish","format-standard","hentry","ht_kb_category-fondateurs"],"_links":{"self":[{"href":"https:\/\/www.marianistes.com\/documentation\/wp-json\/wp\/v2\/ht_kb\/2927"}],"collection":[{"href":"https:\/\/www.marianistes.com\/documentation\/wp-json\/wp\/v2\/ht_kb"}],"about":[{"href":"https:\/\/www.marianistes.com\/documentation\/wp-json\/wp\/v2\/types\/ht_kb"}],"author":[{"embeddable":true,"href":"https:\/\/www.marianistes.com\/documentation\/wp-json\/wp\/v2\/users\/120"}],"replies":[{"embeddable":true,"href":"https:\/\/www.marianistes.com\/documentation\/wp-json\/wp\/v2\/comments?post=2927"}],"version-history":[{"count":1,"href":"https:\/\/www.marianistes.com\/documentation\/wp-json\/wp\/v2\/ht_kb\/2927\/revisions"}],"predecessor-version":[{"id":2928,"href":"https:\/\/www.marianistes.com\/documentation\/wp-json\/wp\/v2\/ht_kb\/2927\/revisions\/2928"}],"wp:attachment":[{"href":"https:\/\/www.marianistes.com\/documentation\/wp-json\/wp\/v2\/media?parent=2927"}],"wp:term":[{"taxonomy":"ht_kb_category","embeddable":true,"href":"https:\/\/www.marianistes.com\/documentation\/wp-json\/wp\/v2\/ht_kb_category?post=2927"},{"taxonomy":"ht_kb_tag","embeddable":true,"href":"https:\/\/www.marianistes.com\/documentation\/wp-json\/wp\/v2\/ht_kb_tag?post=2927"}],"curies":[{"name":"wp","href":"https:\/\/api.w.org\/{rel}","templated":true}]}}