{"id":2909,"date":"2023-07-26T15:50:38","date_gmt":"2023-07-26T14:50:38","guid":{"rendered":"https:\/\/www.marianistes.com\/documentation\/?post_type=ht_kb&#038;p=2909"},"modified":"2023-07-26T15:50:39","modified_gmt":"2023-07-26T14:50:39","slug":"guillaume-joseph-chaminade-2","status":"publish","type":"ht_kb","link":"https:\/\/www.marianistes.com\/documentation\/docs\/guillaume-joseph-chaminade-2\/","title":{"rendered":"Guillaume &#8211; Joseph Chaminade"},"content":{"rendered":"\n<h3 id=\"fondateur-de-la-famille-marianiste\" >Fondateur de la Famille Marianiste<\/h3>\n<h3 id=\"par-joseph-stefanelli-marianiste\" >par Joseph STEFANELLI, marianiste<br \/><br \/><\/h3>\n<p>ll avait trente ans lorsqu&#8217;en 1790-1791 son premier grand r\u00eave, de contribuer \u00e0 la prosp\u00e9rit\u00e9 d\u2019un coll\u00e8ge-s\u00e9minaire \u00e9duquant de jeunes chr\u00e9tiens pour l\u2019avenir de sa ch\u00e8re France, fut bris\u00e9 par la R\u00e9volution fran\u00e7aise.\u2028Il avait quarante-huit ans lorsque son r\u00eave de refaire chr\u00e9tienne la France par le moyen d\u2019un nouveau type de congr\u00e9gation de la\u00efcs fut \u00e9touff\u00e9 par Bonaparte.\u2028Il avait soixante-neuf ans lorsque son r\u00eave de convertir la France gr\u00e2ce \u00e0 un r\u00e9seau d\u2019\u00e9coles normales fut stopp\u00e9 par un gouvernement anticl\u00e9rical.\u2028Il avait finalement quatre-vingt-quatre ans lorsque la r\u00e9alisation du plus grand de ses r\u00eaves, celui d\u2019un institut religieux d\u2019hommes et de femmes consacr\u00e9 \u00e0 \u00e9tendre la mission de Marie dans le monde, faillit \u00eatre compromis par les disciples m\u00eame qu\u2019il avait choisis.\u2028Or chaque fois, Guillaume-Joseph Chaminade, comme \u00e9ducateur, pr\u00eatre et ap\u00f4tre, refusa de s\u2019avouer vaincu. C\u2019\u00e9tait un visionnaire et il r\u00e9ussit \u00e0 s\u2019accrocher \u00e0 sa vision malgr\u00e9 tous les \u00e9v\u00e9nements contraires.\u2028Chaminade \u00e9tait aussi un homme r\u00e9aliste. Chaque fois que sa vision \u00e9tait contrari\u00e9e, il trouvait un nouveau moyen de s\u2019\u00e9lancer vers la r\u00e9alisation de ses r\u00eaves. L\u2019histoire de sa vie pourrait \u00eatre r\u00e9sum\u00e9e en une s\u00e9rie de revers et une s\u00e9rie correspondante de victoires sur tous les obstacles rencontr\u00e9s.<\/p>\n<h3 id=\"decouvrir-et-telecharger-lensemble-de-la-plaquette-8mo\" >D\u00e9couvrir et t\u00e9l\u00e9charger l&#8217;ensemble de la plaquette (8mo)<\/h3>\n<p>\u00a0<\/p>\n\n\n\n<div data-wp-interactive=\"core\/file\" class=\"wp-block-file\"><object data-wp-bind--hidden=\"!state.hasPdfPreview\"  class=\"wp-block-file__embed\" data=\"https:\/\/www.marianistes.com\/documentation\/wp-content\/uploads\/sites\/2\/2022\/11\/Fascicule-GJ-Chaminade-10.pdf\" type=\"application\/pdf\" style=\"width:100%;height:600px\" aria-label=\"Contenu embarqu\u00e9 Fascicule-GJ-Chaminade (10).\"><\/object><a id=\"wp-block-file--media-0c7d645c-25a2-4b4a-9c0d-c487f0fda2fa\" href=\"https:\/\/www.marianistes.com\/documentation\/wp-content\/uploads\/sites\/2\/2022\/11\/Fascicule-GJ-Chaminade-10.pdf\">Fascicule-GJ-Chaminade (10)<\/a><a href=\"https:\/\/www.marianistes.com\/documentation\/wp-content\/uploads\/sites\/2\/2022\/11\/Fascicule-GJ-Chaminade-10.pdf\" class=\"wp-block-file__button wp-element-button\" download aria-describedby=\"wp-block-file--media-0c7d645c-25a2-4b4a-9c0d-c487f0fda2fa\"><\/a><\/div>\n","protected":false},"author":178,"comment_status":"closed","ping_status":"closed","template":"","format":"standard","meta":{"footnotes":""},"ht_kb_category":[95],"ht_kb_tag":[],"class_list":["post-2909","ht_kb","type-ht_kb","status-publish","format-standard","hentry","ht_kb_category-fondateurs"],"_links":{"self":[{"href":"https:\/\/www.marianistes.com\/documentation\/wp-json\/wp\/v2\/ht_kb\/2909"}],"collection":[{"href":"https:\/\/www.marianistes.com\/documentation\/wp-json\/wp\/v2\/ht_kb"}],"about":[{"href":"https:\/\/www.marianistes.com\/documentation\/wp-json\/wp\/v2\/types\/ht_kb"}],"author":[{"embeddable":true,"href":"https:\/\/www.marianistes.com\/documentation\/wp-json\/wp\/v2\/users\/178"}],"replies":[{"embeddable":true,"href":"https:\/\/www.marianistes.com\/documentation\/wp-json\/wp\/v2\/comments?post=2909"}],"version-history":[{"count":1,"href":"https:\/\/www.marianistes.com\/documentation\/wp-json\/wp\/v2\/ht_kb\/2909\/revisions"}],"predecessor-version":[{"id":2914,"href":"https:\/\/www.marianistes.com\/documentation\/wp-json\/wp\/v2\/ht_kb\/2909\/revisions\/2914"}],"wp:attachment":[{"href":"https:\/\/www.marianistes.com\/documentation\/wp-json\/wp\/v2\/media?parent=2909"}],"wp:term":[{"taxonomy":"ht_kb_category","embeddable":true,"href":"https:\/\/www.marianistes.com\/documentation\/wp-json\/wp\/v2\/ht_kb_category?post=2909"},{"taxonomy":"ht_kb_tag","embeddable":true,"href":"https:\/\/www.marianistes.com\/documentation\/wp-json\/wp\/v2\/ht_kb_tag?post=2909"}],"curies":[{"name":"wp","href":"https:\/\/api.w.org\/{rel}","templated":true}]}}