{"id":2901,"date":"2023-07-26T15:21:21","date_gmt":"2023-07-26T14:21:21","guid":{"rendered":"https:\/\/www.marianistes.com\/documentation\/?post_type=ht_kb&#038;p=2901"},"modified":"2023-07-26T15:22:03","modified_gmt":"2023-07-26T14:22:03","slug":"les-sources-mariales-du-pere-chaminade","status":"publish","type":"ht_kb","link":"https:\/\/www.marianistes.com\/documentation\/docs\/les-sources-mariales-du-pere-chaminade\/","title":{"rendered":"Les sources mariales du P\u00e8re Chaminade"},"content":{"rendered":"\n<table>\n<tbody>\n<tr>\n<td>\n<p><strong>PREMIER SIECLE\u00a0: L\u2019ECRITURE SAINTE<\/strong><\/p>\n<\/td>\n<\/tr>\n<\/tbody>\n<\/table>\n<p>\u00a0<\/p>\n<table width=\"607\">\n<tbody>\n<tr>\n<td>\n<p>Durant tout le premier si\u00e8cle, les chr\u00e9tiens ont d\u00e9couvert Marie dans la pr\u00e9dication apostolique et dans les \u00e9crits du Nouveau Testament. Cette d\u00e9couverte s\u2019est faite progressivement, au fur et \u00e0 mesure que les \u00e9crits \u00e9taient compos\u00e9s et diffus\u00e9s.<\/p>\n<\/td>\n<\/tr>\n<\/tbody>\n<\/table>\n<p>\u00a0<\/p>\n<table>\n<tbody>\n<tr>\n<td>\n<p><em>Les commencements : Paul et Marc<\/em><\/p>\n<\/td>\n<\/tr>\n<\/tbody>\n<\/table>\n<p>\u00a0<\/p>\n<table width=\"607\">\n<tbody>\n<tr>\n<td>\n<p>En 57-58, dans <strong>l\u2019\u00e9p\u00eetre aux Galates 4, <\/strong>4, on pouvait lire : <em>Quand vint la pl\u00e9nitude des temps, Dieu envoya son Fils, n\u00e9 d\u2019une femme, n\u00e9 sujet de la Loi, afin de racheter les sujets de la Loi, afin de nous conf\u00e9rer l\u2019adoption filiale.<\/em><\/p>\n<p>Marie n\u2019est pas nomm\u00e9e, mais elle est pr\u00e9sent\u00e9e comme la m\u00e8re du Fils de Dieu lequel fut envoy\u00e9 pour faire de tous les hommes des fils de Dieu.<\/p>\n<p>Vers 64, fut \u00e9crit <strong>L\u2019\u00e9vangile de Marc <\/strong>qui ne pr\u00e9sente que la mission publique de J\u00e9sus, depuis son bapt\u00eame jusqu\u2019\u00e0 sa r\u00e9surrection. En <strong>3, <\/strong>20-21 et 31-35, la <em>m\u00e8re,<\/em> les <em>fr\u00e8res<\/em> et les <em>soeurs <\/em>de J\u00e9sus sont pr\u00e9sent\u00e9s ensemble avec l\u2019intention de <em>se saisir de lui<\/em> pour le ramener \u00e0 Nazareth. <em>J\u00e9sus, promenant son regard sur ceux qui \u00e9taient assis en rond autour de lui, dit : \u2019Voici ma m\u00e8re et mes fr\u00e8res. Quiconque fait la volont\u00e9 de Dieu, celui-l\u00e0 m\u2019est un fr\u00e8re et une s\u0153ur et une m\u00e8re. \u2019<\/em><\/p>\n<p>La m\u00e8re de J\u00e9sus fait partie de la famille. Elle n\u2019est pas du c\u00f4t\u00e9 de J\u00e9sus qui pr\u00e9sente ses disciples et auditeurs comme sa vraie famille. Ainsi est soulign\u00e9e l\u2019importance de la foi et de l\u2019appartenance \u00e0 l\u2019Eglise-famille de J\u00e9sus.<\/p>\n<p>Cependant Marc est le seul synoptique qui d\u00e9signe J\u00e9sus comme <em>Fils de Marie<\/em> en <strong>6, <\/strong>3. <em>L\u2019Evangile selon saint Matthieu<\/em><\/p>\n<p>Autour de 70, <strong>l\u2019\u00e9vangile grec de Matthieu <\/strong>prend forme. Dans la partie du minist\u00e8re public de J\u00e9sus, on pouvait lire, un peu adouci, le passage cit\u00e9 par saint Marc : Mat <strong>12,46-50.<\/strong><\/p>\n<p>Mais surtout dans les <strong>deux premiers chapitres, <\/strong>pour la premi\u00e8re fois, voici des d\u00e9tails sur la conception, la naissance et les premi\u00e8res ann\u00e9es de J\u00e9sus Enfant : la g\u00e9n\u00e9alogie <em>de J\u00e9sus Christ, fils de David, fils <\/em><em>d\u2019Abraham<\/em> <strong>(1, <\/strong>1-17) ; l\u2019annonce \u00e0 Joseph (1, 18-25) ; la visite des Mages <strong>(2, <\/strong>1-12) ; la fuite en Egypte, le massacre des innocents et le retour de la sainte Famille \u00e0 Nazareth <strong>(2, <\/strong>13-23).<\/p>\n<p>Marie est pr\u00e9sent\u00e9e plusieurs fois dans ces deux chapitres o\u00f9 Joseph tient la premi\u00e8re place :<\/p>\n<p><strong>. 1, <\/strong>16 : <em>Joseph, l\u2019\u00e9poux de Marie de laquelle naquit J\u00e9sus que l\u2019on appelle Christ.<\/em> Le P. Chaminade aimait beaucoup cette simple phrase et la cite souvent pour m\u00e9diter sur la maternit\u00e9 divine de Marie (EM. <strong>1.31,286,383, IL 576, 678, 690, 743, 756, 778, 785, 790, 799).<\/strong><\/p>\n<p><em>. 1,20 : Ce qui a \u00e9t\u00e9 engendr\u00e9 en Marie vient de l\u2019Esprit Saint,<\/em> est-il r\u00e9v\u00e9l\u00e9 \u00e0 Joseph. J\u00e9sus a \u00e9t\u00e9 con\u00e7u par l\u2019Esprit Saint en Marie. La maternit\u00e9 divine est d\u00e9j\u00e0 indiqu\u00e9e.<\/p>\n<p><strong>. 1, <\/strong>23 : <em>La vierge concevra et enfantera un fils<\/em> qui sera <em>l\u2019Emmanuel,<\/em> le Messie. Marie, M\u00e8re virginale du Messie.<\/p>\n<p><em>. L\u2019enfant avec sa m\u00e8re<\/em> : apr\u00e8s la naissance de J\u00e9sus, cette expression revient plusieurs fois et marque que J\u00e9sus tient d\u00e9sormais la premi\u00e8re place ; ses parents sont \u00e0 son service <strong>(2, <\/strong>11. 13-<\/p>\n<p>14.20-21).<\/p>\n<\/td>\n<\/tr>\n<\/tbody>\n<\/table>\n<p>\u00a0<\/p>\n","protected":false},"author":3,"comment_status":"closed","ping_status":"closed","template":"","format":"standard","meta":{"footnotes":""},"ht_kb_category":[124],"ht_kb_tag":[],"class_list":["post-2901","ht_kb","type-ht_kb","status-publish","format-standard","hentry","ht_kb_category-marie-et-leglise"],"_links":{"self":[{"href":"https:\/\/www.marianistes.com\/documentation\/wp-json\/wp\/v2\/ht_kb\/2901"}],"collection":[{"href":"https:\/\/www.marianistes.com\/documentation\/wp-json\/wp\/v2\/ht_kb"}],"about":[{"href":"https:\/\/www.marianistes.com\/documentation\/wp-json\/wp\/v2\/types\/ht_kb"}],"author":[{"embeddable":true,"href":"https:\/\/www.marianistes.com\/documentation\/wp-json\/wp\/v2\/users\/3"}],"replies":[{"embeddable":true,"href":"https:\/\/www.marianistes.com\/documentation\/wp-json\/wp\/v2\/comments?post=2901"}],"version-history":[{"count":1,"href":"https:\/\/www.marianistes.com\/documentation\/wp-json\/wp\/v2\/ht_kb\/2901\/revisions"}],"predecessor-version":[{"id":2902,"href":"https:\/\/www.marianistes.com\/documentation\/wp-json\/wp\/v2\/ht_kb\/2901\/revisions\/2902"}],"wp:attachment":[{"href":"https:\/\/www.marianistes.com\/documentation\/wp-json\/wp\/v2\/media?parent=2901"}],"wp:term":[{"taxonomy":"ht_kb_category","embeddable":true,"href":"https:\/\/www.marianistes.com\/documentation\/wp-json\/wp\/v2\/ht_kb_category?post=2901"},{"taxonomy":"ht_kb_tag","embeddable":true,"href":"https:\/\/www.marianistes.com\/documentation\/wp-json\/wp\/v2\/ht_kb_tag?post=2901"}],"curies":[{"name":"wp","href":"https:\/\/api.w.org\/{rel}","templated":true}]}}