{"id":2834,"date":"2021-05-17T16:18:18","date_gmt":"2021-05-17T15:18:18","guid":{"rendered":"https:\/\/www.marianistes.com\/documentation\/?post_type=ht_kb&#038;p=2834"},"modified":"2021-05-17T16:18:18","modified_gmt":"2021-05-17T15:18:18","slug":"saint-joseph-dans-la-tradition-marianiste","status":"publish","type":"ht_kb","link":"https:\/\/www.marianistes.com\/documentation\/docs\/saint-joseph-dans-la-tradition-marianiste\/","title":{"rendered":"Saint Joseph dans la tradition marianiste"},"content":{"rendered":"\n<h3 id=\"introduction\" >Introduction<\/h3>\n\n\n\n<div>Notre Fr\u00e8re italien Piero Ferrero a \u00e9dit\u00e9 un travail sur &#8220;<strong><em>Saint Joseph dans la tradition marianiste<\/em><\/strong>&#8220;, que nos Fr\u00e8res Fr\u00e9d\u00e9ric Bini et Ignace Pagnan viennent de traduire en fran\u00e7ais.<\/div>\n<div>&nbsp;<\/div>\n<div>Le chapitre IX \u00e9num\u00e8re les nombreuses circulaires de nos sup\u00e9rieurs g\u00e9n\u00e9raux qui parlent de St Joseph. Et l&#8217;auteur ajoute cette \u00e9valuation, que l&#8217;on trouve \u00e0 la page 27 de l&#8217;\u00e9dition fran\u00e7aise: &#8220;<em>Certaines des circulaires list\u00e9es d\u00e9veloppent syst\u00e9matiquement un sujet qui renvoie au saint sous un certain angle, d&#8217;autres sont plut\u00f4t g\u00e9n\u00e9riques<\/em>. <em>Celle du p\u00e8re Hoffer est sans aucun doute la plus belle et la plus profonde, pleine d&#8217;id\u00e9es pr\u00e9cieuses sur l&#8217;\u00e9ducation spirituelle des religieux<\/em>&#8221; &#8211; et j&#8217;ajoute, de consid\u00e9rations p\u00e9dagogiques qui m\u00e9ritent toujours attention.<\/div>\n<div>&nbsp;<\/div>\n<div>L&#8217;appr\u00e9ciation de Ferrero m&#8217;a pouss\u00e9 \u00e0 scanner la circulaire en question du P. Hoffer et \u00e0 vous proposer de la lire \u00e9galement, en cette ann\u00e9e Saint-Joseph, et peut-\u00eatre m\u00eame de la faire lire&#8230;<\/div>\n<div>&nbsp;<\/div>\n<div style=\"text-align: right\">Avec mes fraternelles salutations, Robert Witwicki sm.&nbsp;&nbsp;<\/div>\n\n\n\n<p class=\"has-text-align-center\">&#8212;&#8212;&#8212;&#8212;&#8212;&#8212;&#8212;&#8212;&#8212;&#8212;&#8212;&#8212;&#8212;&#8212;&#8212;&#8212;&#8212;&#8212;&#8212;&#8212;&#8212;&#8212;&#8212;&#8212;&#8212;&#8212;&#8212;&#8212;&#8212;&#8212;&#8212;&#8212;&#8212;&#8212;&#8212;&#8212;&#8212;&#8212;&#8212;&#8212;&#8212;&#8212;&#8212;<\/p>\n\n\n\n<p style=\"text-align: center\"><strong>CIRCULAIRE N. 4 &#8211; 25 mars 1957<br>R\u00e9ponse aux voeux de f\u00eate<br><\/strong><strong>LES \u00c9L\u00c9MENTS CONCRETS DE LA SAINTET\u00c9<br><\/strong><strong>Paul-Joseph<\/strong><strong> HOFFER, <br><\/strong><strong>Sup\u00e9rieur G\u00e9n\u00e9ral de la Soci\u00e9t\u00e9 de Marie, Missionnaire Apostolique, <br><\/strong><strong>\u00e0 tous les Religieux et Affili\u00e9s de la dite Soci\u00e9t\u00e9.<\/strong><\/p>\n<p>Mes bien chers Fr\u00e8res, chers Affili\u00e9s,<\/p>\n<p>Est-il n\u00e9cessaire que votre Bon P\u00e8re vous fasse part de la joie et de l\u2019\u00e9motion que lui ont caus\u00e9es les t\u00e9moignages d\u2019affection et de confiance, ainsi que les souhaits bien sinc\u00e8res exprim\u00e9s dans vos lettres, \u00e0 l\u2019occasion de la f\u00eate de Saint Joseph dont il vient de prendre le nom&nbsp;? [&#8230;]<\/p>\n<p>Ne cessez de demander \u00e0 Saint Joseph de lui obtenir le courage et la lumi\u00e8re n\u00e9cessaires pour mener la famille de Marie dans les voies fix\u00e9es par l\u2019amour divin, avec autant de sagesse que ce grand Saint a conduit lui- m\u00eame J\u00e9sus et Marie dans les chemins de Galil\u00e9e et d\u2019Egypte et pour orienter vos \u00e2mes dans un sens toujours plus conforme \u00e0 la vocation mariale et apostolique que nous a l\u00e9gu\u00e9e notre v\u00e9n\u00e9r\u00e9 Fondateur.<\/p>\n<p>Si les Sup\u00e9rieurs G\u00e9n\u00e9raux, en effet, au moment de leur entr\u00e9e en charge, adoptent le nom de Joseph, ce n\u2019est pas seulement en souvenir de la d\u00e9votion particuli\u00e8re que notre v\u00e9n\u00e9r\u00e9 Fondateur portait \u00e0 ce grand Saint, mais encore <strong>pour bien marquer que la Soci\u00e9t\u00e9 de Marie est plac\u00e9e sous sa sp\u00e9ciale protection et que le Sup\u00e9rieur G\u00e9n\u00e9ral doit d\u00e9sormais chercher en Saint Joseph<\/strong>, comme le lui recommandent nos Constitutions, \u00ab&nbsp;<em>le mod\u00e8le d\u2019une administration prudente et active, ferme et paternelle<\/em>&nbsp;\u00bb.<\/p>\n<p>Dans l\u2019accomplissement de cette t\u00e2che, plus imp\u00e9rieuse que jamais dans notre monde si profond\u00e9ment d\u00e9sorient\u00e9 et en m\u00eame temps si assoiff\u00e9 de v\u00e9rit\u00e9 et de justice, je sais bien que je puis compter sur votre loyale et active collaboration. [&#8230;]<\/p>\n\n\n\n<h3 id=\"lire-lensemble-du-texte\" >Lire l&#8217;ensemble du texte<\/h3>\n<p><a href=\"https:\/\/www.marianistes.com\/documentation\/wp-content\/uploads\/sites\/2\/2021\/05\/hoffer-circ-4-st-Joseph.pdf\">hoffer-circ-4-st-Joseph<\/a><\/p>\n","protected":false},"author":146,"comment_status":"closed","ping_status":"closed","template":"","format":"standard","meta":{"footnotes":""},"ht_kb_category":[95],"ht_kb_tag":[],"class_list":["post-2834","ht_kb","type-ht_kb","status-publish","format-standard","hentry","ht_kb_category-fondateurs"],"_links":{"self":[{"href":"https:\/\/www.marianistes.com\/documentation\/wp-json\/wp\/v2\/ht_kb\/2834"}],"collection":[{"href":"https:\/\/www.marianistes.com\/documentation\/wp-json\/wp\/v2\/ht_kb"}],"about":[{"href":"https:\/\/www.marianistes.com\/documentation\/wp-json\/wp\/v2\/types\/ht_kb"}],"author":[{"embeddable":true,"href":"https:\/\/www.marianistes.com\/documentation\/wp-json\/wp\/v2\/users\/146"}],"replies":[{"embeddable":true,"href":"https:\/\/www.marianistes.com\/documentation\/wp-json\/wp\/v2\/comments?post=2834"}],"version-history":[{"count":2,"href":"https:\/\/www.marianistes.com\/documentation\/wp-json\/wp\/v2\/ht_kb\/2834\/revisions"}],"predecessor-version":[{"id":2887,"href":"https:\/\/www.marianistes.com\/documentation\/wp-json\/wp\/v2\/ht_kb\/2834\/revisions\/2887"}],"wp:attachment":[{"href":"https:\/\/www.marianistes.com\/documentation\/wp-json\/wp\/v2\/media?parent=2834"}],"wp:term":[{"taxonomy":"ht_kb_category","embeddable":true,"href":"https:\/\/www.marianistes.com\/documentation\/wp-json\/wp\/v2\/ht_kb_category?post=2834"},{"taxonomy":"ht_kb_tag","embeddable":true,"href":"https:\/\/www.marianistes.com\/documentation\/wp-json\/wp\/v2\/ht_kb_tag?post=2834"}],"curies":[{"name":"wp","href":"https:\/\/api.w.org\/{rel}","templated":true}]}}