{"id":2412,"date":"2018-04-13T17:10:16","date_gmt":"2018-04-13T16:10:16","guid":{"rendered":"http:\/\/www.marianistes.com\/documentation\/?post_type=ht_kb&#038;p=2412"},"modified":"2021-02-01T16:02:04","modified_gmt":"2021-02-01T15:02:04","slug":"breve-histoire-de-la-societe-de-marie","status":"publish","type":"ht_kb","link":"https:\/\/www.marianistes.com\/documentation\/docs\/breve-histoire-de-la-societe-de-marie\/","title":{"rendered":"Br\u00e8ve histoire de la Soci\u00e9t\u00e9 de Marie"},"content":{"rendered":"<h1 id=\"breve-histoire-de-la-societe-de-marie-marianistes\" >Br\u00e8ve histoire de la Soci\u00e9t\u00e9 de Marie (Marianistes)<\/h1>\n<h2 id=\"introduction\" >Introduction<\/h2>\n<p>Le P. Antonio Gascon, marianiste espagnol, est l\u2019auteur contemporain d\u2019une histoire compl\u00e8te de la Soci\u00e9t\u00e9 de Marie. Les trois premiers gros volumes, qui couvrent la p\u00e9riode de Chaminade \u00e0 1945, sont traduits en fran\u00e7ais. Le pr\u00e9sent ouvrage, parcours rapide de la m\u00eame histoire marianiste, en passant d\u2019un sup\u00e9rieur g\u00e9n\u00e9ral \u00e0 l\u2019autre, voudrait non pas dispenser de lire l\u2019\u0153uvre du P. Gascon, mais plut\u00f4t susciter le d\u00e9sir d\u2019y approfondir les questions ici soulev\u00e9es et mieux comprendre comment chacun des g\u00e9n\u00e9ralats \u00e0 fait avancer cette histoire.<\/p>\n<p>Ce livre constitue une initiation, comme le cours d\u2019histoire marianiste donn\u00e9 par le P. Rosaire Cot\u00e9, SM, aux novices d\u2019Abidjan, \u00e0 partir duquel il a \u00e9t\u00e9 \u00e9labor\u00e9, et qui passait en revue les g\u00e9n\u00e9ralats marianistes, du P. Chaminade au P. David Fleming.<\/p>\n<p>Sur ce parcours se greffent ici des articles divers qui constituent autant de gros plans sur des \u00e9v\u00e9nements, des personnages, des dimensions\u2026 de la vie marianiste au fil des d\u00e9cennies. Le lecteur int\u00e9ress\u00e9 approfondira ailleurs, et d\u2019abord dans l\u2019ouvrage monumental du P. Gascon.<br \/>Ce dernier traite avec la m\u00eame rigueur toutes les \u00e9poques et toutes les parties du monde marianiste ; ici est privil\u00e9gi\u00e9e la Province de France. Sans \u00e9troitesse : M. Michel Canet, professeur d\u2019histoire, a constamment \u00e9largi la perspective de notre parcours marianiste en le situant dans le contexte plus large de la politique mondiale, de la vie de l\u2019Eglise, de l\u2019\u00e9volution culturelle, du d\u00e9veloppement \u00e9conomique\u2026 des deux si\u00e8cles concern\u00e9s.<\/p>\n<p>M. Pierre Marot, de la Fondation marianiste, a r\u00e9alis\u00e9 les tableaux chronologiques illustr\u00e9s.<\/p>\n<p>Que soient donc chaleureusement remerci\u00e9es toutes les personnes qui ont collabor\u00e9 \u00e0 cet ouvrage collectif.<\/p>\n<ol style=\"list-style-type: upper-roman\">\n<li>\n<h2 id=\"guillaume-joseph-chaminade-1761-1850\" >GUILLAUME-JOSEPH CHAMINADE (1761-1850)<\/h2>\n<\/li>\n<\/ol>\n<p>(cf. Joseph Verrier, sm, article Chaminade du Dictionnaire de la R\u00e8gle Marianiste (DRM) p. 84-93)<\/p>\n<h3 id=\"i-1-breve-biographie\" >I.1. Br\u00e8ve biographie<\/h3>\n<p><strong>1761<\/strong> : Le 8 avril na\u00eet \u00e0 P\u00e9rigueux, rue Froide, le quatorzi\u00e8me enfant des Chaminade, Blaise, marchand-drapier, et Catherine, catholique fervente. Il est baptis\u00e9 le m\u00eame jour, sous le nom de Guillaume, dans l&#8217;\u00e9glise paroissiale proche de Saint-Silain.<br \/>Cl\u00e9ment XIII est alors pape depuis un an, Louis XV r\u00e8gne sur la France depuis 1715 ; il a 51 ans. Depuis 1756 s\u00e9vit la Guerre (mondiale) de Sept Ans, en Europe, en Am\u00e9rique, en Inde\u2026<br \/>L\u2019Encyclop\u00e9die est en voie de publication depuis 1751. Voltaire va publier son Trait\u00e9 de la tol\u00e9rance et Rousseau, la Profession de foi d\u2019un vicaire savoyard.<br \/><strong>1763<\/strong> : Louis XV expulse les j\u00e9suites de France.<br \/><strong>1771<\/strong> : Guillaume entre au petit s\u00e9minaire de Mussidan, o\u00f9 il fait sa premi\u00e8re communion, est confirm\u00e9 sous le nom de Guillaume-Joseph et est initi\u00e9 \u00e0 l&#8217;oraison par son fr\u00e8re a\u00een\u00e9 Jean-Baptiste, pr\u00eatre, j\u00e9suite s\u00e9cularis\u00e9. Il prend la soutane.<br \/><strong>1773<\/strong> : Rome supprime la Compagnie de J\u00e9sus\u2026 1774 : Louis XVI devient roi de France.<br \/><strong>1775<\/strong> : G.-Joseph prononce des v\u0153ux priv\u00e9s de pauvret\u00e9, de chastet\u00e9 et d&#8217;ob\u00e9issance et consacre ainsi toute sa vie \u00e0 Dieu.<br \/><strong>1778<\/strong> : Ses \u00e9tudes secondaires termin\u00e9es, il est re\u00e7u membre agr\u00e9g\u00e9 de la Congr\u00e9gation de Saint-Charles, en charge du petit s\u00e9minaire de Mussidan. Il y sera professeur de math\u00e9matiques.<br \/>Au cours de cette ann\u00e9e meurent Voltaire et Rousseau.<br \/><strong>1782<\/strong>, le 17 avril, ses parents lui \u00e9tablissent, devant notaire, un titre cl\u00e9rical, en m\u00eame temps qu&#8217;\u00e0 son fr\u00e8re Louis, \u00e9galement pr\u00eatre.<br \/><strong>1785<\/strong> : C&#8217;est probablement cette ann\u00e9e qu\u2019il est ordonn\u00e9 pr\u00eatre. On ne sait pas exactement o\u00f9. Avec ses fr\u00e8res Jean-Baptiste et Louis, il est charg\u00e9 par l&#8217;\u00e9v\u00eaque de P\u00e9rigueux d&#8217;examiner les \u00e9crits de Suzette Labrousse (1747- <strong>1821 :<\/strong> \u00e0 Paris, proph\u00e9tesse p\u00e9rigourdine autoproclam\u00e9e, proche des Jacobins, qui aurait fait des proph\u00e9ties sur l&#8217;avenir de la R\u00e9volution fran\u00e7aise (cf. Wikipedia).<br \/><strong>1788<\/strong> : A partir de cette ann\u00e9e, G.-Joseph porte le titre de \u2018docteur en th\u00e9ologie\u2019. Avec son fr\u00e8re Louis, il prend part \u00e0 l&#8217;\u00e9lection des d\u00e9put\u00e9s du clerg\u00e9 aux Etats G\u00e9n\u00e9raux qui vont se r\u00e9unir \u00e0 Versailles en mai&#8230;<\/p>\n<h4 id=\"voir-la-suite-du-document-en-pdf-pdf\" >Voir la suite du document en pdf (.pdf)<\/h4>\n\n\n<div class=\"wp-block-file\"><a href=\"https:\/\/www.marianistes.com\/documentation\/wp-content\/uploads\/sites\/2\/2019\/02\/breve-histoire-2018.pdf\">breve-histoire-2018<\/a><a href=\"https:\/\/www.marianistes.com\/documentation\/wp-content\/uploads\/sites\/2\/2019\/02\/breve-histoire-2018.pdf\" class=\"wp-block-file__button\" download>T\u00e9l\u00e9charger<\/a><\/div>\n","protected":false},"author":146,"comment_status":"closed","ping_status":"closed","template":"","format":"standard","meta":{"footnotes":""},"ht_kb_category":[94],"ht_kb_tag":[],"class_list":["post-2412","ht_kb","type-ht_kb","status-publish","format-standard","hentry","ht_kb_category-histoire"],"_links":{"self":[{"href":"https:\/\/www.marianistes.com\/documentation\/wp-json\/wp\/v2\/ht_kb\/2412"}],"collection":[{"href":"https:\/\/www.marianistes.com\/documentation\/wp-json\/wp\/v2\/ht_kb"}],"about":[{"href":"https:\/\/www.marianistes.com\/documentation\/wp-json\/wp\/v2\/types\/ht_kb"}],"author":[{"embeddable":true,"href":"https:\/\/www.marianistes.com\/documentation\/wp-json\/wp\/v2\/users\/146"}],"replies":[{"embeddable":true,"href":"https:\/\/www.marianistes.com\/documentation\/wp-json\/wp\/v2\/comments?post=2412"}],"version-history":[{"count":1,"href":"https:\/\/www.marianistes.com\/documentation\/wp-json\/wp\/v2\/ht_kb\/2412\/revisions"}],"predecessor-version":[{"id":2820,"href":"https:\/\/www.marianistes.com\/documentation\/wp-json\/wp\/v2\/ht_kb\/2412\/revisions\/2820"}],"wp:attachment":[{"href":"https:\/\/www.marianistes.com\/documentation\/wp-json\/wp\/v2\/media?parent=2412"}],"wp:term":[{"taxonomy":"ht_kb_category","embeddable":true,"href":"https:\/\/www.marianistes.com\/documentation\/wp-json\/wp\/v2\/ht_kb_category?post=2412"},{"taxonomy":"ht_kb_tag","embeddable":true,"href":"https:\/\/www.marianistes.com\/documentation\/wp-json\/wp\/v2\/ht_kb_tag?post=2412"}],"curies":[{"name":"wp","href":"https:\/\/api.w.org\/{rel}","templated":true}]}}