{"id":2296,"date":"2017-01-20T17:55:16","date_gmt":"2017-01-20T16:55:16","guid":{"rendered":"http:\/\/www.marianistes.com\/documentation\/?post_type=ht_kb&#038;p=2296"},"modified":"2021-02-01T16:11:53","modified_gmt":"2021-02-01T15:11:53","slug":"missionnaire-de-marie-200-ans-apres","status":"publish","type":"ht_kb","link":"https:\/\/www.marianistes.com\/documentation\/docs\/missionnaire-de-marie-200-ans-apres\/","title":{"rendered":"Missionnaire de Marie&#8230; 200 ans apr\u00e8s"},"content":{"rendered":"<p>Dans le vocabulaire marianiste, y a-t-il un terme qui se r\u00e9v\u00e8le plus p\u00e9n\u00e9trant que le mot \u00ab\u00a0<strong>mission<\/strong>\u00a0\u00bb\u00a0?<\/p>\n<p>Dans les pages qui suivent, je me propose d\u2019examiner les connotations marianistes de cette notion et de r\u00e9fl\u00e9chir sur les diff\u00e9rentes mani\u00e8res dont, au cours de notre histoire commune, nous avons sans cesse de nouveau \u00e9t\u00e9 pouss\u00e9s \u00e0 reconsid\u00e9rer et \u00e0 approfondir la conscience que nous avions, nous Marianistes, d\u2019\u00eatre des personnes que Chaminade appelait \u00ab\u00a0<strong>missionnaires de Marie<\/strong>\u00a0\u00bb. Je voudrais donc m\u2019arr\u00eater sur la riche signification du concept de \u00ab\u00a0mission\u00a0\u00bb dans l\u2019histoire marianiste et sur plusieurs transformations qu\u2019elle a subies au cours de cette histoire, jusqu\u2019\u00e0 nos jours.<br \/>Commen\u00e7ons donc par rappeler un certain nombre d\u2019occasions, dans le cours de la vie du fondateur, dans lesquelles ce mot de \u00ab\u00a0mission\u00a0\u00bb a jou\u00e9 un r\u00f4le actif.<\/p>\n<p>&#8211; Dans sa jeunesse, <strong>Chaminade a rejoint une petite congr\u00e9gation de religieux<\/strong> de son dioc\u00e8se connus sous le nom de \u00ab\u00a0<strong>Missionnaires de Saint Charles Borrom\u00e9e<\/strong>\u00a0\u00bb. Sa premi\u00e8re formation religieuse, jusqu\u2019\u00e0 son ordination sacerdotale et m\u00eame au-del\u00e0, fut marqu\u00e9e par la spiritualit\u00e9 explicitement missionnaire de cette congr\u00e9gation. C\u2019est comme membre de cette congr\u00e9gation qu\u2019il a prononc\u00e9 les v\u0153ux qui ont fait de lui un religieux. Rappelons qu\u2019il n\u2019a jamais ressenti la n\u00e9cessit\u00e9 de quelque autre profession religieuse.<\/p>\n<p>&#8211; Cette petite congr\u00e9gation disparut dans les remous de la R\u00e9volution, mais <strong>son esprit continua \u00e0 guider le Fondateur au cours de ses ann\u00e9es de minist\u00e8re actif et dangereux au c\u0153ur de Bordeaux<\/strong>, aux p\u00e9riodes les plus chaudes de la R\u00e9volution.<br \/>Plus tard, exil\u00e9 hors de France \u00e0 cause de son inflexible d\u00e9termination \u00e0 exercer son minist\u00e8re sacerdotal en d\u00e9pit des contraintes gouvernementales, il rencontra d\u2019autres pr\u00eatres fran\u00e7ais ou correspondit avec eux, r\u00eavant d\u2019une pratique missionnaire radicalement nouvelle une fois possible leur retour dans leur patrie.<\/p>\n<p>&#8211; Quand il retrouva la France, encore priv\u00e9e de son administration eccl\u00e9siastique traditionnelle, <strong>Chaminade<\/strong>, au d\u00e9but de l\u2019ann\u00e9e 1801, <strong>re\u00e7ut le titre de \u00ab\u00a0<em>Missionnaire Apostolique<\/em>\u00a0\u00bb<\/strong>, en m\u00eame temps qu\u2019on lui demandait d\u2019administrer le dioc\u00e8se de Bazas, alors sans \u00e9v\u00eaque, \u00e0 quelque 60 kilom\u00e8tres au sud-est de Bordeaux. Cette derni\u00e8re mission ne dura gu\u00e8re car le dioc\u00e8se de Bazas fut rapidement fusionn\u00e9 avec l\u2019archidioc\u00e8se de Bordeaux par le Concordat qui restaurait l\u2019appareil de l\u2019Eglise d\u2019une mani\u00e8re qui agr\u00e9ait au gouvernement de Napol\u00e9on.<\/p>\n<p>&#8211; Cependant, Chaminade continua, pendant le demi-si\u00e8cle qui lui restait \u00e0 vivre, \u00e0 revendiquer assez souvent le titre de \u00ab\u00a0missionnaire apostolique\u00a0\u00bb, avec une certaine insistance. Il avait l\u2019air de tenir \u00e0 ce titre comme \u00e0 un fondement quasi canonique de sa cr\u00e9ativit\u00e9 dans son minist\u00e8re.<\/p>\n<blockquote>\n<p>Apr\u00e8s la fondation de ses congr\u00e9gations religieuses, de femmes puis d\u2019hommes, Chaminade a souvent mis l\u2019accent sur leur caract\u00e8re missionnaire.<\/p>\n<\/blockquote>\n<p>Dans les moments de tension ou de d\u00e9couragement, il demandait \u00e0 ses disciples de se rappeler qu\u2019ils \u00e9taient \u00ab\u00a0<strong>tous missionnaires\u00a0!\u00a0<\/strong>\u00bb (ex.\u00a0: lettre 725 du 7 f\u00e9vrier 1834)\u00a0; \u00ab\u00a0<em>\u00e0 chacun de nous, \u00e9crivait-il, la Tr\u00e8s Sainte Vierge a confi\u00e9 un mandat pour travailler au salut de nos fr\u00e8res dans le monde.<\/em>\u00a0\u00bb (lettre 1163 du 24 ao\u00fbt 1839).<\/p>\n<p>&#8211;\u00a0En 1839, Chaminade sollicita et obtint du pape Gr\u00e9goire XVI le privil\u00e8ge suivant\u00a0: que <strong>le titre de \u00ab\u00a0Missionnaire apostolique\u00a0\u00bb soit port\u00e9 par tous ses successeurs au poste de Sup\u00e9rieur g\u00e9n\u00e9ral de la famille religieuse qu\u2019il fondait.<\/strong><\/p>\n<h2 id=\"poursuivre-la-decouverte-du-document\" >Poursuivre la d\u00e9couverte du document<\/h2>\n\n\n<div class=\"wp-block-file\"><a href=\"https:\/\/www.marianistes.com\/documentation\/wp-content\/uploads\/sites\/2\/2017\/01\/missionnaire-de-marie.pdf\">missionnaire-de-marie<\/a><a href=\"https:\/\/www.marianistes.com\/documentation\/wp-content\/uploads\/sites\/2\/2017\/01\/missionnaire-de-marie.pdf\" class=\"wp-block-file__button\" download>T\u00e9l\u00e9charger<\/a><\/div>\n","protected":false},"author":151,"comment_status":"closed","ping_status":"closed","template":"","format":"standard","meta":{"footnotes":""},"ht_kb_category":[96],"ht_kb_tag":[123],"class_list":["post-2296","ht_kb","type-ht_kb","status-publish","format-standard","hentry","ht_kb_category-congregation-et-instituts-religieux","ht_kb_tag-etude"],"_links":{"self":[{"href":"https:\/\/www.marianistes.com\/documentation\/wp-json\/wp\/v2\/ht_kb\/2296"}],"collection":[{"href":"https:\/\/www.marianistes.com\/documentation\/wp-json\/wp\/v2\/ht_kb"}],"about":[{"href":"https:\/\/www.marianistes.com\/documentation\/wp-json\/wp\/v2\/types\/ht_kb"}],"author":[{"embeddable":true,"href":"https:\/\/www.marianistes.com\/documentation\/wp-json\/wp\/v2\/users\/151"}],"replies":[{"embeddable":true,"href":"https:\/\/www.marianistes.com\/documentation\/wp-json\/wp\/v2\/comments?post=2296"}],"version-history":[{"count":1,"href":"https:\/\/www.marianistes.com\/documentation\/wp-json\/wp\/v2\/ht_kb\/2296\/revisions"}],"predecessor-version":[{"id":2831,"href":"https:\/\/www.marianistes.com\/documentation\/wp-json\/wp\/v2\/ht_kb\/2296\/revisions\/2831"}],"wp:attachment":[{"href":"https:\/\/www.marianistes.com\/documentation\/wp-json\/wp\/v2\/media?parent=2296"}],"wp:term":[{"taxonomy":"ht_kb_category","embeddable":true,"href":"https:\/\/www.marianistes.com\/documentation\/wp-json\/wp\/v2\/ht_kb_category?post=2296"},{"taxonomy":"ht_kb_tag","embeddable":true,"href":"https:\/\/www.marianistes.com\/documentation\/wp-json\/wp\/v2\/ht_kb_tag?post=2296"}],"curies":[{"name":"wp","href":"https:\/\/api.w.org\/{rel}","templated":true}]}}