{"id":2182,"date":"2016-10-12T10:06:23","date_gmt":"2016-10-12T09:06:23","guid":{"rendered":"http:\/\/www.marianistes.com\/documentation\/?post_type=ht_kb&#038;p=2182"},"modified":"2016-10-12T10:06:23","modified_gmt":"2016-10-12T09:06:23","slug":"chaminade-et-ses-premiers-collaborateurs","status":"publish","type":"ht_kb","link":"https:\/\/www.marianistes.com\/documentation\/docs\/chaminade-et-ses-premiers-collaborateurs\/","title":{"rendered":"Chaminade et ses premiers collaborateurs"},"content":{"rendered":"<p>Plusieurs auteurs nous ont donn\u00e9 une biographie du p\u00e8re Chaminade\u00a0: Simler, Lebon, Gizard, Vasey. Aussi il nous a paru int\u00e9ressant de prendre sous la loupe les collaborateurs de Chaminade.<br \/>\nNous commencerons par pr\u00e9senter <strong>Marie Th\u00e9r\u00e8se de Lamourous<\/strong> qui fut pendant quarante ans une fid\u00e8le collaboratrice du P\u00e8re Chaminade.<br \/>\nEnsuite nous allons suivre la relation entre <strong>Chaminade et Ad\u00e8le de Trenquell\u00e9on<\/strong>. Les lettres qu\u2019ils ont \u00e9chang\u00e9es nous permettent de suivre pas \u00e0 pas la fondation des Filles de Marie Immacul\u00e9e.<br \/>\nEnfin, nous examinerons la <strong>relation houleuse mais combien f\u00e9conde entre Chaminade et J.B. Lalanne<\/strong>. La R\u00e8gle de la Soci\u00e9t\u00e9 de Marie de 1839 doit beaucoup \u00e0 leur collaboration.<\/p>\n<p>Notre bienheureux Fondateur nous apparait ainsi sous un nouveau jour, dans ses luttes quotidiennes, les d\u00e9cisions parfois difficiles qu\u2019il doit prendre, les malentendus, mais aussi l\u2019affection paternelle qu\u2019il porte \u00e0 chacun de ses collaborateurs ou collaboratrices.<\/p>\n<p>Notre m\u00e9thode a consist\u00e9 essentiellement \u00e0 exploiter les \u00e9tudes historiques existantes, et ensuite \u00e0 relever\u00a0 les textes de Ecrits et Paroles ou des Lettres qui se rapportent \u00e0 notre sujet. Cela nous a permis de limiter notre sujet et d\u2019\u00e9viter d\u2019\u00eatre noy\u00e9 dans la multitude de textes,\u00a0 mais en m\u00eame temps de d\u00e9couvrir la pens\u00e9e du Fondateur \u00ab\u00a0de premi\u00e8re main\u00a0\u00bb.<\/p>\n<p>Les larges extraits que nous citons nous donnent l\u2019occasion de nous familiariser avec les documents originaux. Aborder ces documents sans une m\u00e9thode clairement d\u00e9finie serait le meilleur moyen pour se d\u00e9courager et se d\u00e9gouter d\u2019\u00e9tudier les documents marianistes.<\/p>\n<blockquote><p>Or, nous avons besoin de boire \u00e0 la source si nous voulons nous impr\u00e9gner de toute la saveur de notre charisme.<\/p><\/blockquote>\n<p>Notre \u00e9tude se limite \u00e0 trois des principaux collaborateurs du P. Chaminade.<\/p>\n<p>Il serait int\u00e9ressant d\u2019\u00e9tudier aussi la collaboration avec les autres\u00a0 \u00ab\u00a0fondateurs\u00a0\u00bb de la Soci\u00e9t\u00e9 de Marie, les Clouzet, Caillet, Fontaine,\u00a0 et les autres. Il y a l\u00e0 du pain sur la planche pour nos maisons de formation.<\/p>\n<h5 id=\"lire-la-suite-document-pdf-de-188-pages\" >Lire la suite document PDF de 188 pages<\/h5>\n<iframe src=\"\/\/docs.google.com\/viewer?url=http%3A%2F%2Fmedia.marianistes.com%2Fmedia-mf%2Flivres%2Fchaminade-et-ses-collaborateurs.pdf&hl=fr&embedded=true\" class=\"gde-frame\" style=\"width:100%; height:500px; border: none;\" scrolling=\"no\"><\/iframe>\n<p class=\"gde-text\"><a href=\"http:\/\/media.marianistes.com\/media-mf\/livres\/chaminade-et-ses-collaborateurs.pdf\" class=\"gde-link\">T\u00e9l\u00e9charger (PDF, Inconnu)<\/a><\/p>\n<h5 id=\"_\" ><\/h5>\n<p>&nbsp;<\/p>\n<p>&nbsp;<\/p>\n","protected":false},"author":126,"comment_status":"closed","ping_status":"closed","template":"","format":"standard","meta":{"footnotes":""},"ht_kb_category":[114],"ht_kb_tag":[123],"class_list":["post-2182","ht_kb","type-ht_kb","status-publish","format-standard","hentry","ht_kb_category-livres","ht_kb_tag-etude"],"_links":{"self":[{"href":"https:\/\/www.marianistes.com\/documentation\/wp-json\/wp\/v2\/ht_kb\/2182"}],"collection":[{"href":"https:\/\/www.marianistes.com\/documentation\/wp-json\/wp\/v2\/ht_kb"}],"about":[{"href":"https:\/\/www.marianistes.com\/documentation\/wp-json\/wp\/v2\/types\/ht_kb"}],"author":[{"embeddable":true,"href":"https:\/\/www.marianistes.com\/documentation\/wp-json\/wp\/v2\/users\/126"}],"replies":[{"embeddable":true,"href":"https:\/\/www.marianistes.com\/documentation\/wp-json\/wp\/v2\/comments?post=2182"}],"version-history":[{"count":2,"href":"https:\/\/www.marianistes.com\/documentation\/wp-json\/wp\/v2\/ht_kb\/2182\/revisions"}],"predecessor-version":[{"id":2761,"href":"https:\/\/www.marianistes.com\/documentation\/wp-json\/wp\/v2\/ht_kb\/2182\/revisions\/2761"}],"wp:attachment":[{"href":"https:\/\/www.marianistes.com\/documentation\/wp-json\/wp\/v2\/media?parent=2182"}],"wp:term":[{"taxonomy":"ht_kb_category","embeddable":true,"href":"https:\/\/www.marianistes.com\/documentation\/wp-json\/wp\/v2\/ht_kb_category?post=2182"},{"taxonomy":"ht_kb_tag","embeddable":true,"href":"https:\/\/www.marianistes.com\/documentation\/wp-json\/wp\/v2\/ht_kb_tag?post=2182"}],"curies":[{"name":"wp","href":"https:\/\/api.w.org\/{rel}","templated":true}]}}