{"id":1808,"date":"2016-02-08T09:52:03","date_gmt":"2016-02-08T08:52:03","guid":{"rendered":"http:\/\/www.marianistes.com\/documentation\/?post_type=ht_kb&#038;p=1808"},"modified":"2019-05-22T16:26:12","modified_gmt":"2019-05-22T15:26:12","slug":"loraison-a-lecole-de-guillaume-joseph-chaminade","status":"publish","type":"ht_kb","link":"https:\/\/www.marianistes.com\/documentation\/docs\/loraison-a-lecole-de-guillaume-joseph-chaminade\/","title":{"rendered":"L&#8217;oraison \u00e0 l\u2019\u00e9cole de Guillaume-Joseph Chaminade"},"content":{"rendered":"<p>SYMBOLE DES APOTRES<\/p>\n<p>Je crois en Dieu, le <strong>P\u00e8re <\/strong>tout-puissant, Cr\u00e9ateur du ciel et de la terre.<br>Et en J\u00e9sus Christ, son <strong>Fils <\/strong>unique, notre Seigneur,<br>qui a \u00e9t\u00e9 con\u00e7u du Saint-Esprit, est n\u00e9 de la Vierge Marie,<br>a souffert sous Ponce Pilate,<br>a \u00e9t\u00e9 crucifi\u00e9, est mort et a \u00e9t\u00e9 enseveli, est descendu aux enfers,<br>le troisi\u00e8me jour est ressuscit\u00e9 des morts, est mont\u00e9 aux cieux,<br>est assis \u00e0 la droite de Dieu le P\u00e8re tout-puissant, d&#8217;o\u00f9 il viendra juger les vivants et les morts.<br>Je crois en l&#8217;<strong>Esprit Saint<\/strong>, \u00e0 la sainte Eglise catholique, \u00e0 la communion des saints,<br>\u00e0 la r\u00e9mission des p\u00e9ch\u00e9s, \u00e0 la r\u00e9surrection de la chair, \u00e0 la vie \u00e9ternelle. AMEN !<\/p>\n<p>SYMBOLE DE NICEE<\/p>\n<p>Je crois en un seul Dieu, le <strong>P\u00e8re <\/strong>tout-puissant, cr\u00e9ateur du ciel et de la terre,<br>de l&#8217;univers visible et invisible.<br>Je crois en un seul Seigneur, J\u00e9sus Christ, le <strong>Fils <\/strong>unique de Dieu,<br>n\u00e9 du P\u00e8re avant tous les si\u00e8cles.<br>Il est Dieu, n\u00e9 de Dieu,<br>Lumi\u00e8re, n\u00e9e de la lumi\u00e8re, vrai Dieu n\u00e9 du vrai Dieu.<br>Engendr\u00e9, non pas cr\u00e9\u00e9, de m\u00eame nature que le P\u00e8re<br>et par Lui tout a \u00e9t\u00e9 fait.<br>Pour nous les hommes et pour notre salut, il descendit du ciel.<br>Par l&#8217;Esprit Saint, il a pris chair de la Vierge Marie, et s&#8217;est fait homme.<br>Crucifi\u00e9 pour nous sous Ponce Pilate,<br>il souffrit sa passion et fut mis au tombeau.<br>Il ressuscita le troisi\u00e8me jour, conform\u00e9ment aux Ecritures, et il monta au ciel ;<br>il est assis \u00e0 la droite du P\u00e8re.<br>Il reviendra dans la gloire, pour juger les vivants et les morts ;<br>et son r\u00e8gne n&#8217;aura pas de fin.<\/p>\n<p>Je crois en l&#8217;<strong>Esprit Saint<\/strong>,<br>qui est Seigneur et qui donne la vie ; il proc\u00e8de du P\u00e8re et du Fils.<br>Avec le P\u00e8re et le Fils,<br>il re\u00e7oit m\u00eame adoration et m\u00eame gloire ; il a parl\u00e9 par les proph\u00e8tes.<br>Je crois en l&#8217;Eglise,<br>une, sainte, catholique et apostolique.<br>Je reconnais un seul bapt\u00eame pour le pardon des p\u00e9ch\u00e9s.<br>J&#8217;attends la r\u00e9surrection des morts, et la vie du monde \u00e0 venir. <strong>AMEN !<\/strong><\/p>\n<p>I\u00e8re Partie &#8211;&nbsp;Quentin HAKENEWERTH SM<\/p>\n<h1 id=\"la-vie-en-abondance\" >La vie en abondance<\/h1>\n<p><strong>Nota <\/strong>: Les r\u00e9f\u00e9rences \u00e0 la Bible au bas de chaque chapitre de cette premi\u00e8re partie veulent davantage inviter \u00e0 prolonger la r\u00e9flexion et la m\u00e9ditation \u00e0 l\u2019aide de la Parole de Dieu qu\u2019indiquer de mani\u00e8re pr\u00e9cise le passage biblique auquel il est fait allusion. Dans le texte, les renvois entre parenth\u00e8ses font souvent un lien entre tel passage et la Bible, plut\u00f4t que telle phrase ou mot pr\u00e9cis.<\/p>\n<p><strong>PR\u00c9FACE<\/strong><\/p>\n<p><em>&#8220;Moi je suis venu pour que les hommes aient&nbsp;<\/em><em>la vie et qu\u2019ils l&#8217;aient en abondance&#8221; <\/em>(Jn 10,10).<\/p>\n<p>Cette vie de J\u00e9sus, nous la d\u00e9sirons ardemment et nous la recherchons comme un tr\u00e9sor.<\/p>\n<p>La pri\u00e8re, et plus particuli\u00e8rement l&#8217;oraison, est le moyen pour nous d\u2019entrer dans la vie en pl\u00e9nitude.<\/p>\n<p>Encore faut-il la faire bien, cette oraison ! La qualit\u00e9 de notre pri\u00e8re est plus importante que la quantit\u00e9, la dur\u00e9e. Pour apprendre \u00e0 bien faire oraison nous avons int\u00e9r\u00eat \u00e0 nous mettre \u00e0 l&#8217;\u00e9cole de ma\u00eetres de pri\u00e8re.<\/p>\n<p>Parmi eux nous connaissons le P.CHAMINADE, fondateur de la Famille marianiste (religieuses,&nbsp;&nbsp; religieux, la\u00efcs consacr\u00e9s, la\u00efcs engag\u00e9s). I1 a consacr\u00e9 beaucoup de temps et d&#8217;\u00e9nergie \u00e0 enseigner l&#8217;art de l&#8217;oraison \u00e0 ses disciples. I1 nous enseigne les principes de base d&#8217;une m\u00e9thode d&#8217;oraison valable pour tous.<\/p>\n<p>Les enseignements spirituels qui suivent sont destin\u00e9s \u00e0 nourrir directement la pri\u00e8re et l\u2019oraison, voil\u00e0 pourquoi ils sont accompagn\u00e9s de&nbsp;&nbsp;&nbsp;&nbsp; nombreuses&nbsp;&nbsp;&nbsp;&nbsp; r\u00e9f\u00e9rences&nbsp;&nbsp;&nbsp;&nbsp; \u00e0&nbsp;&nbsp;&nbsp;&nbsp; la&nbsp;&nbsp; Bible.<\/p>\n<p>Enseignement et pri\u00e8re, m\u00e9ditation, doivent aller de pair.<\/p>\n<p>En accueillant les enseignements de ce fascicule, \u00e9coutez le Seigneur et Marie sa M\u00e8re parler \u00e0 votre c\u0153ur. Laissez-vous introduire par eux dans la vie, dans <em>la vie en abondance <\/em>promise par J\u00e9sus !<\/p>\n<h2 id=\"verite-fondamentale-pour-notre-vie\" >V\u00e9rit\u00e9 fondamentale pour notre vie<\/h2>\n<p>Dieu nous a cr\u00e9\u00e9s de rien et il nous maintient toujours dans l&#8217;existence (1) : telle est la v\u00e9rit\u00e9 premi\u00e8re de notre vie et la plus fondamentale de notre relation avec Dieu. Nous ne pensons pas toujours \u00e0 cela, bien s\u00fbr, et souvent nous en restons au niveau plus superficiel de nos besoins imm\u00e9diats : manger, dormir, travailler, gagner notre pain, nous amuser, rencontrer nos amis&#8230; Cependant, au plus profond de notre \u00eatre il y a ce \u2018c\u0153ur\u2019, ce centre o\u00f9 nous sommes en communion avec Dieu notre Cr\u00e9ateur et notre P\u00e8re (2). Cette relation profonde avec Dieu est vitale pour nous : constamment l&#8217;amour cr\u00e9ateur de Dieu nous fait \u00eatre, il est notre source de vie, de force, d&#8217;\u00e9nergie spirituelle. C&#8217;est au niveau de ce \u2018c\u0153ur\u2019 \u00e9galement que nous le rejoignons quand nous cherchons et accomplissons sa volont\u00e9.<\/p>\n<p><strong>Lire la suite &#8211; Document PDF&nbsp;&#8211; 160&nbsp;pages<\/strong><\/p>\n\n<a href=\"https:\/\/www.marianistes.com\/documentation\/wp-content\/uploads\/sites\/2\/2016\/02\/oraison.pdf\" class=\"pdfemb-viewer\" style=\"height:550px;\" data-width=\"max\" data-height=\"550\" data-toolbar=\"bottom\" data-toolbar-fixed=\"on\">oraison<\/a>\n<p class=\"wp-block-pdfemb-pdf-embedder-viewer\"><\/p>\n","protected":false},"author":173,"comment_status":"closed","ping_status":"closed","template":"","format":"standard","meta":{"footnotes":""},"ht_kb_category":[159],"ht_kb_tag":[123],"class_list":["post-1808","ht_kb","type-ht_kb","status-publish","format-standard","hentry","ht_kb_category-itineraire-spirituel","ht_kb_tag-etude"],"_links":{"self":[{"href":"https:\/\/www.marianistes.com\/documentation\/wp-json\/wp\/v2\/ht_kb\/1808"}],"collection":[{"href":"https:\/\/www.marianistes.com\/documentation\/wp-json\/wp\/v2\/ht_kb"}],"about":[{"href":"https:\/\/www.marianistes.com\/documentation\/wp-json\/wp\/v2\/types\/ht_kb"}],"author":[{"embeddable":true,"href":"https:\/\/www.marianistes.com\/documentation\/wp-json\/wp\/v2\/users\/173"}],"replies":[{"embeddable":true,"href":"https:\/\/www.marianistes.com\/documentation\/wp-json\/wp\/v2\/comments?post=1808"}],"version-history":[{"count":2,"href":"https:\/\/www.marianistes.com\/documentation\/wp-json\/wp\/v2\/ht_kb\/1808\/revisions"}],"predecessor-version":[{"id":2873,"href":"https:\/\/www.marianistes.com\/documentation\/wp-json\/wp\/v2\/ht_kb\/1808\/revisions\/2873"}],"wp:attachment":[{"href":"https:\/\/www.marianistes.com\/documentation\/wp-json\/wp\/v2\/media?parent=1808"}],"wp:term":[{"taxonomy":"ht_kb_category","embeddable":true,"href":"https:\/\/www.marianistes.com\/documentation\/wp-json\/wp\/v2\/ht_kb_category?post=1808"},{"taxonomy":"ht_kb_tag","embeddable":true,"href":"https:\/\/www.marianistes.com\/documentation\/wp-json\/wp\/v2\/ht_kb_tag?post=1808"}],"curies":[{"name":"wp","href":"https:\/\/api.w.org\/{rel}","templated":true}]}}