{"id":1800,"date":"2016-02-08T09:29:49","date_gmt":"2016-02-08T08:29:49","guid":{"rendered":"http:\/\/www.marianistes.com\/documentation\/?post_type=ht_kb&#038;p=1800"},"modified":"2019-05-23T13:09:15","modified_gmt":"2019-05-23T12:09:15","slug":"la-vie-spirituelle-selon-le-pere-chaminade","status":"publish","type":"ht_kb","link":"https:\/\/www.marianistes.com\/documentation\/docs\/la-vie-spirituelle-selon-le-pere-chaminade\/","title":{"rendered":"La vie spirituelle selon le P\u00e8re Chaminade"},"content":{"rendered":"<h4 id=\"une-proposition-pour-aujourdhui\" >Une proposition pour aujourd\u2019hui<\/h4>\n<p>M\u00e9moire d\u2019ann\u00e9e sabbatique<\/p>\n<p>En reconnaissance pour l\u2019oeuvre du P\u00e8re Armbruster,\u00a0retourn\u00e9 vers le P\u00e8re pendant la r\u00e9daction de ce document.<\/p>\n<p>Il nous a fait entrer dans l\u2019esprit du P\u00e8re Chaminade pendant le noviciat et nous a donn\u00e9 le go\u00fbt d\u2019aller puiser \u00e0 la source pour mieux le conna\u00eetre.<br \/>Sans son immense travail de classement, de publication de tout ce qui a \u00e9man\u00e9 du P\u00e8re Chaminade, ma r\u00e9flexion n\u2019aurait pas \u00e9t\u00e9 possible cette ann\u00e9e.<br \/>Qu\u2019il en soit remerci\u00e9, et que Dieu soit b\u00e9ni de nous l\u2019avoir donn\u00e9.<br \/>Philippe MOLAC<a href=\"#_ftn1\" name=\"_ftnref1\">*<\/a>, p.s.s.<\/p>\n<p><strong>AVANT-PROPOS<\/strong><\/p>\n<p>Notre collection des cahiers de th\u00e9ologie spirituelle a la joie d\u2019accueillir une publication sur le p\u00e8re Chaminade [1761-1850]. Ce pr\u00eatre b\u00e9atifi\u00e9 pendant l\u2019ann\u00e9e jubilaire 2000 par le pape Jean-Paul II est connu de nos contr\u00e9es aquitaines et gasconnes comme le fondateur d\u2019un Institut religieux, la <em>Soci\u00e9t\u00e9 de Marie<\/em>, plus connue sous le nom de \u00ab\u00a0Marianistes\u00a0\u00bb. Mais sait-on que cette cr\u00e9ation a d\u2019abord trouv\u00e9 ses assises dans la veine d\u2019autres fondations ant\u00e9c\u00e9dentes, fruits du souci pastoral du Bienheureux. Les la\u00efcs, et les jeunes en particulier, \u00e9taient son terreau de pr\u00e9dilection. Il les formait pour la mission. Aid\u00e9 et soutenu par Ad\u00e8le de Trenquell\u00e9on, il fonde en 1816 le premier embryon de ce qui devient la congr\u00e9gation des <em>Filles de Marie<\/em>.<\/p>\n<p>En quelques pages claires et bien structur\u00e9es, s\u0153ur Dominique Saunier, qui fut pendant huit ans provinciale de France de cette congr\u00e9gation, nous guide dans une lecture et une r\u00e9appropriation des m\u00e9thodes d\u2019oraison du p\u00e8re Chaminade. Un travail dense et rigoureux lui a permis de d\u00e9terminer \u00e0 quelles sources de l\u2019histoire de la spiritualit\u00e9 chr\u00e9tienne le Bienheureux a puis\u00e9. Comment les a-t-il int\u00e9gr\u00e9es \u00e0 sa propre exp\u00e9rience\u00a0? Comment ces m\u00e9thodes ont-elles aussi \u00e9volu\u00e9 en fonction des \u00e9tapes de sa vie\u00a0? Et surtout comment peuvent-elles aujourd\u2019hui nous aider \u00e0 nous structurer dans un chemin exigeant de foi et de v\u00e9rit\u00e9.<\/p>\n<p>Nous sommes heureux que la congr\u00e9gation des \u00ab\u00a0Filles de Marie\u00a0\u00bb, par le choix des sup\u00e9rieures, fasse \u00e9diter cette recherche dans notre collection. Cela nous permet ainsi de mieux entrer dans les richesses des courants spirituels du XIX\u00e8me si\u00e8cle. Un si\u00e8cle si f\u00e9cond en aventures missionnaires en France, et pourtant par certains aspects un si\u00e8cle encore mal connu. Ce \u00ab\u00a0cahier\u00a0\u00bb vient d\u00e9j\u00e0 donner un bel \u00e9clairage, puisse-t-il \u00eatre suivi par d\u2019autres. Nous remercions s\u0153ur Dominique Saunier pour son beau travail.<br \/>S\u0153ur Marie-Jo\u00eblle BEC, f.m.i.<a href=\"#_ftn2\" name=\"_ftnref2\">*<\/a><\/p>\n<p><strong>PREFACE<\/strong><\/p>\n<p>S\u0153ur Dominique Saunier m\u2019a invit\u00e9e \u00e0 r\u00e9diger une pr\u00e9face au m\u00e9moire qu\u2019elle vient d\u2019achever sur \u00ab\u00a0<strong>la vie spirituelle selon le P\u00e8re Chaminade\u00a0: une proposition pour aujourd\u2019hui<\/strong>\u00a0\u00bb.<\/p>\n<p>Je suis tr\u00e8s heureuse que S\u0153ur Dominique ait consacr\u00e9 son ann\u00e9e sabbatique, apr\u00e8s ses mandats de sup\u00e9rieure provinciale de France, \u00e0 l\u2019\u00e9tude de textes sur lesquels le P\u00e8re Chaminade s\u2019est appuy\u00e9, pour former les religieuses et religieux qu\u2019il avait rassembl\u00e9s pour annoncer la foi dans une Eglise de France que la R\u00e9volution fran\u00e7aise et le culte de la d\u00e9esse raison avait fortement \u00e9branl\u00e9e. Je la remercie tr\u00e8s sinc\u00e8rement pour ce travail que j\u2019attendais et que j\u2019ai lu avec beaucoup d\u2019int\u00e9r\u00eat.<\/p>\n<p><a href=\"#_ftnref1\" name=\"_ftn1\">*<\/a> Doyen de la facult\u00e9 de th\u00e9ologie<br \/><a href=\"#_ftnref2\" name=\"_ftn2\">*<\/a> Sup\u00e9rieure G\u00e9n\u00e9rale des Soeurs Marianistes (f.m.i.)<\/p>\n<p><strong>Lire la suite &#8211; Document Word &#8211; 159 pages<\/strong><\/p>\n\n\n<div class=\"wp-block-file\"><a href=\"http:\/\/www.marianistes.com\/documentation\/wp-content\/uploads\/sites\/2\/2016\/02\/vie-spirituelle-chaminade.docx\">vie-spirituelle-chaminade<\/a><a href=\"http:\/\/www.marianistes.com\/documentation\/wp-content\/uploads\/sites\/2\/2016\/02\/vie-spirituelle-chaminade.docx\" class=\"wp-block-file__button\" download>T\u00e9l\u00e9charger<\/a><\/div>\n","protected":false},"author":141,"comment_status":"closed","ping_status":"closed","template":"","format":"standard","meta":{"footnotes":""},"ht_kb_category":[159],"ht_kb_tag":[123],"class_list":["post-1800","ht_kb","type-ht_kb","status-publish","format-standard","hentry","ht_kb_category-itineraire-spirituel","ht_kb_tag-etude"],"_links":{"self":[{"href":"https:\/\/www.marianistes.com\/documentation\/wp-json\/wp\/v2\/ht_kb\/1800"}],"collection":[{"href":"https:\/\/www.marianistes.com\/documentation\/wp-json\/wp\/v2\/ht_kb"}],"about":[{"href":"https:\/\/www.marianistes.com\/documentation\/wp-json\/wp\/v2\/types\/ht_kb"}],"author":[{"embeddable":true,"href":"https:\/\/www.marianistes.com\/documentation\/wp-json\/wp\/v2\/users\/141"}],"replies":[{"embeddable":true,"href":"https:\/\/www.marianistes.com\/documentation\/wp-json\/wp\/v2\/comments?post=1800"}],"version-history":[{"count":1,"href":"https:\/\/www.marianistes.com\/documentation\/wp-json\/wp\/v2\/ht_kb\/1800\/revisions"}],"predecessor-version":[{"id":2692,"href":"https:\/\/www.marianistes.com\/documentation\/wp-json\/wp\/v2\/ht_kb\/1800\/revisions\/2692"}],"wp:attachment":[{"href":"https:\/\/www.marianistes.com\/documentation\/wp-json\/wp\/v2\/media?parent=1800"}],"wp:term":[{"taxonomy":"ht_kb_category","embeddable":true,"href":"https:\/\/www.marianistes.com\/documentation\/wp-json\/wp\/v2\/ht_kb_category?post=1800"},{"taxonomy":"ht_kb_tag","embeddable":true,"href":"https:\/\/www.marianistes.com\/documentation\/wp-json\/wp\/v2\/ht_kb_tag?post=1800"}],"curies":[{"name":"wp","href":"https:\/\/api.w.org\/{rel}","templated":true}]}}