{"id":1670,"date":"2016-02-07T12:01:28","date_gmt":"2016-02-07T11:01:28","guid":{"rendered":"http:\/\/www.marianistes.com\/documentation\/?post_type=ht_kb&#038;p=1670"},"modified":"2016-02-07T12:18:49","modified_gmt":"2016-02-07T11:18:49","slug":"la-foi-don-de-dieu-vecu-dans-la-communion-de-toute-leglise-la-foi-don-de-dieu-vecu-dans-la-communion-de-toute-leglise-dans-tous-les-etats-de-vie-la-foi-a-son-origine-dans-l","status":"publish","type":"ht_kb","link":"https:\/\/www.marianistes.com\/documentation\/docs\/la-foi-don-de-dieu-vecu-dans-la-communion-de-toute-leglise-la-foi-don-de-dieu-vecu-dans-la-communion-de-toute-leglise-dans-tous-les-etats-de-vie-la-foi-a-son-origine-dans-l\/","title":{"rendered":"La foi, don de Dieu, v\u00e9cu dans la communion de toute l\u2019Eglise dans tous les \u00e9tats de vie"},"content":{"rendered":"<h1 id=\"la-foi-a-son-origine-dans-linitiative-de-dieu\" >La foi a son origine dans l\u2019initiative de Dieu<\/h1>\n<p>C\u2019est Dieu, en effet, qui d\u00e9voile \u00e0 qui Il veut et quand Il veut son intimit\u00e9 et invite \u00e0 participer \u00e0 sa vie divine. La foi suppose alors une relation personnelle avec Lui,\u00a0une relation faite de confiance et d\u2019amour\u00a0: \u00ab\u00a0 <em>l\u2019aimer, de tout son c\u0153ur, de toute son \u00e2me, de toute sa force<\/em>.\u00a0\u00bb Dt.6,4. <em>\u00ab La foi, c\u2019est d\u00e9cider d\u2019\u00eatre avec le Seigneur pour vivre avec lui.\u00a0\u00bb<\/em> (Porta Fidei 10)<\/p>\n<p>La foi se vit ainsi sur le registre de l\u2019alliance. Le Seigneur s\u2019engage avec nous, Il nous livre ce qu\u2019Il est. En son Fils, la Parole incarn\u00e9e, Il nous dit tout de Lui. Dieu se propose. En son Fils, il se fait vuln\u00e9rable, mendiant d\u2019amour. <em>\u00ab\u00a0Il se tient \u00e0 la porte et Il frappe\u00a0\u00bb.<\/em><\/p>\n<p>Nous pouvons choisir d\u2019ouvrir notre c\u0153ur ou non \u00e0 cet amour en attente.<\/p>\n<p>Si nous r\u00e9pondons \u00e0 cet amour, alors nous nous engageons sur un chemin de foi qui nous conduira \u00e0 accueillir J\u00e9sus et \u00e0 vivre par Lui, avec Lui et en Lui pour la gloire du P\u00e8re.<\/p>\n<h1 id=\"la-foi-se-vit-dans-la-communion-de-toute-leglise\" >La foi se vit dans la communion de toute l\u2019Eglise<\/h1>\n<p>\u00ab\u00a0<em>Suivre J\u00e9sus dans la foi, c\u2019est marcher avec Lui dans la communion de toute l\u2019Eglise. On ne peut pas suivre J\u00e9sus en solitaire<\/em>\u00a0\u00bb disait Beno\u00eet XVI aux JMJ de Madrid (21.8.2011)<\/p>\n<p>C\u2019est en vivant de la foi de l\u2019Eglise par une participation consciente et active aux sacrements, en particulier \u00e0 l\u2019Eucharistie, par un accueil de la Parole de Dieu, lue et partag\u00e9e communautairement, par un approfondissement des v\u00e9rit\u00e9s de la foi que notre foi se fortifie et se fait rayonnante.<\/p>\n<h2 id=\"chacun-selon-sa-vocation\" >Chacun selon sa vocation<\/h2>\n<p>L\u2019image du corps que Paul aime d\u00e9velopper dans ses lettres est bien parlante. Dans ce Corps qu\u2019est l\u2019Eglise chacun r\u00e9pond \u00e0 l\u2019amour du Seigneur \u00e0 partir de sa vocation dans le mariage, le minist\u00e8re presbyt\u00e9ral, la vie religieuse, le c\u00e9libat consacr\u00e9 ou non\u2026<\/p>\n<p>Au bapt\u00eame nous avons tous \u00e9t\u00e9 faits rois, pr\u00eatres, proph\u00e8tes. Mais si tous, pour \u00eatre fid\u00e8les \u00e0 notre bapt\u00eame, nous avons \u00e0 incarner ces diff\u00e9rentes expressions de notre vocation chr\u00e9tienne, il me semble que chaque vocation met en quelque sorte l\u2019accent sur l\u2019une de ces dimensions et peut ainsi rappeler aux autres ce qu\u2019elle est appel\u00e9e \u00e0 vivre.<\/p>\n<p><strong>Les la\u00efcs<\/strong> qu\u2019ils soient mari\u00e9s, c\u00e9libataires consacr\u00e9s ou non, nous redisent l\u2019importance de la cr\u00e9ation, de la fa\u00e7on de g\u00e9rer les biens de ce monde pour que chacun puisse vivre dans la dignit\u00e9. Ils sont en quelque sorte les g\u00e9rants du Royaume de Dieu sur la terre. Les couples nous font d\u00e9couvrir la beaut\u00e9 de l\u2019alliance v\u00e9cue dans l\u2019amour et le don mutuel. Ils ont pour mission de veiller sur la famille et de participer \u00e0 l\u2019extension et au progr\u00e8s du r\u00e8gne du Christ dans le monde.<\/p>\n<p><strong>Le pr\u00eatre<\/strong>, de par son minist\u00e8re, nous rappelle la pr\u00e9sence du Christ qui donne la Vie et qui reprend tout dans l\u2019offrande m\u00eame du Christ \u00e0 son P\u00e8re. Il nous engage \u00e0 prendre conscience que tout ce que nous faisons est appel\u00e9 \u00e0 devenir louange \u00e0 la gloire de Dieu.<\/p>\n<p>Les <strong>religieux\/ses<\/strong>, pour leur part, mettent en lumi\u00e8re la dimension proph\u00e9tique de toute vocation chr\u00e9tienne. Ils fondent leur vie sur la Parole, se rendent disponibles pour la mission, le regard fix\u00e9 sur J\u00e9sus et avec Lui sur les r\u00e9alit\u00e9s \u00e0 venir. De cette fa\u00e7on, ils t\u00e9moignent que tout est appel\u00e9 \u00e0 \u00eatre transfigur\u00e9 dans la vie qui ne finit pas.<\/p>\n<h2 id=\"dans-une-eglise-communion\" >Dans une Eglise-communion<\/h2>\n<p>Si tous, fid\u00e8les \u00e0 notre vocation, nous cherchons \u00e0 vivre toujours plus de la foi, nous ferons l\u2019exp\u00e9rience de ce que Beno\u00eet XVI disait encore aux jeunes\u00a0: \u00ab\u00a0<em>Avoir la foi, c\u2019est s\u2019appuyer sur la foi de tes fr\u00e8res, et que ta foi serve \u00e9galement d\u2019appui pour celle des autres<\/em>.\u00a0\u00bb (21.8.2011)<\/p>\n<p>Comptant les uns sur les autres, nous donnerons le t\u00e9moignage d\u2019une \u00e9glise qui est communion, une \u00e9glise o\u00f9 l\u2019on s\u2019\u00e9difie les uns les autres, o\u00f9 l\u2019on se stimule, o\u00f9 l\u2019on s\u2019aime.<\/p>\n<p>D\u00e9velopper une spiritualit\u00e9 de la communion, n\u2019est-ce pas ce \u00e0 quoi nous invitait Jean Paul II dans sa lettre apostolique pour le nouveau mill\u00e9naire\u00a0?<\/p>\n<p>Une telle spiritualit\u00e9 vaut pour tous quelle que soit notre vocation\u00a0: \u00ab\u00a0<em>Une spiritualit\u00e9 de la communion consiste avant tout en un regard du c\u0153ur port\u00e9 sur le myst\u00e8re de la Trinit\u00e9 qui habite en nous, et dont la lumi\u00e8re doit aussi \u00eatre per\u00e7ue sur le visage des fr\u00e8res qui sont \u00e0 nos c\u00f4t\u00e9s. Une spiritualit\u00e9 de la communion, cela veut dire la capacit\u00e9 d&#8217;\u00eatre attentif, dans l&#8217;unit\u00e9 profonde du Corps mystique, \u00e0 son fr\u00e8re dans la foi, le consid\u00e9rant donc comme \u00ab l&#8217;un des n\u00f4tres \u00bb, pour savoir partager ses joies et ses souffrances, pour deviner ses d\u00e9sirs et r\u00e9pondre \u00e0 ses besoins, pour lui offrir une amiti\u00e9 vraie et profonde. Une spiritualit\u00e9 de la communion est aussi la capacit\u00e9 de voir surtout ce qu&#8217;il y a de positif dans l&#8217;autre, pour l&#8217;accueillir et le valoriser comme un don de Dieu: un \u00ab don pour moi \u00bb, et pas seulement pour le fr\u00e8re qui l&#8217;a directement re\u00e7u. Une spiritualit\u00e9 de la communion, c&#8217;est enfin savoir \u00ab donner une place \u00bb \u00e0 son fr\u00e8re, en portant \u00ab les fardeaux les uns des autres \u00bb <\/em>(Ga\u00a06,2)<\/p>\n<p>N\u2019est-ce pas le signe fort que nous a donn\u00e9 le Pape Fran\u00e7ois lorsqu\u2019il a demand\u00e9 \u00e0 la foule mass\u00e9e sur la Place saint Pierre au jour de son \u00e9lection, de faire silence pour demander \u00e0 Dieu de le b\u00e9nir avant que lui-m\u00eame puisse donner la b\u00e9n\u00e9diction de Dieu au monde entier\u00a0?<\/p>\n","protected":false},"author":125,"comment_status":"closed","ping_status":"closed","template":"","format":"standard","meta":{"footnotes":""},"ht_kb_category":[158],"ht_kb_tag":[121],"class_list":["post-1670","ht_kb","type-ht_kb","status-publish","format-standard","hentry","ht_kb_category-foi","ht_kb_tag-homelie"],"_links":{"self":[{"href":"https:\/\/www.marianistes.com\/documentation\/wp-json\/wp\/v2\/ht_kb\/1670"}],"collection":[{"href":"https:\/\/www.marianistes.com\/documentation\/wp-json\/wp\/v2\/ht_kb"}],"about":[{"href":"https:\/\/www.marianistes.com\/documentation\/wp-json\/wp\/v2\/types\/ht_kb"}],"author":[{"embeddable":true,"href":"https:\/\/www.marianistes.com\/documentation\/wp-json\/wp\/v2\/users\/125"}],"replies":[{"embeddable":true,"href":"https:\/\/www.marianistes.com\/documentation\/wp-json\/wp\/v2\/comments?post=1670"}],"version-history":[{"count":2,"href":"https:\/\/www.marianistes.com\/documentation\/wp-json\/wp\/v2\/ht_kb\/1670\/revisions"}],"predecessor-version":[{"id":1685,"href":"https:\/\/www.marianistes.com\/documentation\/wp-json\/wp\/v2\/ht_kb\/1670\/revisions\/1685"}],"wp:attachment":[{"href":"https:\/\/www.marianistes.com\/documentation\/wp-json\/wp\/v2\/media?parent=1670"}],"wp:term":[{"taxonomy":"ht_kb_category","embeddable":true,"href":"https:\/\/www.marianistes.com\/documentation\/wp-json\/wp\/v2\/ht_kb_category?post=1670"},{"taxonomy":"ht_kb_tag","embeddable":true,"href":"https:\/\/www.marianistes.com\/documentation\/wp-json\/wp\/v2\/ht_kb_tag?post=1670"}],"curies":[{"name":"wp","href":"https:\/\/api.w.org\/{rel}","templated":true}]}}