{"id":1665,"date":"2016-02-07T11:58:50","date_gmt":"2016-02-07T10:58:50","guid":{"rendered":"http:\/\/www.marianistes.com\/documentation\/?post_type=ht_kb&#038;p=1665"},"modified":"2016-02-07T11:59:51","modified_gmt":"2016-02-07T10:59:51","slug":"croire-avec-adele-et-chaminade-le-bapteme-un-tresor-a-decouvrir","status":"publish","type":"ht_kb","link":"https:\/\/www.marianistes.com\/documentation\/docs\/croire-avec-adele-et-chaminade-le-bapteme-un-tresor-a-decouvrir\/","title":{"rendered":"Croire avec Ad\u00e8le et Chaminade Le bapt\u00eame : un tr\u00e9sor \u00e0 d\u00e9couvrir"},"content":{"rendered":"<p>Une ann\u00e9e de la foi commence. Beno\u00eet XVI \u00e9crit ainsi\u00a0:<\/p>\n<p>\u00ab\u00a0<em>La porte de la foi\u2019 qui introduit \u00e0 la vie en communion avec Dieu et permet l\u2019entr\u00e9e dans son Eglise est toujours ouverte pour nous\u2026Traverser cette porte implique de s\u2019engager sur un chemin qui dure toute la vie. Il commence avec le bapt\u00eame.<\/em>\u00a0\u00bb<\/p>\n<p>Cette introduction nous conduit \u00e0 revenir \u00e0 ce regard reconnaissant de nos deux Fondateurs sur le don du bapt\u00eame. Pour commencer, j\u2019aimerais relire ce qu\u2019Ad\u00e8le \u00e9crivait, \u00e0 la veille de ses 25 ans\u00a0:\u00a0<em>\u00ab\u00a0Je vais me pr\u00e9parer \u00e0 mon anniversaire de bapt\u00eame\u2026\u00a0J\u2019aurai 25 ans\u2026\u00a0Faisons un meilleur usage des ann\u00e9es que le bon Dieu nous accorde encore\u00a0: consacrons-lui l\u2019\u00e2ge m\u00fbr\u00a0; ne vivons plus que pour ce divin Sauveur\u2026Vous savez que nous devons \u00eatre de \u00ab\u00a0petits ap\u00f4tres\u00a0\u00bb\u2026<\/em><\/p>\n<p><em>Rendons-nous dignes de cette glorieuse vocation o\u00f9 le Seigneur nous appelle malgr\u00e9 notre indignit\u00e9.\u00a0<\/em>\u00bb 230.3.4<\/p>\n<p>Ad\u00e8le nous donne ici des pistes pour mieux vivre cette ann\u00e9e de la foi.<\/p>\n<p>Ainsi, \u00e0 l\u2019\u00e9coute de nos Fondateurs, allons-nous commencer par red\u00e9couvrir notre bapt\u00eame. Chaminade, par exemple, nous rappelle que \u00ab\u00a0<em>la gr\u00e2ce de la R\u00e9demption, qui nous est appliqu\u00e9e par le saint bapt\u00eame, nous \u2026fait participer \u00e0 la nature divine en nous associant \u00e0 la vie de l\u2019Homme-Dieu de mani\u00e8re \u00e0 n\u2019\u00eatre avec lui qu\u2019un seul et m\u00eame Christ.<\/em>\u00a0\u00bbE.F. II p.121<\/p>\n<p>Quant \u00e0 Ad\u00e8le, elle \u00e9crit\u00a0: \u00ab\u00a0<em>regardons-nous comme un temple o\u00f9 le Saint Esprit r\u00e9side par sa gr\u00e2ce. Nous lui avons \u00e9t\u00e9 consacr\u00e9s dans le saint bapt\u00eame<\/em>.\u00a0\u00bb 253.5<\/p>\n<p>Comment laisser cette gr\u00e2ce unique se d\u00e9velopper en nous\u00a0?<\/p>\n<p>Chaminade nous invite \u00e0 nous <u>en remettre \u00e0 Marie<\/u>. La contemplant il nous dit\u00a0:\u00a0<em>\u00ab\u00a0la fid\u00e9lit\u00e9 de Marie \u00e0 la gr\u00e2ce qu\u2019elle a re\u00e7ue d\u00e8s son origine, nous pr\u00e9sente le mod\u00e8le de la fid\u00e9lit\u00e9 que nous devons nous-m\u00eames \u00e0 la gr\u00e2ce qui nous a \u00e9t\u00e9 donn\u00e9e dans le bapt\u00eame<\/em>.\u00a0\u00bb EM I.164<\/p>\n<p>De fait, Marie a \u00e9t\u00e9 si pleinement fid\u00e8le \u00e0 sa gr\u00e2ce que le P\u00e8re l\u2019a trouv\u00e9e disponible pour lui confier la mission non seulement de donner son propre Fils, son Unique au monde mais encore de l\u2019\u00e9duquer, de le pr\u00e9parer \u00e0 sa mission.<\/p>\n<p>En acceptant de devenir par l\u2019action de l\u2019Esprit Saint, M\u00e8re du Fils de Dieu, Marie accueillait en germe sa mission de m\u00e8re de tous les enfants de Dieu, sa mission de les former \u00e0 la ressemblance de J\u00e9sus-Christ. A travers elle, nous d\u00e9couvrons que notre vie baptismale est un chemin de croissance dans la fid\u00e9lit\u00e9 \u00e0 l\u2019amour accueilli et donn\u00e9.<\/p>\n<p>De m\u00eame que Marie a v\u00e9cu pour son Seigneur, de m\u00eame nous sommes convi\u00e9s \u00e0 <u>vivre pour Lui <\/u>comme Ad\u00e8le le r\u00e9p\u00e8te souvent\u00a0: \u00ab\u00a0<em>oh\u00a0! puiss\u00e9-je la poss\u00e9der cette foi vive qui rend toutes les actions m\u00e9ritoires, m\u00eame les plus communes, en les faisant dans les vues de la foi. Faisons tout pour Dieu, nous lui appartenons par tant de titres<\/em>.\u00a0\u00bb160.6<\/p>\n<p>Et Chaminade de pr\u00e9ciser que nous avons \u00e0 tout juger \u00e0 la lumi\u00e8re de la foi\u00a0: \u00ab\u00a0 <em>Agir par la foi, pratiquer la foi et vivre de la foi, c\u2019est regarder tous les objets naturels ou surnaturels qui se pr\u00e9sentent \u00e0 nous dans la connaissance que Dieu en a et qu\u2019il nous en donne par la foi, et ensuite les examiner et les juger selon cette lumi\u00e8re pour y conformer notre vie.<\/em>\u00a0\u00bb E.F.I. chap.IV n\u00b0213<\/p>\n<blockquote><p>Nos fondateurs nous encouragent \u00e0 conformer notre vie au projet de Dieu.<\/p><\/blockquote>\n<p>Sans la foi, nous ne pouvons pas r\u00e9pondre \u00e0 notre mission. Vivre de la foi, ce n\u2019est pas simplement savoir que Dieu existe, ni acquiescer aux v\u00e9rit\u00e9s de la foi, c\u2019est nous rendre conscients de la pr\u00e9sence et de l\u2019amour de Dieu, c\u2019est vivre dans la d\u00e9pendance de la volont\u00e9 de Dieu.<\/p>\n<p>Que faisons-nous pour prendre conscience de cette pr\u00e9sence\u00a0? Il est si facile dans le quotidien de nos journ\u00e9es de nous laisser aller \u00e0 agir comme si nous \u00e9tions les seuls ma\u00eetres \u00e0 bord, sans tenir compte de ce que le Seigneur, la Vierge Marie attendent de nous.<\/p>\n<p>Nos deux Fondateurs ne se lassent pas de nous engager \u00e0 <u>faire fructifier le don re\u00e7u<\/u>. \u00ab\u00a0<em>Consid\u00e9rez que ce n\u2019est pas assez de recevoir les dons de Dieu, mais qu\u2019il les faut faire valoir. (\u2026) Toute l\u2019ambition des saints est de correspondre parfaitement \u00e0 la gr\u00e2ce.<\/em>\u00a0\u00bbE.M. I.582 \u00ab\u00a0 <em>Tendons toutes \u00e0 devenir des saintes\u00a0: c\u2019est l\u00e0 la volont\u00e9 de Dieu<\/em>\u00bb\u00a0 510.8<\/p>\n<p>La saintet\u00e9, n\u2019est-ce pas r\u00e9serv\u00e9 \u00e0 certaines personnes, autres que nous, bien s\u00fbr\u00a0? Mais non \u00ab\u00a0<em>Les saints sont des hommes comme nous.<\/em>\u00a0\u00bb 51.3<\/p>\n<p>Ad\u00e8le est convaincue que les saints le sont devenus \u00e0 force de correspondre aux appels du Seigneur, \u00e0 force d\u2019avancer dans la confiance\u00a0: \u00ab\u00a0<em>jamais de d\u00e9couragement, fissions-nous mille fautes par jour, relevons-nous avec confiance (\u2026) Le juste tombe, mais il se rel\u00e8ve voil\u00e0 la diff\u00e9rence avec le p\u00e9cheur<\/em>.\u00a0\u00bb 419.4<\/p>\n<p>Dans le m\u00eame sens, Chaminade encourage le P. Clouzet\u00a0: \u00ab\u00a0 <em>Nos peines et nos embarras, loin de nous d\u00e9courager, doivent sans cesse nous animer \u00e0 l\u2019\u0153uvre entreprise que nous croyons \u00eatre l\u2019\u0153uvre de Dieu.<\/em>\u00a0\u00bb lettre 501<\/p>\n<p>L\u2019expression privil\u00e9gi\u00e9e d\u2019Ad\u00e8le \u00ab\u00a0devenir des saintes\u00a0\u00bb\u00a0 indique bien qu\u2019il s\u2019agit d\u2019un cheminement. La saintet\u00e9 est un chemin, un chemin \u00e0 la suite du Christ qui nous appelle \u00e0 prendre notre croix de chaque jour et \u00e0 marcher derri\u00e8re lui (cf. Mc 8,34). Il n\u2019est pas surprenant, alors, que la voie de la saintet\u00e9 passe par les t\u00e9n\u00e8bres, par la mort avant de d\u00e9boucher sur la lumi\u00e8re, sur la vie.<\/p>\n<p>La saintet\u00e9 emprunte le chemin que le Christ a suivi dans sa P\u00e2que. \u00ab\u00a0<em>Nous sommes dans la carri\u00e8re des saints, n\u2019abandonnons pas les sacr\u00e9s \u00e9tendards de la Croix\u00a0! L\u2019enseigne est d\u00e9ploy\u00e9e, les saints nous ont pr\u00e9c\u00e9d\u00e9es, la route est trac\u00e9e<\/em>.\u00a0\u00bb 439.4<\/p>\n<p>En 1842, lors de la crise qui l\u2019oppose \u00e0 ses assistants, Chaminade commente ainsi la situation\u00a0:\u00a0\u00ab\u00a0<em>Si les d\u00e9mons pers\u00e9cutent sans cesse l\u2019Eglise de J\u00e9sus Christ, comment peuvent \u00eatre \u00e9pargn\u00e9s ceux qui voudront se r\u00e9unir dans le dessein de la soutenir, ceux surtout qui se d\u00e9clarent les enfants de Marie et qui se coalisent pr\u00e9cis\u00e9ment contre l\u2019empire de Satan\u00a0? Ne sommes-nous pas forts de la force que doit nous donner la premi\u00e8re proph\u00e9tie prononc\u00e9e contre le serpent<\/em>\u00a0?\u00a0\u00bb lettre 1266<\/p>\n<p>Le bapt\u00eame est bien la porte de ce chemin qui dure toute la vie pour s\u2019\u00e9panouir dans la pl\u00e9nitude de l\u2019amour qui nous est promise.<\/p>\n","protected":false},"author":3,"comment_status":"closed","ping_status":"closed","template":"","format":"standard","meta":{"footnotes":""},"ht_kb_category":[158],"ht_kb_tag":[128],"class_list":["post-1665","ht_kb","type-ht_kb","status-publish","format-standard","hentry","ht_kb_category-foi","ht_kb_tag-conference"],"_links":{"self":[{"href":"https:\/\/www.marianistes.com\/documentation\/wp-json\/wp\/v2\/ht_kb\/1665"}],"collection":[{"href":"https:\/\/www.marianistes.com\/documentation\/wp-json\/wp\/v2\/ht_kb"}],"about":[{"href":"https:\/\/www.marianistes.com\/documentation\/wp-json\/wp\/v2\/types\/ht_kb"}],"author":[{"embeddable":true,"href":"https:\/\/www.marianistes.com\/documentation\/wp-json\/wp\/v2\/users\/3"}],"replies":[{"embeddable":true,"href":"https:\/\/www.marianistes.com\/documentation\/wp-json\/wp\/v2\/comments?post=1665"}],"version-history":[{"count":1,"href":"https:\/\/www.marianistes.com\/documentation\/wp-json\/wp\/v2\/ht_kb\/1665\/revisions"}],"predecessor-version":[{"id":1669,"href":"https:\/\/www.marianistes.com\/documentation\/wp-json\/wp\/v2\/ht_kb\/1665\/revisions\/1669"}],"wp:attachment":[{"href":"https:\/\/www.marianistes.com\/documentation\/wp-json\/wp\/v2\/media?parent=1665"}],"wp:term":[{"taxonomy":"ht_kb_category","embeddable":true,"href":"https:\/\/www.marianistes.com\/documentation\/wp-json\/wp\/v2\/ht_kb_category?post=1665"},{"taxonomy":"ht_kb_tag","embeddable":true,"href":"https:\/\/www.marianistes.com\/documentation\/wp-json\/wp\/v2\/ht_kb_tag?post=1665"}],"curies":[{"name":"wp","href":"https:\/\/api.w.org\/{rel}","templated":true}]}}