{"id":1528,"date":"2016-02-05T14:26:24","date_gmt":"2016-02-05T13:26:24","guid":{"rendered":"http:\/\/www.marianistes.com\/documentation\/?post_type=ht_kb&#038;p=1528"},"modified":"2017-06-26T08:09:56","modified_gmt":"2017-06-26T07:09:56","slug":"les-caracteristiques-de-leducation-marianiste","status":"publish","type":"ht_kb","link":"https:\/\/www.marianistes.com\/documentation\/docs\/les-caracteristiques-de-leducation-marianiste\/","title":{"rendered":"Les caract\u00e9ristiques de l\u2019Education marianiste"},"content":{"rendered":"<p>Un document \u00e9tabli par une commission marianiste sous la direction de Thomas Giardino, SM, intitul\u00e9 <strong>Caract\u00e9ristiques de l\u2019Education marianiste<\/strong>, sert de r\u00e9f\u00e9rence, depuis plus de dix ans, \u00e0 toutes les institutions scolaires de la Soci\u00e9t\u00e9 de Marie \u00e0 travers le monde.<\/p>\n<p>Les conditions politiques, sociales, culturelles sont tr\u00e8s vari\u00e9es d\u2019un continent \u00e0 l\u2019autre, et un document \u00ab\u00a0universel\u00a0\u00bb risque de rester abstrait, en gommant toutes les particularit\u00e9s locales.<\/p>\n<p>Par ailleurs, un document compos\u00e9 par une commission, se veut \u00ab\u00a0neutre\u00a0\u00bb dans le langage et l\u2019expression. Lorsque de surcro\u00eet il a \u00e9t\u00e9 r\u00e9dig\u00e9 dans une autre langue \u2013 en l\u2019occurrence l\u2019anglais des Etats-Unis \u2013 la traduction l\u2019aseptise encore davantage in\u00e9vitablement.<\/p>\n<p>C\u2019est n\u00e9anmoins un document riche, dont l\u2019envergure couvre l\u2019ensemble de la question, et il est utilis\u00e9 avec profit par les corps \u00e9ducatifs de toutes les Unit\u00e9s de la Soci\u00e9t\u00e9 de Marie, partout o\u00f9 elle est pr\u00e9sente.<\/p>\n<p>Le document suivant en pr\u00e9sente l\u2019essentiel pour les \u00e9tablissements fran\u00e7ais et plus globalement de langue fran\u00e7aise sur divers continents.<\/p>\n<p>Le document original \u00e9num\u00e8re les cinq caract\u00e9ristiques globales de l\u2019Education marianiste, chacune sous un chapitre diff\u00e9rent. Cette pr\u00e9sentation risque de \u00ab\u00a0niveler\u00a0\u00bb ces caract\u00e9ristiques, en les pr\u00e9sentant sous chacune au m\u00eame niveau. En r\u00e9alit\u00e9 ces caract\u00e9ristiques forment un tout organis\u00e9, et non une simple \u00e9num\u00e9ration. Le document pr\u00e9sent tente de mettre en relief cette organisation et cette structure. Et ceci de la fa\u00e7on suivante\u00a0:<\/p>\n<p>Une <strong>introduction<\/strong> donne une vue de l\u2019homme \u00e0 partir de laquelle s\u2019organisera le sch\u00e9ma d\u2019ensemble.<\/p>\n<ul>\n<li><strong>La premi\u00e8re caract\u00e9ristique \u00ab\u00a0la foi\u00a0<\/strong>\u00bb, incarn\u00e9e dans le monde concret, est le <strong>point de d\u00e9part.<\/strong><\/li>\n<li><strong>La deuxi\u00e8me caract\u00e9ristique, \u00ab\u00a0une \u00e9ducation int\u00e9grale<\/strong>\u00a0\u00bb pr\u00e9sente la <strong>vis\u00e9e<\/strong>.<\/li>\n<li><strong>La troisi\u00e8me caract\u00e9ristique, \u00ab\u00a0esprit de famille\u00a0\u00bb,<\/strong> est le <strong>moyen<\/strong> d\u2019atteindre le but, par une \u00e9cole qui est une soci\u00e9t\u00e9\u2026. Mais une soci\u00e9t\u00e9 provisoire qui pr\u00e9pare \u00e0 la <strong>soci\u00e9t\u00e9<\/strong> \u00ab\u00a0adulte\u00a0\u00bb qui soit<\/li>\n<li><strong>une soci\u00e9t\u00e9 de justice et de paix (quatri\u00e8me caract\u00e9ristique<\/strong>) o\u00f9 \u00ab\u00a0chacun puisse trouver sa place\u00a0\u00bb<\/li>\n<li><strong>dans laquelle chacun soit pr\u00e9par\u00e9 \u00e0 \u00ab\u00a0s\u2019adapter au changement<\/strong>\u00a0\u00bb, (cinqui\u00e8me caract\u00e9ristique) autrement dit \u00e0 \u00ab\u00a0avoir prise sur son destin\u00a0\u00bb.<\/li>\n<\/ul>\n<p>On trouvera ci-apr\u00e8s un sch\u00e9ma simplifi\u00e9 regroupant ainsi le principe de d\u00e9part et les cinq caract\u00e9ristiques<\/p>\n<p>Puis \u00e0 la suite un sch\u00e9ma plus \u00e9toff\u00e9, avec des citations du document original qui d\u00e9veloppent les titres de l\u2019architecture de la p\u00e9dagogie marianiste.<\/p>\n<p><strong>Lire la suite -document Word 4 pages<\/strong><\/p>\n<iframe src=\"\/\/docs.google.com\/viewer?url=http%3A%2F%2Fwww.marianistes.com%2Fdocumentation%2Fwp-content%2Fuploads%2Fsites%2F2%2F2016%2F02%2Feducation-marianiste.docx&hl=fr&embedded=true\" class=\"gde-frame\" style=\"width:100%; height:500px; border: none;\" scrolling=\"no\"><\/iframe>\n<p class=\"gde-text\"><a href=\"http:\/\/www.marianistes.com\/documentation\/wp-content\/uploads\/sites\/2\/2016\/02\/education-marianiste.docx\" class=\"gde-link\">T\u00e9l\u00e9charger (DOCX, Inconnu)<\/a><\/p>\n","protected":false},"author":157,"comment_status":"closed","ping_status":"closed","template":"","format":"standard","meta":{"footnotes":""},"ht_kb_category":[155],"ht_kb_tag":[],"class_list":["post-1528","ht_kb","type-ht_kb","status-publish","format-standard","hentry","ht_kb_category-education"],"_links":{"self":[{"href":"https:\/\/www.marianistes.com\/documentation\/wp-json\/wp\/v2\/ht_kb\/1528"}],"collection":[{"href":"https:\/\/www.marianistes.com\/documentation\/wp-json\/wp\/v2\/ht_kb"}],"about":[{"href":"https:\/\/www.marianistes.com\/documentation\/wp-json\/wp\/v2\/types\/ht_kb"}],"author":[{"embeddable":true,"href":"https:\/\/www.marianistes.com\/documentation\/wp-json\/wp\/v2\/users\/157"}],"replies":[{"embeddable":true,"href":"https:\/\/www.marianistes.com\/documentation\/wp-json\/wp\/v2\/comments?post=1528"}],"version-history":[{"count":1,"href":"https:\/\/www.marianistes.com\/documentation\/wp-json\/wp\/v2\/ht_kb\/1528\/revisions"}],"predecessor-version":[{"id":1534,"href":"https:\/\/www.marianistes.com\/documentation\/wp-json\/wp\/v2\/ht_kb\/1528\/revisions\/1534"}],"wp:attachment":[{"href":"https:\/\/www.marianistes.com\/documentation\/wp-json\/wp\/v2\/media?parent=1528"}],"wp:term":[{"taxonomy":"ht_kb_category","embeddable":true,"href":"https:\/\/www.marianistes.com\/documentation\/wp-json\/wp\/v2\/ht_kb_category?post=1528"},{"taxonomy":"ht_kb_tag","embeddable":true,"href":"https:\/\/www.marianistes.com\/documentation\/wp-json\/wp\/v2\/ht_kb_tag?post=1528"}],"curies":[{"name":"wp","href":"https:\/\/api.w.org\/{rel}","templated":true}]}}