{"id":1448,"date":"2016-02-04T12:51:11","date_gmt":"2016-02-04T11:51:11","guid":{"rendered":"http:\/\/www.marianistes.com\/documentation\/?post_type=ht_kb&#038;p=1448"},"modified":"2016-02-04T12:56:02","modified_gmt":"2016-02-04T11:56:02","slug":"actualite-du-temoignage-dadele-de-batz-de-trenquelleon","status":"publish","type":"ht_kb","link":"https:\/\/www.marianistes.com\/documentation\/docs\/actualite-du-temoignage-dadele-de-batz-de-trenquelleon\/","title":{"rendered":"Actualit\u00e9 du t\u00e9moignage d\u2019Ad\u00e8le de Batz de Trenquell\u00e9on"},"content":{"rendered":"<p>Ad\u00e8le attache beaucoup d\u2019importance \u00e0 tous les sacrements en particulier elle n\u2019oublie jamais de c\u00e9l\u00e9brer l\u2019anniversaire de son bapt\u00eame, alors j\u2019ai choisi de pr\u00e9senter l\u2019actualit\u00e9 du t\u00e9moignage que nous livre Ad\u00e8le \u00e0 partir de ce que le bapt\u00eame r\u00e9alise en nous quand il nous fait, pr\u00eatres, proph\u00e8tes et rois.<\/p>\n<p>Dans leur lettre aux catholiques de France, les Ev\u00eaques nous rappellent ces trois dimensions de toute vie chr\u00e9tienne : (cf. Lumen Gentium n\u00b0 10-34-35-36)<\/p>\n<p>\u00ab\u00a0L\u2019Eglise est d\u00e9tentrice d\u2019un message qu\u2019elle a mission d\u2019annoncer (proph\u00e9tie). Elle a aussi pour mission de servir la vie des hommes (royaut\u00e9). Il n\u2019en reste pas moins vrai que cette transmission du message et ce service de l\u2019humanit\u00e9 culminent dans la c\u00e9l\u00e9bration liturgique (sacerdoce), au cours de laquelle la communaut\u00e9 re\u00e7oit la Parole de son Seigneur et prie pour le salut du monde.\u00a0\u00bb<\/p>\n<p>Avant d\u2019aller plus loin je citerai quelques textes d\u2019Ad\u00e8le\u00a0:<\/p>\n<p><strong>Lettre 104. 2,5\u00a0\u00a0<\/strong> Le jour o\u00f9 vous recevrez ma lettre est le jour de l\u2019anniversaire de mon bapt\u00eame\u2026. Oh l\u2019heureux engagement que nous avons pris dans notre bapt\u00eame. Renouvelons-le de tout notre c\u0153ur\u00a0; engageons-nous tout de nouveau dans l\u2019amour et le service du bon Dieu ; marchons sous l\u2019\u00e9tendard de la croix. (Elle a 20 ans)<\/p>\n<p><strong>Lettre 230.4.6\u00a0\u00a0\u00a0<\/strong> Je vais me pr\u00e9parer \u00e0 mon anniversaire de bapt\u00eame\u2026 J\u2019aurai 25 ans\u2026 Faisons un meilleur usage des ann\u00e9es que le bon Dieu nous accorde encore\u00a0: consacrons-lui l\u2019\u00e2ge m\u00fbr\u00a0; ne vivons plus que pour ce divin Sauveur\u2026 Vous savez que nous devons \u00eatre de \u00ab petits ap\u00f4tres \u00bb\u2026Rendons-nous dignes de cette glorieuse vocation o\u00f9 le Seigneur nous appelle malgr\u00e9 notre indignit\u00e9.<\/p>\n<p><strong>Lettre 231.6 <\/strong>Il y aura 25 ans, vendredi, que Dieu me r\u00e9g\u00e9n\u00e9ra dans le saint bapt\u00eame. Je vous prie, si vous vous r\u00e9unissez ce jour-l\u00e0, de dire \u00e0 mon intention un \u00ab\u00a0Pater\u00a0\u00bb et un \u00ab\u00a0Ave\u00a0\u00bb et de le demander \u00e0 nos ch\u00e8res amies.<\/p>\n<p><strong>Lettre 253.5<\/strong> Regardons-nous comme un temple o\u00f9 le Saint Esprit r\u00e9side par sa gr\u00e2ce. Nous lui avons \u00e9t\u00e9 consacr\u00e9es dans le saint bapt\u00eame\u00a0: tous nos sens presque lui ont \u00e9t\u00e9 consacr\u00e9s par les saintes c\u00e9r\u00e9monies de ce sacrement. Et puis, notre J\u00e9sus, ne prend-Il pas possession de ce temple chaque fois que nous avons le bonheur de communier ?<\/p>\n<p><strong>Lettre 270.3<\/strong> Quelle gr\u00e2ce que celle du bapt\u00eame. Pourrons-nous jamais assez la reconna\u00eetre\u00a0! D\u2019enfants de col\u00e8re, elle nous rend enfants de Dieu et de l\u2019Eglise, h\u00e9ritiers du paradis, fr\u00e8res de J\u00e9sus Christ.<\/p>\n<p>Ces passages sont extraits de lettres \u00e9crites avant la fondation de l\u2019Institut, par la suite elle parle du bapt\u00eame \u00e0 l\u2019occasion des engagements des congr\u00e9ganistes et lors des professions religieuses celle-ci \u00e9tant consid\u00e9r\u00e9e comme un second bapt\u00eame. Vatican II pr\u00e9sente la cons\u00e9cration religieuse, non comme un second bapt\u00eame mais comme une mani\u00e8re de vivre le bapt\u00eame en r\u00e9ponse \u00e0 un appel du Seigneur.<\/p>\n<p>Puisque Ad\u00e8le accorde une grande place \u00e0 son bapt\u00eame, nous allons tenter de d\u00e9couvrir comment s\u2019\u00e9panouit en elle la gr\u00e2ce qui la fait participer \u00e0 la mission sacerdotale, proph\u00e9tique et royale du Christ et de toute l\u2019Eglise, par cons\u00e9quent de chacun d\u2019entre nous. Cela, je l\u2019esp\u00e8re, fera appara\u00eetre, pour chacun l\u2019actualit\u00e9 de son t\u00e9moignage et nous stimulera dans l\u2019accomplissement de notre vocation quelle qu\u2019elle soit.<\/p>\n<p>Des extraits de ces lettres que je viens de vous lire, o\u00f9 Ad\u00e8le mentionne son bapt\u00eame, je d\u00e9gage quelques points forts que je vais d\u00e9velopper en relation avec le culte, le service du prochain, le t\u00e9moignage ou l\u2019annonce de J.C.\u00a0:<\/p>\n<ol>\n<li>l\u2019amour de Dieu\u00a0: vivre pour Lui, \u00eatre la demeure du Christ, communier (lien avec l\u2019Eucharistie) appel \u00e0 la pri\u00e8re des autres (communion des saints)<\/li>\n<li>le service de Dieu dans les autres, se montrer fr\u00e8res de J.C\u00a0.<\/li>\n<li>\u00eatre de petits ap\u00f4tres, enfants de l\u2019Eglise<\/li>\n<\/ol>\n<h1 id=\"lamour-de-dieu-la-priere\" >L\u2019amour de Dieu\u00a0: la pri\u00e8re<\/h1>\n<p>Je commencerai, comme les Ev\u00eaques dans le d\u00e9veloppement de leur lettre, par la dimension sacerdotale (le culte)<\/p>\n<p><em>\u00ab\u00a0(\u2026) Si la c\u00e9l\u00e9bration sacramentelle est v\u00e9ritablement le lieu d\u2019o\u00f9 tout part et o\u00f9 tout est appel\u00e9 \u00e0 revenir, n\u2019est-ce pas elle qui doit donner leur pleine port\u00e9e th\u00e9ologale aussi bien \u00e0 l\u2019engagement dans le monde qu\u2019\u00e0 l\u2019annonce de la foi\u00a0?\u00a0\u00bb<\/em><\/p>\n<p>La pri\u00e8re occupe une place primordiale dans la vie d\u2019Ad\u00e8le. Elle a 13 ans, quand M. Ducourneau, le pr\u00e9cepteur de son fr\u00e8re, qui deviendra pr\u00eatre, lui donne, sur sa demande et avec l\u2019accord de sa m\u00e8re, un r\u00e8glement de vie spirituelle o\u00f9 tout ce qu\u2019elle fait doit \u00eatre orient\u00e9 vers la gloire de Dieu, <em>\u00ab\u00a0vous apporterez \u00e0 vos actions spirituelles ou temporelles tout le soin possible pour leur perfection\u00a0; vous ferez en sorte de les diriger vers Dieu et les faire toutes pour lui plaire.\u00a0\u00bb (<\/em>art.10)<\/p>\n<p>L\u2019oraison (une demi-heure le matin, une demi-heure, le soir), la lecture spirituelle, le chapelet y tiennent une place pr\u00e9pond\u00e9rante. Pour se pr\u00e9parer \u00e0 recevoir le sacrement de la confirmation ne passe-t-elle pas six semaines au carmel, partageant int\u00e9gralement la vie de ces religieuses\u00a0?<\/p>\n<p>L\u2019oraison avec laquelle elle se familiarise d\u00e8s son jeune \u00e2ge est pour elle un dialogue intime avec Celui qu\u2019elle appelle son Epoux, le Bien-Aim\u00e9. Elle lui parle, elle se laisse enseigner par lui. Elle accueille sa Parole et veut la faire fructifier. Elle n\u2019a pas encore 17 ans qu\u2019elle commente pour les membres de la Petite Soci\u00e9t\u00e9 l\u2019Evangile de la semence\u00a0: <em>\u00ab\u00a0Dans quelle terre recevons-nous les pr\u00e9cieuses semences de la Parole de Dieu\u00a0?\u00a0\u00bb<\/em> (33.3) Nous savons que ce \u00e0 quoi elle invite ses amies, elle cherche, elle-m\u00eame \u00e0 en vivre.<\/p>\n<p>C\u2019est g\u00e9n\u00e9ralement \u00e0 partir des textes que lui offre la liturgie qu\u2019elle enseigne les destinataires de ses lettres. L\u2019Avent, le Car\u00eame, le temps de P\u00e2ques, la pr\u00e9paration \u00e0 la Pentec\u00f4te, les f\u00eates de la Vierge Marie se trouvent ainsi comment\u00e9s pour stimuler la pri\u00e8re, la r\u00e9ponse \u00e0 l\u2019amour de Dieu, le service du prochain, le travail sur soi pour avancer sur les chemins de la saintet\u00e9\u2026<\/p>\n<p>Elle porte dans sa pri\u00e8re le souci des associ\u00e9es, leur sant\u00e9 tant physique que spirituelle. Elle invite \u00e0 prier pour la conversion des protestants, nombreux dans la r\u00e9gion, pour les malades, pour les entreprises des associ\u00e9es.<\/p>\n<p>Elle demande aussi la pri\u00e8re des autres manifestant ainsi l\u2019importance qu\u2019elle attache \u00e0 la communion des saints. On l\u2019a vu dans une des lettres cit\u00e9es tout \u00e0 l\u2019heure, elle demande qu\u2019on dise un pater et un ave au jour de l\u2019anniversaire de son bapt\u00eame. Chaque fois qu\u2019elle se rend \u00e0 Condom chez ses tantes, \u00e0 Figeac chez sa grand-m\u00e8re elle confie le voyage missionnaire qu\u2019elle entreprend \u00e0 la pri\u00e8re de ses correspondantes. Ces voyages ont en effet pour but de faire des conqu\u00eates<em>. \u00ab\u00a0Nos amies de Condom sont bien braves. Nous y avons fait des conqu\u00eates, dont une, ma cousine germaine, Melle Caroline de Batz et l\u2019autre Melle Constance Vigier.\u00a0\u00bb <\/em>(162.4)<\/p>\n<p>Chacune de ses lettres est pr\u00e9c\u00e9d\u00e9e d\u2019un Acte, esp\u00e8ce de piste de vie, d\u2019oraison jaculatoire que les associ\u00e9es proposent \u00e0 tour de r\u00f4le, et qui sert \u00e0 se rappeler, au long du jour, pour qui, pour quoi et comment on agit. En voici quelques-uns\u00a0:<\/p>\n<p><em>\u00ab\u00a0Mon Dieu, vous seul pouvez remplir mon c\u0153ur.\u00a0\u00bb<\/em><br \/>\n<em>\u00ab\u00a0Pardon, mon Dieu, pour tous ceux qui vous offensent.\u00a0\u00bb<\/em><br \/>\n<em>\u00ab\u00a0C\u2019est votre gloire que je veux chercher, \u00f4 mon Dieu\u00a0!\u00a0\u00bb<\/em><br \/>\n<em>\u00ab\u00a0Mon Dieu, les saints nous attendent, h\u00e2tons-nous\u00a0!\u00a0\u00bb<\/em><br \/>\n<em>\u00ab\u00a0O mon Dieu, redoublez mon amour\u00a0!\u00a0\u00bb<\/em><br \/>\n<em>\u00ab\u00a0Mon Dieu, donnez-moi un nouveau courage pour suivre votre voix\u00a0!\u00a0\u00bb<\/em><\/p>\n<p>A travers ces actes glan\u00e9s au fil des lettres d\u2019Ad\u00e8le, on per\u00e7oit l\u2019amour qui l\u2019anime et qui la br\u00fble. Consciente en effet de l\u2019amour que le Seigneur lui porte elle cherche \u00e0 lui rendre amour pour Amour et elle y engage ses amies.<\/p>\n<p>Et tout ce qu\u2019elle vit va venir, comme naturellement, prendre sa place dans l\u2019Eucharistie. Elle se fait toujours une joie de pouvoir communier. A ce moment-l\u00e0, de fait, on ne peut pas communier sans s\u2019\u00eatre confess\u00e9 auparavant et lorsque le pr\u00eatre s\u2019absente, il faut attendre pour pouvoir de nouveau communier. Combien de fois Ad\u00e8le n\u2019\u00e9crit-elle pas sa peine de n\u2019avoir pas pu s\u2019unir au divin Epoux.<\/p>\n<p>Ce manque qu\u2019elle ressent tr\u00e8s fort l\u2019incite \u00e0 se pr\u00e9parer d\u2019autant mieux pour la prochaine communion. Depuis sa premi\u00e8re rencontre avec J\u00e9sus dans la communion, elle a une vive conscience de la d\u00e9marche qu\u2019elle accomplit. Cela nous interpelle sur notre mani\u00e8re de c\u00e9l\u00e9brer l\u2019Eucharistie, de participer \u00e0 la messe. Comment nous y disposons-nous\u00a0?<\/p>\n<p>Elle \u00e9crit\u00a0: <em>\u00ab\u00a0J\u2019esp\u00e8re avoir le bonheur de communier dimanche\u00a0; (\u2026) allons avec confiance trouver un Dieu si bon, qui nous aime tant, qui a tant de joie de nous voir \u00e0 sa table\u00a0!\u00a0\u00bb <\/em>(86. 4,6)<\/p>\n<p>Et encore\u00a0: on est dans l\u2019Octave de la f\u00eate du Saint Sacrement\u00a0:<em> \u00ab\u00a0Oh\u00a0! pourrions-nous bien vivre encore dans l\u2019indiff\u00e9rence en voyant un tel amour\u00a0? Pourrions-nous ne pas d\u00e9sirer de nous unir \u00e0 Lui apr\u00e8s qu\u2019Il en fait tant pour s\u2019unir \u00e0 nous\u00a0?\u00a0\u00bb <\/em>(162.6)<\/p>\n<h1 id=\"cet-amour-de-dieu-se-traduit-en-service-des-autres\" >Cet amour de Dieu se traduit en service des autres<\/h1>\n<p><em>\u00ab\u00a0Il est exclu de c\u00e9l\u00e9brer en v\u00e9rit\u00e9 le myst\u00e8re de la foi, en s\u2019en tenant \u00e0 l\u2019action cultuelle. Car le Dieu sauveur qui vient \u00e0 nous en J\u00e9sus-Christ s\u2019est lui-m\u00eame identifi\u00e9 aux pauvres et aux petits. Il y a donc un lien entre le culte chr\u00e9tien et la vie des hommes, en ce qu\u2019elle a de plus fragile et de plus menac\u00e9. On ne peut servir et aimer Dieu qu\u2019on ne voit pas sans l\u2019honorer dans les plus d\u00e9munis de nos fr\u00e8res.\u00a0\u00bb<\/em> (lettre des Ev\u00eaques) dimension royale<\/p>\n<p>D\u00e8s son plus jeune \u00e2ge, Ad\u00e8le a appris aupr\u00e8s de sa maman \u00e0 partager, \u00e0 faire attention aux pauvres, aux malades.<\/p>\n<p>Elle se montre ing\u00e9nieuse pour alimenter la caisse des pauvres. Broderie, couture, \u00e9levage. Dans une lettre, elle demande m\u00eame \u00e0 Agathe si elle pense pouvoir vendre son ch\u00e2le en soie. (296.6) Pour qui\u00a0? Sinon pour eux. Subvenir \u00e0 leurs besoins, c\u2019est sa joie. Qu\u2019importe qu\u2019ils s\u2019agissent de toutes petites choses\u00a0: ce qui compte c\u2019est d\u2019agir pour l\u2019amour du Seigneur et de r\u00e9pondre aux besoins qui se pr\u00e9sentent. <em>\u00ab\u00a0L\u2019intention sainte rend souvent bien m\u00e9ritoires les actions les plus communes\u00a0: un verre d\u2019eau, donn\u00e9 au nom du Seigneur ne demeurera pas sans r\u00e9compense. \u2018Soit que vous mangiez, soit que vous buviez, faites tout au nom du Seigneur.\u2019\u00a0\u00bb<\/em> (254.6)<\/p>\n<p>Alors ce sera un sac de bl\u00e9, des chemises qu\u2019elle a confectionn\u00e9es elle-m\u00eame, des bas, l\u2019argent pour les \u00e9tudes qu\u2019elle fera parvenir \u00e0 Dubrana, ce jeune s\u00e9minariste dont les associ\u00e9es ont pris en charge les \u00e9tudes et tout ce qui lui est n\u00e9cessaire.<\/p>\n<p>Ce sont 2 sacs de bl\u00e9 pour Mme Montesquieu. C\u2019est une jupe qui lui a \u00e9t\u00e9 donn\u00e9e qu\u2019elle fait parvenir \u00e0 une infirme. C\u2019est le petit Tricoulet qu\u2019elle se charge de v\u00eatir, c\u2019est la petite Pesaquete pour qui elle trouve une famille qui va l\u2019employer, lui donnant ainsi famille et logement\u2026 Et puis il y a les mendiants, nombreux, qui viennent frapper \u00e0 la porte du ch\u00e2teau et qu\u2019elle tient \u00e0 servir. La famille est aujourd\u2019hui est fi\u00e8re de montrer l\u2019endroit o\u00f9 Ad\u00e8le se tenait pendant qu\u2019ils mangeaient. Elle en profitait pour leur parler de l\u2019amour de Dieu pour eux.<\/p>\n<p>Une fois religieuse, elle garde ce souci des pauvres. L\u2019une des S\u0153urs re\u00e7oit de pauvres femmes de la campagne, elle les aide sur un plan mat\u00e9riel tout en cherchant \u00e0 les pr\u00e9parer aux sacrements. La s\u0153ur St Fran\u00e7ois leur parle en patois pour se rendre plus proches d\u2019elles. Et ces femmes lui font confiance et reviennent r\u00e9guli\u00e8rement.<\/p>\n<p>Les talents qu\u2019elle a re\u00e7us elle cherche \u00e0 les faire valoir. C\u2019est ainsi qu\u2019ayant eu la chance d\u2019\u00e9tudier elle ouvre une petite \u00e9cole au ch\u00e2teau pour les enfants des hameaux qui environnent le ch\u00e2teau. Elle quitte tout lorsque les enfants arrivent comme en t\u00e9moignent plusieurs de ses lettres\u00a0:\u00a0<em>\u00ab\u00a0Voici mes \u00e9coli\u00e8res qui arrivent, il faut que je vous quitte.\u00a0\u00bb<\/em> (169.6)<\/p>\n<p>Elle fait la classe, elle pr\u00e9pare aussi les enfants \u00e0 recevoir les sacrements. Elle prie et fait prier pour eux comme en t\u00e9moignent encore ces lettres\u00a0:<\/p>\n<p><em>\u00ab\u00a0Priez pour plusieurs de mes \u00e9coliers et \u00e9coli\u00e8res qui vont faire la premi\u00e8re communion pour la F\u00eate-Dieu. Que le Seigneur dispose leur c\u0153ur et leur donne une sainte pers\u00e9v\u00e9rance.\u00a0\u00bb<\/em> (304.6)<\/p>\n<p><em>\u00ab\u00a0 J\u2019ai ma petite \u00e9cole qui m\u2019attend, il faut que je vous quitte. Priez Dieu pour les \u00e9l\u00e8ves et la ma\u00eetresse.\u00a0\u00bb<\/em> (176.5)<\/p>\n<p>On voit ainsi clairement comment elle allie avec la plus grande simplicit\u00e9 l\u2019amour de Dieu et l\u2019amour des autres.<\/p>\n<p>Il n\u2019est pas surprenant d\u00e8s lors qu\u2019\u00e0 peine l\u2019Institut des Filles de Marie fond\u00e9, apprenant que les petites filles pauvres d\u2019Agen ne sont pas scolaris\u00e9es, elle demande au P\u00e8re Chaminade l\u2019autorisation d\u2019ouvrir des classes gratuites pour ces enfants. Tandis que l\u2019Institut se d\u00e9veloppe, elle suit avec int\u00e9r\u00eat ce qui se fait dans les \u00e9coles. Elle fait m\u00eame preuve d\u2019imagination\u00a0: une s\u0153ur qui joue du piano enseigne la musique et le chant, une autre l\u2019italien en plus des mati\u00e8res usuelles. Ces enfants sont aussi pr\u00e9par\u00e9s aux sacrements.<\/p>\n<p>Et puis il y a la \u00ab\u00a0Petite Soci\u00e9t\u00e9\u00bb qu\u2019avec Jeanne Dich\u00e9 et M. Ducourneau elle contribue \u00e0 fonder et dont elle devient, apr\u00e8s le mariage de Jeanne avec le docteur Belloc, la principale responsable.<\/p>\n<p>Il s\u2019agit l\u00e0 de s\u2019aider \u00e0 vivre sa vie chr\u00e9tienne dans toutes ses dimensions\u00a0: pri\u00e8re, service, partage de la foi. Les associ\u00e9es visitent les malades, les prisonniers, font jouer les enfants, pr\u00eatent de bons livres, voire font la classe \u00e0 l\u2019instar d\u2019Ad\u00e8le comme Lolotte de la Chapelle.<\/p>\n<p>Service des pauvres sur les plans mat\u00e9riel, culturel, spirituel, \u00e0 travers des actions toutes simples, \u00e0 la port\u00e9e de chacun, de chacune, voil\u00e0 ce \u00e0 quoi nous appelle Ad\u00e8le. Cette vie br\u00e8ve mais dense, (elle a constamment conscience de la pr\u00e9carit\u00e9 de la vie. <em>\u00ab\u00a0le temps s\u2019en va, h\u00e2tons-nous de le mettre \u00e0 profit\u00a0!\u00a0\u00bb<\/em> (556.3)\u00a0D <em>\u00ab\u00a0Le temps est court\u00a0(\u2026) que nos jours soient pleins\u00a0: surnaturalisons nos actions. Tout pour Dieu\u00a0! tout en vue de Dieu\u00a0\u00bb<\/em> (508.3)) nous avons la preuve que l\u2019amour rend inventif au service du prochain.<\/p>\n<blockquote><p>Ad\u00e8le nous enseigne \u00e0 voir les besoins, elle nous engage \u00e0 ne pas perdre de temps pour mettre au service des pauvres nos talents, nos capacit\u00e9s, notre temps\u2026<\/p><\/blockquote>\n<h1 id=\"annoncer-et-faire-connaitre-jesus-christ\" >Annoncer et faire conna\u00eetre J\u00e9sus-Christ<\/h1>\n<p><em>\u00ab\u00a0L\u2019\u00e9glise qui propose la foi au Dieu de J\u00e9sus-Christ doit sans cesse, et aujourd\u2019hui plus qu\u2019\u00e0 d\u2019autres \u00e9poques relativement tranquilles, s\u2019enraciner dans cette foi, et ne pas \u00e9viter les interpellations, ni m\u00eame les \u00e9preuves, qui l\u2019obligent \u00e0 aller \u00e0 la Source de la foi, \u00e0 en comprendre la nouveaut\u00e9 et \u00e0 l\u2019annoncer avec assurance.\u00a0\u00bb<\/em> (lettre des Ev\u00eaques) dimension proph\u00e9tique.<\/p>\n<p><em>\u00ab\u00a0O mon Dieu, mon c\u0153ur est trop petit pour vous aimer, mais il vous fera aimer de tant de c\u0153urs que l\u2019amour de tous ces c\u0153urs suppl\u00e9era \u00e0 la faiblesse du mien.\u00a0\u00bb<\/em> (325.4)<\/p>\n<p>Voil\u00e0 ce qui habite le c\u0153ur d\u2019Ad\u00e8le.<\/p>\n<p>Au retour d\u2019exil, Ad\u00e8le arrive dans une France qui s\u2019est vite d\u00e9christianis\u00e9e. Elle aime de tout son \u00eatre son Seigneur, Celui qu\u2019elle appelle son Epoux, Celui auquel elle voulait se donner en suivant Ste Th\u00e9r\u00e8se et St Jean de la Croix en restant au carmel en Espagne.<\/p>\n<p>De retour au ch\u00e2teau, elle est initi\u00e9e \u00e0 la mission (comme \u00e0 la pri\u00e8re et au service du prochain) par sa m\u00e8re. Celle-ci l\u2019emm\u00e8ne avec elle pour faire le cat\u00e9chisme, visiter les malades. C\u2019est elle \u00e9galement qui anime la pri\u00e8re au ch\u00e2teau tous les soirs pour la famille et le personnel de la maison. Femme de foi tr\u00e8s profonde Mme de Trenquell\u00e9on marque sa fille d\u2019une empreinte ind\u00e9l\u00e9bile.<\/p>\n<p>Il y a une grande connivence entre la fille et la m\u00e8re. Celle-ci n\u2019est-elle pas seule \u00e0 acquiescer \u00e0 la demande d\u2019Ad\u00e8le qui souhaite passer six semaines avec les carm\u00e9lites qui vivent \u00e0 Agen dans la clandestinit\u00e9. Le reste de la famille d\u00e9sapprouve. Discr\u00e8te, la baronne comprend sa fille. Elle l\u2019entra\u00eene dans toutes ses d\u00e9marches caritatives.<\/p>\n<p>Ad\u00e8le regarde le Bien-Aim\u00e9 et dans la force de l\u2019Esprit Saint qu\u2019elle a re\u00e7u \u00e0 la confirmation et auquel elle s\u2019ouvre de fa\u00e7on nouvelle \u00e0 chaque Pentec\u00f4te, elle puise un dynamisme qui la rend cr\u00e9ative.<\/p>\n<p>Pein\u00e9e profond\u00e9ment par le spectacle qu\u2019elle a vu en rentrant d\u2019Espagne\u00a0: des villages appauvris, des \u00e9glises d\u00e9laiss\u00e9es, ab\u00eem\u00e9es, transform\u00e9es en grange. ELLE est habit\u00e9e par le d\u00e9sir de rechristianiser les campagnes. Un d\u00e9sir qui l\u2019habitera jusqu\u2019\u00e0 sa mort. Une fois l\u2019Institut fond\u00e9, mais il est fond\u00e9 \u00e0 Agen, en pleine ville, elle demande au P\u00e8re Chaminade\u00a0: <em>\u00ab\u00a0et l\u2019\u0153uvre des campagnes\u00a0? J\u2019y tiens bien, mon bon P\u00e8re, ayant \u00e9t\u00e9 nos premiers projets\u00a0; je serais au comble de mes d\u00e9sirs de la voir r\u00e9ussir\u00a0! Oh\u00a0! si vous connaissiez le besoin de la plupart\u00a0! On pourrait se repr\u00e9senter faire les missions des sauvages\u00a0: on n\u2019y conna\u00eet gu\u00e8re plus le bon Dieu\u00a0!\u00a0\u00bb<\/em> (354.6)<\/p>\n<p>Ce n\u2019est que 8 ans apr\u00e8s sa mort, que l\u2019\u0153uvre des campagnes verra le jour en 1836 \u00e0 Auch avec la fondation du Tiers Ordre r\u00e9gulier. Le P\u00e8re Chaminade la pr\u00e9sentera comme l\u2019\u0153uvre souhait\u00e9e par Melle de Trenquell\u00e9on.<\/p>\n<p><strong>Comment va-t-elle s\u2019y prendre pour rechristianiser les campagnes\u00a0?<\/strong><\/p>\n<p>C\u2019est tout d\u2019abord la fondation de la Petite Soci\u00e9t\u00e9. Certes l\u2019association a pour but de se pr\u00e9parer \u00e0 une bonne mort (art.3) A cette \u00e9poque, il y avait bien des jeunes qui mouraient, les lettres d\u2019Ad\u00e8le nous en livrent bien des fois le t\u00e9moignage, c\u2019\u00e9tait aussi de bon ton de mourir jeune et certaines jeunes filles ne faisaient rien pour se soigner\u2026 Alors dans ce contexte se pr\u00e9parer \u00e0 une bonne mort c\u2019est mettre \u00e0 profit le temps que le Seigneur, il sera peut-\u00eatre court, pour garnir sa lampe de l\u2019huile des \u0153uvres bonnes. Ad\u00e8le aime citer tout au long de sa vie l\u2019Evangile des vierges sages et des vierges folles.<\/p>\n<p>Gr\u00e2ce \u00e0 la Petite Soci\u00e9t\u00e9, les membres s\u2019aident \u00e0 vivre de la foi, \u00e0 agir pour le Seigneur, \u00e0 r\u00e9pondre aux besoins qui les entourent et \u00e0 faire conna\u00eetre J\u00e9sus-Christ. Chaque associ\u00e9e ne s\u2019engage-t-elle pas \u00e0 jeter les yeux sur une jeune fille de fa\u00e7on \u00e0 la gagner \u00e0 Dieu en lui inspirant le d\u00e9sir de le servir (art.11)<\/p>\n<p><strong>Et rapidement la petite Soci\u00e9t\u00e9 se d\u00e9veloppe au-del\u00e0 m\u00eame du d\u00e9partement.<\/strong><\/p>\n<p>Ce d\u00e9sir de faire conna\u00eetre et aimer le Seigneur se manifeste par le choix qu\u2019elle fait de se rendre \u00e0 pied \u00e0 la messe \u00e0 Feugarolles, le dimanche. Cela lui permet d\u2019inviter les enfants qu\u2019elle trouve sur son passage \u00e0 venir \u00e0 la messe avec elle. Elle leur propose ensuite de se rendre \u00e0 sa petite \u00e9cole o\u00f9 l\u2019on apprend aussi \u00e0 d\u00e9couvrir, \u00e0 prier J\u00e9sus et sa M\u00e8re.<\/p>\n<p>Le dimanche apr\u00e8s-midi, il suffit que sa s\u0153ur et sa cousine lui proposent d\u2019aller \u00ab\u00a0missionner\u00a0\u00bb pour qu\u2019elle laisse ce qu\u2019elle est en train de faire et elle profite de la promenade pour rencontrer les petits p\u00e2tres, les enfants. Elle les rassemble, leur raconte des histoires, et surtout leur parle de J\u00e9sus et de sa M\u00e8re, les invitant \u00e0 venir la retrouver \u00e0 sa petite \u00e9cole.<\/p>\n<p>Peu \u00e0 peu se dessine un \u00ab\u00a0cher projet\u00a0\u00bb. Avec quelques amies, elles veulent se constituer en communaut\u00e9 pour participer \u00e0 la mission \u00e0 temps plein. Quelle joie lorsqu\u2019elle re\u00e7oit la lettre dans laquelle le P\u00e8re Chaminade explique ce que sera le nouvel institut\u00a0: <em>\u00ab\u00a0Quant \u00e0 ce qui doit vous distinguer des autres Ordres, c\u2019est le z\u00e8le pour le salut des \u00e2mes\u00a0; il faut faire conna\u00eetre les principes de la religion et de la vertu. Il faut multiplier les chr\u00e9tiennes. (\u2026)Votre communaut\u00e9 sera toute compos\u00e9e de religieuses missionnaires.\u00a0\u00bb<\/em> (lettre 57 du 3\/10\/1815)<\/p>\n<p>A la r\u00e9ception de cette lettre, quelle n\u2019a pas d\u00fb \u00eatre la joie d\u2019Ad\u00e8le qui, un an auparavant, avait \u00e9crit \u00e0 Agathe\u00a0:\u00a0<em>\u00ab\u00a0M. Laumont vous aura fait voir une belle lettre de M. Chaminade et qui nous marque le but de sa Congr\u00e9gation\u00a0: qui est d\u2019\u00eatre de petites missionnaires\u00a0(\u2026) Je vous avoue que ce terme m\u2019exalte.\u00a0\u00bb <\/em>(250.4) Le p\u00e8re Chaminade avait \u00e9crit\u00a0:\u00a0<em>\u00ab\u00a0Ecrivez-moi si votre d\u00e9sir d\u2019\u00eatre religieuse renferme les vues et les sentiments d\u2019une petite missionnaire.\u00a0\u00bb <\/em>(8\/10\/1814)<\/p>\n<p>Une fois l\u2019Institut fond\u00e9, les \u0153uvres se multiplient. Les Congr\u00e9gations en particulier se d\u00e9veloppent. Les S\u0153urs exposent les v\u00e9rit\u00e9s de la foi sous forme de dialogue. Ainsi c\u2019est plus vivant. Ad\u00e8le stimule le z\u00e8le des membres. Non contente de cela, elle explique en quoi consistent les Congr\u00e9gations \u00e0 M\u00e8re Emilie de Rodat, fondatrice de la Ste Famille de Villefranche et elle l\u2019encourage \u00e0 promouvoir cette \u0153uvre si bien qu\u2019en quelques mois il y a pr\u00e8s de 200 membres dans les Congr\u00e9gations de Villefranche.<\/p>\n<blockquote><p>\u00ab\u00a0Le v\u00e9ritable secret de la Congr\u00e9gation est de former des \u00e2mes remplies du z\u00e8le du salut du prochain et de la gloire de Dieu qui, chacune, dans son \u00e9tat, soient de petites missionnaires parmi leur famille, leurs amies, leurs voisines.\u00a0\u00bb ( 425.5)<\/p><\/blockquote>\n<p>La voil\u00e0 bien Ad\u00e8le avec un z\u00e8le d\u00e9bordant qui lui faisait \u00e9crire\u00a0: <em>\u00ab\u00a0Dans notre Institut, il faut des \u00e2mes fortes et qui n\u2019\u00e9coutent ni la chair ni le sang. Nous devons avoir l\u2019esprit apostolique, faire conna\u00eetre et aimer notre c\u00e9leste Epoux. F\u00fbt-ce aux extr\u00e9mit\u00e9s du monde et avec les sauvages, nous serions contentes de faire son \u0153uvre.\u00a0\u00bb<\/em> (567.2)<\/p>\n<p>Ou encore\u00a0:\u00a0<em>\u00ab\u00a0Allons, propageons-nous \u00e0 la plus grande gloire de Dieu. Que le Nom du Seigneur soit b\u00e9ni, depuis l\u2019Orient jusqu\u2019\u00e0 l\u2019Occident\u00a0! Qu\u2019il soit connu partout, aim\u00e9 par tous les c\u0153urs, servi par toutes les cr\u00e9atures.\u00a0\u00bb <\/em>(450.6)<\/p>\n<h1 id=\"en-guise-de-conclusion\" >En guise de conclusion<\/h1>\n<p>Il manquerait quelque chose \u00e0 cette fa\u00e7on de vivre le bapt\u00eame si je ne mentionnais pas la pr\u00e9sence de Marie qui accompagne Ad\u00e8le dans tout ce qu\u2019elle vit et fait.<\/p>\n<p>Je lui donne la parole\u00a0:\u00a0<em>\u00ab\u00a0Je priai notre divine M\u00e8re, le jour de sa Pr\u00e9sentation, d\u2019offrir \u00e0 son divin Fils toute sa petite famille conjointement avec Elle. Pourrait-elle n\u2019avoir pas \u00e9t\u00e9 accept\u00e9e\u00a0? Oh\u00a0! je n\u2019ai pas cette crainte\u00a0: offertes par de telles mains, regardons-nous donc comme enti\u00e8rement consacr\u00e9es au Seigneur. Soyons \u00e0 Lui\u00a0: n\u2019agissons que pour Lui et en vue de Lui plaire, m\u00eame dans nos actions les plus indiff\u00e9rentes\u00a0; ce sera le moyen de les rendre toutes m\u00e9ritoires.\u00a0\u00bb<\/em>(256.2)<\/p>\n<p>Et un peu plus d\u2019un an avant sa mort, elle \u00e9crit \u00e0 M\u00e8re Louis de Gonzague, ma\u00eetresse des novices \u00e0 Bordeaux\u00a0:\u00a0<em>\u00ab\u00a0Je suis souvent occup\u00e9e du cher noviciat\u00a0(\u2026) Mais j\u2019ai confiance qu\u2019il sera prot\u00e9g\u00e9 de Marie. Il me semble que nous n\u2019avons pas eu encore assez de d\u00e9votion envers la tr\u00e8s sainte Vierge\u00a0: il faudrait l\u2019inculquer davantage dans le c\u0153ur de nos enfants\u00a0; faire tout au nom de Marie\u00a0! Demandons de vraies vocations par l\u2019intercession de Marie.\u00a0\u00bb<\/em> (688.3)<\/p>\n<p><em>\u00ab\u00a0Faire tout au nom de Marie\u00a0\u00bb<\/em> telle est la consigne que nous laisse Ad\u00e8le et Marie nous enseignera \u00e0 faire tout ce que J\u00e9sus nous dira.<\/p>\n","protected":false},"author":3,"comment_status":"closed","ping_status":"closed","template":"","format":"standard","meta":{"footnotes":""},"ht_kb_category":[111],"ht_kb_tag":[126,128],"class_list":["post-1448","ht_kb","type-ht_kb","status-publish","format-standard","hentry","ht_kb_category-aujourdhui","ht_kb_tag-adele","ht_kb_tag-conference"],"_links":{"self":[{"href":"https:\/\/www.marianistes.com\/documentation\/wp-json\/wp\/v2\/ht_kb\/1448"}],"collection":[{"href":"https:\/\/www.marianistes.com\/documentation\/wp-json\/wp\/v2\/ht_kb"}],"about":[{"href":"https:\/\/www.marianistes.com\/documentation\/wp-json\/wp\/v2\/types\/ht_kb"}],"author":[{"embeddable":true,"href":"https:\/\/www.marianistes.com\/documentation\/wp-json\/wp\/v2\/users\/3"}],"replies":[{"embeddable":true,"href":"https:\/\/www.marianistes.com\/documentation\/wp-json\/wp\/v2\/comments?post=1448"}],"version-history":[{"count":2,"href":"https:\/\/www.marianistes.com\/documentation\/wp-json\/wp\/v2\/ht_kb\/1448\/revisions"}],"predecessor-version":[{"id":1451,"href":"https:\/\/www.marianistes.com\/documentation\/wp-json\/wp\/v2\/ht_kb\/1448\/revisions\/1451"}],"wp:attachment":[{"href":"https:\/\/www.marianistes.com\/documentation\/wp-json\/wp\/v2\/media?parent=1448"}],"wp:term":[{"taxonomy":"ht_kb_category","embeddable":true,"href":"https:\/\/www.marianistes.com\/documentation\/wp-json\/wp\/v2\/ht_kb_category?post=1448"},{"taxonomy":"ht_kb_tag","embeddable":true,"href":"https:\/\/www.marianistes.com\/documentation\/wp-json\/wp\/v2\/ht_kb_tag?post=1448"}],"curies":[{"name":"wp","href":"https:\/\/api.w.org\/{rel}","templated":true}]}}