{"id":1397,"date":"2016-02-04T10:44:18","date_gmt":"2016-02-04T09:44:18","guid":{"rendered":"http:\/\/www.marianistes.com\/documentation\/?post_type=ht_kb&#038;p=1397"},"modified":"2016-02-04T10:49:38","modified_gmt":"2016-02-04T09:49:38","slug":"les-successeurs-du-bon-pere-chaminade","status":"publish","type":"ht_kb","link":"https:\/\/www.marianistes.com\/documentation\/docs\/les-successeurs-du-bon-pere-chaminade\/","title":{"rendered":"Les Successeurs Du Bon P\u00e8re Chaminade"},"content":{"rendered":"<h3 id=\"et-un-apercu-de-leur-oeuvre-dans-notre-histoire-marianiste\" >\u2026Et un aper\u00e7u de leur \u0153uvre\u00a0dans notre Histoire Marianiste<\/h3>\n<h2 id=\"le-bon-pere-georges-caillet\" >Le Bon P\u00e8re Georges Caillet<\/h2>\n<p>1790-1868, premier successeur de Chaminade,\u00a02\u00e8me Sup\u00e9rieur G\u00e9n\u00e9ral, 1845-1868, (23 ans). N\u00e9 en Suisse, dans le Jura, il est 19 ans plus jeune\u00a0que Chaminade. Relev\u00e9 de sa t\u00e2che, il reste 6 ans jusqu\u2019\u00e0 sa mort aupr\u00e8s du P. Chevaux, son successeur.<\/p>\n<h4 id=\"vocation\" >Vocation<\/h4>\n<p class=\"p2\">Il \u00e9tait d\u00e9j\u00e0 pr\u00eatre dans son dioc\u00e8se (B\u00e2le), et Sup\u00e9rieur de S\u00e9minaire. Il a \u00e9t\u00e9 attir\u00e9 \u00e0 la SM par\u00a0un condisciple, l\u2019Abb\u00e9 Charles Roth\u00e9a, lui-m\u00eame attir\u00e9 \u00e0 Bordeaux, aupr\u00e8s du Bon P\u00e8re Chaminade et des\u00a0marianistes par son jeune fr\u00e8re, Louis, venu \u00e0 Bordeaux pour des \u00e9tudes commerciales. Caract\u00e8re calme,\u00a0m\u00e9thodique, droit et fid\u00e8le, un peu timide (?), plut\u00f4t conformiste, un peu ombrageux, (il l\u2019a \u00e9t\u00e9 avec\u00a0Chaminade), port\u00e9 \u00e0 des arrangements douteux par manque de courage ? De fait, il se laissera mener par\u00a0Narcisse Roussel, un membre du Conseil plus jeune, habile et tumultueux, et tiendra Chaminade \u00e0 l\u2019\u00e9cart.<\/p>\n<h4 id=\"premieres-activites\" >Premi\u00e8res activit\u00e9s<\/h4>\n<p class=\"p2\">l\u2019Abb\u00e9 Georges Caillet arrivait aupr\u00e8s de Chaminade, 5 ans apr\u00e8s la fondation de la\u00a0SM, au moment o\u00f9 on mettait les noviciats (SM et FMI) en marche. Il fit lui-m\u00eame son noviciat aupr\u00e8s du\u00a0Fondateur tout en l\u2019assistant \u00e0 l\u2019\u00e9glise de la Madeleine, dans les noviciats, et plus tard au Conseil g\u00e9n\u00e9ral\u00a0de la SM. C\u2019est lui que Chaminade a d\u00e9l\u00e9gu\u00e9 pour la reconnaissance l\u00e9gale de la SM aupr\u00e8s du\u00a0gouvernement fran\u00e7ais. Il avait la confiance de Chaminade et rendait de grands services.<\/p>\n<h4 id=\"il-succede-a-chaminade\" >Il succ\u00e8de \u00e0 Chaminade<\/h4>\n<p>Succession b\u00e2cl\u00e9e ! Pris de court par des d\u00e9fections, le P. Chaminade dut faire\u00a0appel \u00e0 un jeune pr\u00eatre marianiste brillant, mais indigne, Roussel. (l\u2019avait-il fait venir aupr\u00e8s de lui pour\u00a0essayer de le sauver ?). Le P. Caillet se laisse mener par Roussel qui embrouillait les activit\u00e9s du Conseil.\u00a0Le P. Chaminade, mis \u00e0 l\u2019\u00e9cart, d\u00e9consid\u00e9r\u00e9 aupr\u00e8s du Nonce et des \u00c9v\u00eaques de France par les mensonges\u00a0de l\u2019indigne Roussel, Rome demande un Chapitre pour \u00e9lire un successeur. C\u2019\u00e9tait en 1845.<\/p>\n<h4 id=\"generalat-du-pere-caillet\" >G\u00e9n\u00e9ralat du P\u00e8re Caillet<\/h4>\n<p class=\"p2\">Le P. Caillet fut \u00e9lu. (Roussel heureusement \u00e9cart\u00e9, quittait la SM). Le Bon\u00a0P\u00e8re Caillet avait 55 ans ; il dirigea la SM pendant 23 ans, un des plus longs g\u00e9n\u00e9ralats. Il a assez bien\u00a0g\u00e9r\u00e9 la SM, car \u00e0 cause des 2 ans de conflits et de la mise au rancart de Chaminade, (d\u00e9clar\u00e9 injustement\u00a0incapable), il fallait intervenir vite pour r\u00e9gulariser la situation, visiter les religieux, cr\u00e9er des Provinces,\u00a0assurer la formation p\u00e9dagogique, \u00e9crire circulaires et mandements et les mettre en application\u2026<\/p>\n<h4 id=\"attitude-envers-le-pere-chaminade\" >Attitude envers le P\u00e8re Chaminade<\/h4>\n<p class=\"p2\">Chaminade, par esprit de foi et ob\u00e9issance reconna\u00eet en Caillet son\u00a0Sup\u00e9rieur, mais celui-ci, (jaloux de son autorit\u00e9, de sa libert\u00e9 d\u2019action ?) le tient \u00e0 l\u2019\u00e9cart, le met au silence\u00a0et le tient \u00e9loign\u00e9 des religieux et des FMI. Il n\u2019a pas tenu compte du d\u00e9sir exprim\u00e9 par Chaminade de le\u00a0seconder de son exp\u00e9rience ou de sa responsabilit\u00e9 de Fondateur. \u00c0 la mort de Chaminade, Caillet\u00a0reconna\u00eet dans une circulaire que la SM lui \u00e9tait inspir\u00e9e par Dieu, mais il maintient le silence sur lui.<\/p>\n<h4 id=\"fin-de-generalat\" >Fin de g\u00e9n\u00e9ralat<\/h4>\n<p>H\u00e9las, le Bon P\u00e8re Caillet s\u2019est brouill\u00e9 et m\u00eame coup\u00e9 des FMI chez qui il avait une\u2026<\/p>\n<p class=\"p1\"><strong>Lire la suite document PDF de 15\u00a0pages<\/strong><\/p>\n<p class=\"p1\">\u00a0<iframe src=\"\/\/docs.google.com\/viewer?url=http%3A%2F%2Fmedia.marianistes.com%2Fmedia-mf%2Flivres%2Fsuccesseurs-du-pere-chaminade.pdf&hl=fr&embedded=true\" class=\"gde-frame\" style=\"width:100%; height:500px; border: none;\" scrolling=\"no\"><\/iframe>\n<p class=\"gde-text\"><a href=\"http:\/\/media.marianistes.com\/media-mf\/livres\/successeurs-du-pere-chaminade.pdf\" class=\"gde-link\">T\u00e9l\u00e9charger (PDF, Inconnu)<\/a><\/p><\/p>\n","protected":false},"author":3,"comment_status":"closed","ping_status":"closed","template":"","format":"standard","meta":{"footnotes":""},"ht_kb_category":[114],"ht_kb_tag":[],"class_list":["post-1397","ht_kb","type-ht_kb","status-publish","format-standard","hentry","ht_kb_category-livres"],"_links":{"self":[{"href":"https:\/\/www.marianistes.com\/documentation\/wp-json\/wp\/v2\/ht_kb\/1397"}],"collection":[{"href":"https:\/\/www.marianistes.com\/documentation\/wp-json\/wp\/v2\/ht_kb"}],"about":[{"href":"https:\/\/www.marianistes.com\/documentation\/wp-json\/wp\/v2\/types\/ht_kb"}],"author":[{"embeddable":true,"href":"https:\/\/www.marianistes.com\/documentation\/wp-json\/wp\/v2\/users\/3"}],"replies":[{"embeddable":true,"href":"https:\/\/www.marianistes.com\/documentation\/wp-json\/wp\/v2\/comments?post=1397"}],"version-history":[{"count":2,"href":"https:\/\/www.marianistes.com\/documentation\/wp-json\/wp\/v2\/ht_kb\/1397\/revisions"}],"predecessor-version":[{"id":1402,"href":"https:\/\/www.marianistes.com\/documentation\/wp-json\/wp\/v2\/ht_kb\/1397\/revisions\/1402"}],"wp:attachment":[{"href":"https:\/\/www.marianistes.com\/documentation\/wp-json\/wp\/v2\/media?parent=1397"}],"wp:term":[{"taxonomy":"ht_kb_category","embeddable":true,"href":"https:\/\/www.marianistes.com\/documentation\/wp-json\/wp\/v2\/ht_kb_category?post=1397"},{"taxonomy":"ht_kb_tag","embeddable":true,"href":"https:\/\/www.marianistes.com\/documentation\/wp-json\/wp\/v2\/ht_kb_tag?post=1397"}],"curies":[{"name":"wp","href":"https:\/\/api.w.org\/{rel}","templated":true}]}}