{"id":1384,"date":"2016-02-04T10:23:20","date_gmt":"2016-02-04T09:23:20","guid":{"rendered":"http:\/\/www.marianistes.com\/documentation\/?post_type=ht_kb&#038;p=1384"},"modified":"2016-02-04T10:28:42","modified_gmt":"2016-02-04T09:28:42","slug":"relire-les-circulaires-du-pere-jose-maria-salaverri","status":"publish","type":"ht_kb","link":"https:\/\/www.marianistes.com\/documentation\/docs\/relire-les-circulaires-du-pere-jose-maria-salaverri\/","title":{"rendered":"Relire les circulaires du P\u00e8re Jos\u00e9 Mar\u00eda SALAVERRI sm 11e Sup\u00e9rieur G\u00e9n\u00e9ral (1981\u20131991)"},"content":{"rendered":"<h3 class=\"p1\" id=\"presentation\" >Pr\u00e9sentation<\/h3>\n<p class=\"p2\">La R\u00e8gle de Vie de 1983 a \u00e9t\u00e9 et demeure pour les religieux\u00a0marianistes un pr\u00e9cieux cadeau, un guide pour les faire avance sur\u00a0les chemins de l\u2019Evangile et du charisme de l\u2019Institut. Le\u00a0Deuxi\u00e8me Concile du Vatican, dans l\u2019\u00e9lan nouveau de\u00a0l\u2019aggiornamento, invitait les ordres religieux et les congr\u00e9gations \u00e0\u00a0revisiter leurs constitutions pour les re-dynamiser, dans l\u2019esprit des\u00a0diff\u00e9rents documents de l\u2019Eglise. C\u2019est la t\u00e2che \u00e0 laquelle s\u2019\u00e9tait\u00a0attel\u00e9 le P. J. M. Salaverri, au cours des dix ann\u00e9es de son g\u00e9n\u00e9ralat\u00a0\u00e0 la t\u00eate de la Soci\u00e9t\u00e9 de Marie. Ses circulaires sont souvent des\u00a0commentaires de plusieurs articles de la R\u00e8gle approuv\u00e9e en 1983\u00a0et un appel aux religieux \u00e0 la recevoir avec foi et esp\u00e9rance.<\/p>\n<p class=\"p2\">Ce livre propose une relecture de ses r\u00e9flexions, sous la forme\u00a0d\u2019un sch\u00e9ma de retraite de sept jours.\u00a0A chaque jour son th\u00e8me, indiqu\u00e9 par le titre et introduit par un\u00a0article &#8211; ou plusieurs &#8211; de la R\u00e8gle. Viennent ensuite quelques\u00a0r\u00e9f\u00e9rences bibliques, en lien avec le m\u00eame th\u00e8me, et surtout une ou\u00a0plusieurs circulaires d\u00e9veloppant le th\u00e8me. Dans le cadre d\u2019une\u00a0retraite ou m\u00eame d\u2019une \u2018lecture spirituelle\u2019, on lira ces textes dans\u00a0une attitude de pri\u00e8re, \u00e0 la lumi\u00e8re de l\u2019Esprit de Dieu qui nous\u00a0sanctifie. Le but n\u2019est pas d\u2019avoir tout lu \u00e0 la fin d\u2019une journ\u00e9e,\u00a0mais de s\u2019\u00eatre impr\u00e9gn\u00e9 du th\u00e8me, de s\u2019\u00eatre laiss\u00e9 \u00e9clairer et\u00a0orienter par l\u2019Esprit. On pourra toujours revenir au texte complet\u00a0ult\u00e9rieurement.<\/p>\n<p class=\"p3\" style=\"text-align: right;\">Charles Chastrusse sm<\/p>\n<p class=\"p3\" style=\"text-align: left;\"><strong>Lire la suite document PDF de 500 pages<\/strong><\/p>\n<p class=\"p3\" style=\"text-align: left;\"><iframe src=\"\/\/docs.google.com\/viewer?url=http%3A%2F%2Fmedia.marianistes.com%2Fmedia-mf%2Flivres%2Fsalaverri-circulaires.pdf&hl=fr&embedded=true\" class=\"gde-frame\" style=\"width:100%; height:500px; border: none;\" scrolling=\"no\"><\/iframe>\n<p class=\"gde-text\"><a href=\"http:\/\/media.marianistes.com\/media-mf\/livres\/salaverri-circulaires.pdf\" class=\"gde-link\">T\u00e9l\u00e9charger (PDF, Inconnu)<\/a><\/p><\/p>\n","protected":false},"author":146,"comment_status":"closed","ping_status":"closed","template":"","format":"standard","meta":{"footnotes":""},"ht_kb_category":[114],"ht_kb_tag":[],"class_list":["post-1384","ht_kb","type-ht_kb","status-publish","format-standard","hentry","ht_kb_category-livres"],"_links":{"self":[{"href":"https:\/\/www.marianistes.com\/documentation\/wp-json\/wp\/v2\/ht_kb\/1384"}],"collection":[{"href":"https:\/\/www.marianistes.com\/documentation\/wp-json\/wp\/v2\/ht_kb"}],"about":[{"href":"https:\/\/www.marianistes.com\/documentation\/wp-json\/wp\/v2\/types\/ht_kb"}],"author":[{"embeddable":true,"href":"https:\/\/www.marianistes.com\/documentation\/wp-json\/wp\/v2\/users\/146"}],"replies":[{"embeddable":true,"href":"https:\/\/www.marianistes.com\/documentation\/wp-json\/wp\/v2\/comments?post=1384"}],"version-history":[{"count":2,"href":"https:\/\/www.marianistes.com\/documentation\/wp-json\/wp\/v2\/ht_kb\/1384\/revisions"}],"predecessor-version":[{"id":1387,"href":"https:\/\/www.marianistes.com\/documentation\/wp-json\/wp\/v2\/ht_kb\/1384\/revisions\/1387"}],"wp:attachment":[{"href":"https:\/\/www.marianistes.com\/documentation\/wp-json\/wp\/v2\/media?parent=1384"}],"wp:term":[{"taxonomy":"ht_kb_category","embeddable":true,"href":"https:\/\/www.marianistes.com\/documentation\/wp-json\/wp\/v2\/ht_kb_category?post=1384"},{"taxonomy":"ht_kb_tag","embeddable":true,"href":"https:\/\/www.marianistes.com\/documentation\/wp-json\/wp\/v2\/ht_kb_tag?post=1384"}],"curies":[{"name":"wp","href":"https:\/\/api.w.org\/{rel}","templated":true}]}}