{"id":1064,"date":"2015-11-13T11:26:20","date_gmt":"2015-11-13T10:26:20","guid":{"rendered":"http:\/\/www.marianistes.com\/documentation\/?post_type=ht_kb&#038;p=1064"},"modified":"2019-08-02T10:43:58","modified_gmt":"2019-08-02T09:43:58","slug":"le-charisme-marianiste","status":"publish","type":"ht_kb","link":"https:\/\/www.marianistes.com\/documentation\/docs\/le-charisme-marianiste\/","title":{"rendered":"Le charisme marianiste"},"content":{"rendered":"<h2 id=\"le-charisme-marianiste-pour-chretiens-de-tous-etats\" >Le\u00a0charisme\u00a0marianiste\u00a0pour chr\u00e9tiens de tous \u00e9tats<\/h2>\n<p>Quelle est l\u2019originalit\u00e9 de la th\u00e9ologie marianiste de la vie religieuse\u00a0? L\u2019auteur a essay\u00e9 d\u2019apporter une r\u00e9ponse \u00e0 cette question en \u00e9tudiant le charisme marianiste incarn\u00e9 en diverses formes de vie.<\/p>\n<p>Le charisme marianiste, compar\u00e9 \u00e0 d\u2019autres charismes pr\u00e9sents dans l\u2019Eglise, se distingue essentiellement par deux caract\u00e9ristiques qui d\u00e9terminent sa sp\u00e9cificit\u00e9 dans le concert des charismes de la communaut\u00e9 eccl\u00e9siale.<\/p>\n<p>Son originalit\u00e9 est d\u2019avoir \u00e9t\u00e9 v\u00e9cu d\u00e8s l\u2019\u00e9poque du fondateur comme un charisme pour des la\u00efcs aussi bien que pour des religieuses et des religieux.<\/p>\n<p>Le charisme marianiste fut m\u00eame, \u00e0 l\u2019origine, un charisme pour la\u00efcs. Les communaut\u00e9s religieuses furent cr\u00e9\u00e9es pour \u00eatre au service des groupes de la\u00efcs. La vie consacr\u00e9e devait \u00eatre \u00abun homme qui ne meure pas\u00a0\u00bb au service des groupes de la\u00efcs. C\u2019est dans cette perspective que nous devons refonder la vie religieuse marianiste.<\/p>\n<p>Depuis Vatican II, les Marianistes n&#8217;ont cess\u00e9 d&#8217;approfondir le th\u00e8me du charisme. La publication des \u00e9crits du fondateur, les \u00e9tudes sur sa personnalit\u00e9, son \u0153uvre et sa spiritualit\u00e9 ont permis d\u2019\u00e9laborer la synth\u00e8se de vie religieuse marianiste qu\u2019est la R\u00e8gle de Vie (1983).<\/p>\n<p>C\u2019est \u00e0 la lumi\u00e8re du charisme originel que les Marianistes ont peu \u00e0 peu red\u00e9fini leur mission, leur forme de vie et leur spiritualit\u00e9 dans la Famille Marianiste.<\/p>\n<p>A partir des ann\u00e9es 1980 surtout, les efforts pour redynamiser la branche la\u00efque nous ont permis d\u2019\u00e9laborer une th\u00e9ologie de la corr\u00e9lation des diff\u00e9rentes formes de vie dans la communaut\u00e9 eccl\u00e9siale.<\/p>\n<p><strong>Lire la suite sur le document WORD de 209 pages<\/strong><\/p>\n\n\n<div class=\"wp-block-file\"><a href=\"http:\/\/www.marianistes.com\/documentation\/wp-content\/uploads\/sites\/2\/2019\/05\/charisme-marianiste-amigo.docx\">charisme-marianiste-amigo<\/a><a href=\"http:\/\/www.marianistes.com\/documentation\/wp-content\/uploads\/sites\/2\/2019\/05\/charisme-marianiste-amigo.docx\" class=\"wp-block-file__button\" download>T\u00e9l\u00e9charger<\/a><\/div>\n","protected":false},"author":135,"comment_status":"closed","ping_status":"closed","template":"","format":"standard","meta":{"footnotes":""},"ht_kb_category":[114],"ht_kb_tag":[],"class_list":["post-1064","ht_kb","type-ht_kb","status-publish","format-standard","hentry","ht_kb_category-livres"],"_links":{"self":[{"href":"https:\/\/www.marianistes.com\/documentation\/wp-json\/wp\/v2\/ht_kb\/1064"}],"collection":[{"href":"https:\/\/www.marianistes.com\/documentation\/wp-json\/wp\/v2\/ht_kb"}],"about":[{"href":"https:\/\/www.marianistes.com\/documentation\/wp-json\/wp\/v2\/types\/ht_kb"}],"author":[{"embeddable":true,"href":"https:\/\/www.marianistes.com\/documentation\/wp-json\/wp\/v2\/users\/135"}],"replies":[{"embeddable":true,"href":"https:\/\/www.marianistes.com\/documentation\/wp-json\/wp\/v2\/comments?post=1064"}],"version-history":[{"count":1,"href":"https:\/\/www.marianistes.com\/documentation\/wp-json\/wp\/v2\/ht_kb\/1064\/revisions"}],"predecessor-version":[{"id":2745,"href":"https:\/\/www.marianistes.com\/documentation\/wp-json\/wp\/v2\/ht_kb\/1064\/revisions\/2745"}],"wp:attachment":[{"href":"https:\/\/www.marianistes.com\/documentation\/wp-json\/wp\/v2\/media?parent=1064"}],"wp:term":[{"taxonomy":"ht_kb_category","embeddable":true,"href":"https:\/\/www.marianistes.com\/documentation\/wp-json\/wp\/v2\/ht_kb_category?post=1064"},{"taxonomy":"ht_kb_tag","embeddable":true,"href":"https:\/\/www.marianistes.com\/documentation\/wp-json\/wp\/v2\/ht_kb_tag?post=1064"}],"curies":[{"name":"wp","href":"https:\/\/api.w.org\/{rel}","templated":true}]}}