{"id":1042,"date":"2015-11-12T15:00:23","date_gmt":"2015-11-12T14:00:23","guid":{"rendered":"http:\/\/www.marianistes.com\/documentation\/?post_type=ht_kb&#038;p=1042"},"modified":"2016-02-03T16:34:11","modified_gmt":"2016-02-03T15:34:11","slug":"marie-femme-en-mission","status":"publish","type":"ht_kb","link":"https:\/\/www.marianistes.com\/documentation\/docs\/marie-femme-en-mission\/","title":{"rendered":"Marie, femme en mission"},"content":{"rendered":"<p style=\"text-align: center;\">M\u00e8re des enfants Elle creuse et fouille tout au long de sa vie<br \/>\npour trouver de quoi nourrir ses enfants.<br \/>\nde l\u2019aube au cr\u00e9puscule,<br \/>\nElle jongle avec le peu au creux de sa main<br \/>\npour sustenter la famille qui grandit sans cesse.<\/p>\n<p style=\"text-align: center;\">Sa main, r\u00e2peuse \u00e0 force de travail,<br \/>\nlaboure un bout de terre aride<br \/>\nde la saison pluvieuse \u00e0 la saison s\u00e8che.<br \/>\nElle grappille des grains d\u2019aversion<br \/>\npour remplir des barils de bienveillance.<\/p>\n<p style=\"text-align: center;\">Ses pieds devenus rugueux au cours des longues marches<br \/>\nparcourent le chemin sans fin des combats sans nombre.<br \/>\nTout au long des jours et des nuits,<br \/>\ndans sa qu\u00eate continue d\u2019eau,<br \/>\nelle va au-del\u00e0 des collines d\u00e9nud\u00e9es.<br \/>\nEn parcourant les plaines sauvages,<br \/>\nelle songe aux hommes partis<br \/>\npour chasser le gibier.<\/p>\n<p style=\"text-align: center;\">Sa voix m\u00e9lodieuse remplit les airs<br \/>\net porte l\u2019espoir au coeur des enfants moroses.<br \/>\nFille solidaire des travailleurs,<br \/>\ndonneur de b\u00e9tail \u00e0 la ferme de ton p\u00e8re,<br \/>\nc\u2019est pour toi que les coqs chantent.<br \/>\nQuitte ta natte rugueuse<br \/>\net va affronter la duret\u00e9 de cet autre jour.<\/p>\n<p style=\"text-align: center;\">Je vois que tu donnes \u00e0 ton jeune b\u00e9b\u00e9<br \/>\nle sein qu\u2019un autre a d\u00e9j\u00e0 t\u00e9t\u00e9,<br \/>\net mes yeux se remplissent de larmes d\u2019admiration<br \/>\npour ton courage, ta d\u00e9votion,<br \/>\nton endurance face \u00e0 tant de chose p\u00e9nibles&#8212;<\/p>\n<p style=\"text-align: left;\">Lire la suite en sur le PDF<\/p>\n<p style=\"text-align: left;\"><iframe src=\"\/\/docs.google.com\/viewer?url=http%3A%2F%2Fmedia.marianistes.com%2Fmedia-mf%2Fadocs%2Fmarie-femme-mission-afrique.pdf&hl=fr&embedded=true\" class=\"gde-frame\" style=\"width:100%; height:500px; border: none;\" scrolling=\"no\"><\/iframe>\n<p class=\"gde-text\"><a href=\"http:\/\/media.marianistes.com\/media-mf\/adocs\/marie-femme-mission-afrique.pdf\" class=\"gde-link\">T\u00e9l\u00e9charger (PDF, Inconnu)<\/a><\/p><\/p>\n","protected":false},"author":3,"comment_status":"closed","ping_status":"closed","template":"","format":"standard","meta":{"footnotes":""},"ht_kb_category":[116],"ht_kb_tag":[],"class_list":["post-1042","ht_kb","type-ht_kb","status-publish","format-standard","hentry","ht_kb_category-alliance-missionnaire"],"_links":{"self":[{"href":"https:\/\/www.marianistes.com\/documentation\/wp-json\/wp\/v2\/ht_kb\/1042"}],"collection":[{"href":"https:\/\/www.marianistes.com\/documentation\/wp-json\/wp\/v2\/ht_kb"}],"about":[{"href":"https:\/\/www.marianistes.com\/documentation\/wp-json\/wp\/v2\/types\/ht_kb"}],"author":[{"embeddable":true,"href":"https:\/\/www.marianistes.com\/documentation\/wp-json\/wp\/v2\/users\/3"}],"replies":[{"embeddable":true,"href":"https:\/\/www.marianistes.com\/documentation\/wp-json\/wp\/v2\/comments?post=1042"}],"version-history":[{"count":2,"href":"https:\/\/www.marianistes.com\/documentation\/wp-json\/wp\/v2\/ht_kb\/1042\/revisions"}],"predecessor-version":[{"id":1049,"href":"https:\/\/www.marianistes.com\/documentation\/wp-json\/wp\/v2\/ht_kb\/1042\/revisions\/1049"}],"wp:attachment":[{"href":"https:\/\/www.marianistes.com\/documentation\/wp-json\/wp\/v2\/media?parent=1042"}],"wp:term":[{"taxonomy":"ht_kb_category","embeddable":true,"href":"https:\/\/www.marianistes.com\/documentation\/wp-json\/wp\/v2\/ht_kb_category?post=1042"},{"taxonomy":"ht_kb_tag","embeddable":true,"href":"https:\/\/www.marianistes.com\/documentation\/wp-json\/wp\/v2\/ht_kb_tag?post=1042"}],"curies":[{"name":"wp","href":"https:\/\/api.w.org\/{rel}","templated":true}]}}